
{"id":32040,"date":"2021-08-17T13:13:53","date_gmt":"2021-08-17T11:13:53","guid":{"rendered":"https:\/\/www.sporting-women.de\/womens-gravel-camp\/?page_id=32040"},"modified":"2025-11-10T09:47:01","modified_gmt":"2025-11-10T08:47:01","slug":"team","status":"publish","type":"page","link":"https:\/\/www.sporting-women.de\/womens-gravel-camp\/team\/","title":{"rendered":"Team"},"content":{"rendered":"\t\t<div data-elementor-type=\"wp-page\" data-elementor-id=\"32040\" class=\"elementor elementor-32040\" data-elementor-post-type=\"page\">\n\t\t\t\t\t\t<section class=\"elementor-section elementor-top-section elementor-element elementor-element-28b7f56f elementor-section-boxed elementor-section-height-default elementor-section-height-default\" data-id=\"28b7f56f\" data-element_type=\"section\" data-e-type=\"section\">\n\t\t\t\t\t\t<div class=\"elementor-container elementor-column-gap-default\">\n\t\t\t\t\t<div class=\"elementor-column elementor-col-100 elementor-top-column elementor-element elementor-element-190b3c0d\" data-id=\"190b3c0d\" data-element_type=\"column\" data-e-type=\"column\">\n\t\t\t<div class=\"elementor-widget-wrap elementor-element-populated\">\n\t\t\t\t\t\t<div class=\"elementor-element elementor-element-2819b24c elementor-widget elementor-widget-heading\" data-id=\"2819b24c\" data-element_type=\"widget\" data-e-type=\"widget\" data-widget_type=\"heading.default\">\n\t\t\t\t<div class=\"elementor-widget-container\">\n\t\t\t\t\t<h2 class=\"elementor-heading-title elementor-size-default\">Team<\/h2>\t\t\t\t<\/div>\n\t\t\t\t<\/div>\n\t\t\t\t\t<\/div>\n\t\t<\/div>\n\t\t\t\t\t<\/div>\n\t\t<\/section>\n\t\t\t\t<section class=\"elementor-section elementor-top-section elementor-element elementor-element-f0d1530 elementor-section-boxed elementor-section-height-default elementor-section-height-default\" data-id=\"f0d1530\" data-element_type=\"section\" data-e-type=\"section\">\n\t\t\t\t\t\t<div class=\"elementor-container elementor-column-gap-default\">\n\t\t\t\t\t<div class=\"elementor-column elementor-col-33 elementor-top-column elementor-element elementor-element-b188203\" data-id=\"b188203\" data-element_type=\"column\" data-e-type=\"column\" data-settings=\"{&quot;background_background&quot;:&quot;classic&quot;}\">\n\t\t\t<div class=\"elementor-widget-wrap elementor-element-populated\">\n\t\t\t\t\t\t<div class=\"elementor-element elementor-element-40a6972 elementor-widget elementor-widget-image\" data-id=\"40a6972\" data-element_type=\"widget\" data-e-type=\"widget\" data-widget_type=\"image.default\">\n\t\t\t\t<div class=\"elementor-widget-container\">\n\t\t\t\t\t\t\t\t\t\t\t\t\t\t\t<img fetchpriority=\"high\" decoding=\"async\" width=\"200\" height=\"300\" src=\"https:\/\/www.sporting-women.de\/womens-gravel-camp\/wp-content\/uploads\/sites\/19\/2024\/03\/AnneKaiser-6694-600x900-1-200x300.jpg\" class=\"attachment-medium size-medium wp-image-35274\" alt=\"\" srcset=\"https:\/\/www.sporting-women.de\/womens-gravel-camp\/wp-content\/uploads\/sites\/19\/2024\/03\/AnneKaiser-6694-600x900-1-200x300.jpg 200w, https:\/\/www.sporting-women.de\/womens-gravel-camp\/wp-content\/uploads\/sites\/19\/2024\/03\/AnneKaiser-6694-600x900-1.jpg 600w\" sizes=\"(max-width: 200px) 100vw, 200px\" \/>\t\t\t\t\t\t\t\t\t\t\t\t\t\t\t<\/div>\n\t\t\t\t<\/div>\n\t\t\t\t\t<\/div>\n\t\t<\/div>\n\t\t\t\t<div class=\"elementor-column elementor-col-66 elementor-top-column elementor-element elementor-element-f8055f1\" data-id=\"f8055f1\" data-element_type=\"column\" data-e-type=\"column\">\n\t\t\t<div class=\"elementor-widget-wrap elementor-element-populated\">\n\t\t\t\t\t\t<div class=\"elementor-element elementor-element-42814c5 elementor-widget elementor-widget-heading\" data-id=\"42814c5\" data-element_type=\"widget\" data-e-type=\"widget\" data-widget_type=\"heading.default\">\n\t\t\t\t<div class=\"elementor-widget-container\">\n\t\t\t\t\t<h3 class=\"elementor-heading-title elementor-size-default\">Stefanie Spies<\/h3>\t\t\t\t<\/div>\n\t\t\t\t<\/div>\n\t\t\t\t<div class=\"elementor-element elementor-element-3bf9cee elementor-widget elementor-widget-text-editor\" data-id=\"3bf9cee\" data-element_type=\"widget\" data-e-type=\"widget\" data-widget_type=\"text-editor.default\">\n\t\t\t\t<div class=\"elementor-widget-container\">\n\t\t\t\t\t\t\t\t\t<p><strong>Projektleitung<\/strong><\/p>\t\t\t\t\t\t\t\t<\/div>\n\t\t\t\t<\/div>\n\t\t\t\t<div class=\"elementor-element elementor-element-43cd7b6 elementor-widget elementor-widget-text-editor\" data-id=\"43cd7b6\" data-element_type=\"widget\" data-e-type=\"widget\" data-widget_type=\"text-editor.default\">\n\t\t\t\t<div class=\"elementor-widget-container\">\n\t\t\t\t\t\t\t\t\t<p>Stefanie Spies ist studierte Sport\u00f6konomin der Universit\u00e4t Bayreuth sowie passionierte Badmintonspielerin des TSV Freystadt (1. Bundesliga). Hier betreut sie auch als C-Trainerin den jugendlichen Nachwuchs. Nach vielen freiberuflichen Erfahrungen im Eventbereich sowie mehreren Praktika bei Adidas und Alpina (UVEX group ) startete sie ihre berufliche Laufbahn bei Fiedler concepts im September 2019. Gerne betreut sie auch internationale Kunden in flie\u00dfendem Englisch, dass sie w\u00e4hrend ihres Auslandssemesters in Los Angeles erweiterte. F\u00fcr die Zukunft liegt ihr eine hohe Kundenzufriedenheit bei allen zu betreuenden Events am Herzen.<\/p><p><strong>Kontakt:<\/strong><br \/>Mobil: +49 (0) 173 2915 173<br \/>E-Mail: <span style=\"color: #93ca9e;\"><a style=\"color: #93ca9e;\" href=\"mailto:stefanie.spies@fp-concepts.de\">stefanie.spies@fp-concepts.de<\/a><\/span><\/p>\t\t\t\t\t\t\t\t<\/div>\n\t\t\t\t<\/div>\n\t\t\t\t\t<\/div>\n\t\t<\/div>\n\t\t\t\t\t<\/div>\n\t\t<\/section>\n\t\t\t\t<section class=\"elementor-section elementor-top-section elementor-element elementor-element-e429721 elementor-section-boxed elementor-section-height-default elementor-section-height-default\" data-id=\"e429721\" data-element_type=\"section\" data-e-type=\"section\">\n\t\t\t\t\t\t<div class=\"elementor-container elementor-column-gap-default\">\n\t\t\t\t\t<div class=\"elementor-column elementor-col-33 elementor-top-column elementor-element elementor-element-1ce09d9\" data-id=\"1ce09d9\" data-element_type=\"column\" data-e-type=\"column\" data-settings=\"{&quot;background_background&quot;:&quot;classic&quot;}\">\n\t\t\t<div class=\"elementor-widget-wrap elementor-element-populated\">\n\t\t\t\t\t\t<div class=\"elementor-element elementor-element-705e64b elementor-widget elementor-widget-image\" data-id=\"705e64b\" data-element_type=\"widget\" data-e-type=\"widget\" data-widget_type=\"image.default\">\n\t\t\t\t<div class=\"elementor-widget-container\">\n\t\t\t\t\t\t\t\t\t\t\t\t\t\t\t<img decoding=\"async\" width=\"200\" height=\"300\" src=\"https:\/\/www.sporting-women.de\/womens-gravel-camp\/wp-content\/uploads\/sites\/19\/2024\/03\/AnneKaiser-2815-1365x2048-1-200x300.jpg\" class=\"attachment-medium size-medium wp-image-35264\" alt=\"\" srcset=\"https:\/\/www.sporting-women.de\/womens-gravel-camp\/wp-content\/uploads\/sites\/19\/2024\/03\/AnneKaiser-2815-1365x2048-1-200x300.jpg 200w, https:\/\/www.sporting-women.de\/womens-gravel-camp\/wp-content\/uploads\/sites\/19\/2024\/03\/AnneKaiser-2815-1365x2048-1-683x1024.jpg 683w, https:\/\/www.sporting-women.de\/womens-gravel-camp\/wp-content\/uploads\/sites\/19\/2024\/03\/AnneKaiser-2815-1365x2048-1-768x1152.jpg 768w, https:\/\/www.sporting-women.de\/womens-gravel-camp\/wp-content\/uploads\/sites\/19\/2024\/03\/AnneKaiser-2815-1365x2048-1-1024x1536.jpg 1024w, https:\/\/www.sporting-women.de\/womens-gravel-camp\/wp-content\/uploads\/sites\/19\/2024\/03\/AnneKaiser-2815-1365x2048-1-600x900.jpg 600w, https:\/\/www.sporting-women.de\/womens-gravel-camp\/wp-content\/uploads\/sites\/19\/2024\/03\/AnneKaiser-2815-1365x2048-1.jpg 1365w\" sizes=\"(max-width: 200px) 100vw, 200px\" \/>\t\t\t\t\t\t\t\t\t\t\t\t\t\t\t<\/div>\n\t\t\t\t<\/div>\n\t\t\t\t\t<\/div>\n\t\t<\/div>\n\t\t\t\t<div class=\"elementor-column elementor-col-66 elementor-top-column elementor-element elementor-element-836244f\" data-id=\"836244f\" data-element_type=\"column\" data-e-type=\"column\">\n\t\t\t<div class=\"elementor-widget-wrap elementor-element-populated\">\n\t\t\t\t\t\t<div class=\"elementor-element elementor-element-03a2df3 elementor-widget elementor-widget-heading\" data-id=\"03a2df3\" data-element_type=\"widget\" data-e-type=\"widget\" data-widget_type=\"heading.default\">\n\t\t\t\t<div class=\"elementor-widget-container\">\n\t\t\t\t\t<h3 class=\"elementor-heading-title elementor-size-default\">Anna Lang<\/h3>\t\t\t\t<\/div>\n\t\t\t\t<\/div>\n\t\t\t\t<div class=\"elementor-element elementor-element-4d258b5 elementor-widget elementor-widget-text-editor\" data-id=\"4d258b5\" data-element_type=\"widget\" data-e-type=\"widget\" data-widget_type=\"text-editor.default\">\n\t\t\t\t<div class=\"elementor-widget-container\">\n\t\t\t\t\t\t\t\t\t<p><strong>Teilnehmermanagement<\/strong><\/p>\t\t\t\t\t\t\t\t<\/div>\n\t\t\t\t<\/div>\n\t\t\t\t<div class=\"elementor-element elementor-element-d97cba3 elementor-widget elementor-widget-text-editor\" data-id=\"d97cba3\" data-element_type=\"widget\" data-e-type=\"widget\" data-widget_type=\"text-editor.default\">\n\t\t\t\t<div class=\"elementor-widget-container\">\n\t\t\t\t\t\t\t\t\t<p>Anna Lang hat ihren Bachelor in Betriebswirtschaft an der Hochschule Augsburg gemacht und unterst\u00fctzt seit 2023 unser Team \u2013 zuerst als Werkstudentin und seit Oktober 2024 als Junior Projektmanagerin. Vor ihrem Studium war sie jahrelang aktive Turnerin und ist nun als Trainerin f\u00fcr das Allgemeinturnen t\u00e4tig.<\/p><p><strong>Kontakt:<\/strong><br \/>Mobil: +49 (0) 173 1024 789<br \/>E-Mail: <span style=\"color: #93ca9e;\"><a style=\"color: #93ca9e;\" href=\"mailto:anna.lang@fp-concepts.de\">anna.lang@fp-concepts.de<\/a><\/span><\/p>\t\t\t\t\t\t\t\t<\/div>\n\t\t\t\t<\/div>\n\t\t\t\t\t<\/div>\n\t\t<\/div>\n\t\t\t\t\t<\/div>\n\t\t<\/section>\n\t\t\t\t<section class=\"elementor-section elementor-top-section elementor-element elementor-element-ac56b35 elementor-section-boxed elementor-section-height-default elementor-section-height-default\" data-id=\"ac56b35\" data-element_type=\"section\" data-e-type=\"section\">\n\t\t\t\t\t\t<div class=\"elementor-container elementor-column-gap-default\">\n\t\t\t\t\t<div class=\"elementor-column elementor-col-33 elementor-top-column elementor-element elementor-element-3efcff6\" data-id=\"3efcff6\" data-element_type=\"column\" data-e-type=\"column\" data-settings=\"{&quot;background_background&quot;:&quot;classic&quot;}\">\n\t\t\t<div class=\"elementor-widget-wrap elementor-element-populated\">\n\t\t\t\t\t\t<div class=\"elementor-element elementor-element-320099d elementor-widget elementor-widget-image\" data-id=\"320099d\" data-element_type=\"widget\" data-e-type=\"widget\" data-widget_type=\"image.default\">\n\t\t\t\t<div class=\"elementor-widget-container\">\n\t\t\t\t\t\t\t\t\t\t\t\t\t\t\t<img decoding=\"async\" width=\"200\" height=\"300\" src=\"https:\/\/www.sporting-women.de\/womens-gravel-camp\/wp-content\/uploads\/sites\/19\/2021\/09\/Moni-Fiedler_web.jpg\" class=\"attachment-medium size-medium wp-image-977\" alt=\"Monika Fiedler\" \/>\t\t\t\t\t\t\t\t\t\t\t\t\t\t\t<\/div>\n\t\t\t\t<\/div>\n\t\t\t\t\t<\/div>\n\t\t<\/div>\n\t\t\t\t<div class=\"elementor-column elementor-col-66 elementor-top-column elementor-element elementor-element-eb97f6e\" data-id=\"eb97f6e\" data-element_type=\"column\" data-e-type=\"column\">\n\t\t\t<div class=\"elementor-widget-wrap elementor-element-populated\">\n\t\t\t\t\t\t<div class=\"elementor-element elementor-element-abe470c elementor-widget elementor-widget-heading\" data-id=\"abe470c\" data-element_type=\"widget\" data-e-type=\"widget\" data-widget_type=\"heading.default\">\n\t\t\t\t<div class=\"elementor-widget-container\">\n\t\t\t\t\t<h3 class=\"elementor-heading-title elementor-size-default\">Monika Fiedler-Proksch<\/h3>\t\t\t\t<\/div>\n\t\t\t\t<\/div>\n\t\t\t\t<div class=\"elementor-element elementor-element-b6ce048 elementor-widget elementor-widget-text-editor\" data-id=\"b6ce048\" data-element_type=\"widget\" data-e-type=\"widget\" data-widget_type=\"text-editor.default\">\n\t\t\t\t<div class=\"elementor-widget-container\">\n\t\t\t\t\t\t\t\t\t<p><strong>Sponsoren &amp; Aussteller<\/strong><\/p>\t\t\t\t\t\t\t\t<\/div>\n\t\t\t\t<\/div>\n\t\t\t\t<div class=\"elementor-element elementor-element-032ee6b elementor-widget elementor-widget-text-editor\" data-id=\"032ee6b\" data-element_type=\"widget\" data-e-type=\"widget\" data-widget_type=\"text-editor.default\">\n\t\t\t\t<div class=\"elementor-widget-container\">\n\t\t\t\t\t\t\t\t\t<p>Monika Fiedler-Proksch ist Diplom Betriebswirtin, Marathonl\u00e4uferin und Triathletin mit Herz und Seele. Dreizehn Jahre war die Marketing- und Eventexpertin im Verlagswesen t\u00e4tig. Unter anderem beim Vogel Verlag W\u00fcrzburg, beim Callwey Verlag M\u00fcnchen, bei der Computerwoche und der PC-Welt sowie bei der Motor Presse Stuttgart. Hier betreute sie Kunden und Agenturen aus den Branchen Mode, Lifestyle, Sport, Freizeit, Food, Pharma, dem Banken- und Versicherungswesen.<\/p><p><strong>Kontakt:<\/strong><br \/>Mobil:\u00a0+49 (0)176 24 96 93 45<br \/>E-Mail: <a href=\"mailto:monika.fiedler@fp-concepts.de\"><span style=\"color: #009dae;\"><span style=\"color: #80ba27;\"><span style=\"color: #93ca9e;\">monika.fiedler@fp-concepts.de<\/span><\/span><\/span><\/a><\/p>\t\t\t\t\t\t\t\t<\/div>\n\t\t\t\t<\/div>\n\t\t\t\t\t<\/div>\n\t\t<\/div>\n\t\t\t\t\t<\/div>\n\t\t<\/section>\n\t\t\t\t<section class=\"elementor-section elementor-top-section elementor-element elementor-element-40f10fe elementor-section-boxed elementor-section-height-default elementor-section-height-default\" data-id=\"40f10fe\" data-element_type=\"section\" data-e-type=\"section\">\n\t\t\t\t\t\t<div class=\"elementor-container elementor-column-gap-default\">\n\t\t\t\t\t<div class=\"elementor-column elementor-col-100 elementor-top-column elementor-element elementor-element-47f3959\" data-id=\"47f3959\" data-element_type=\"column\" data-e-type=\"column\">\n\t\t\t<div class=\"elementor-widget-wrap elementor-element-populated\">\n\t\t\t\t\t\t<div class=\"elementor-element elementor-element-135c99a elementor-widget elementor-widget-spacer\" data-id=\"135c99a\" data-element_type=\"widget\" data-e-type=\"widget\" data-widget_type=\"spacer.default\">\n\t\t\t\t<div class=\"elementor-widget-container\">\n\t\t\t\t\t\t\t<div class=\"elementor-spacer\">\n\t\t\t<div class=\"elementor-spacer-inner\"><\/div>\n\t\t<\/div>\n\t\t\t\t\t\t<\/div>\n\t\t\t\t<\/div>\n\t\t\t\t\t<\/div>\n\t\t<\/div>\n\t\t\t\t\t<\/div>\n\t\t<\/section>\n\t\t\t\t<\/div>\n\t\t","protected":false},"excerpt":{"rendered":"<p>Team Stefanie Spies Projektleitung Stefanie Spies ist studierte Sport\u00f6konomin der Universit\u00e4t Bayreuth sowie passionierte Badmintonspielerin des TSV Freystadt (1. Bundesliga). Hier betreut sie auch als C-Trainerin den jugendlichen Nachwuchs. Nach vielen freiberuflichen Erfahrungen im Eventbereich sowie mehreren Praktika bei Adidas und Alpina (UVEX group ) startete sie ihre berufliche Laufbahn bei Fiedler concepts im September [&hellip;]<\/p>\n","protected":false},"author":2,"featured_media":0,"parent":0,"menu_order":0,"comment_status":"closed","ping_status":"closed","template":"","meta":{"_acf_changed":false,"footnotes":""},"class_list":["post-32040","page","type-page","status-publish","hentry"],"acf":[],"_links":{"self":[{"href":"https:\/\/www.sporting-women.de\/womens-gravel-camp\/wp-json\/wp\/v2\/pages\/32040","targetHints":{"allow":["GET"]}}],"collection":[{"href":"https:\/\/www.sporting-women.de\/womens-gravel-camp\/wp-json\/wp\/v2\/pages"}],"about":[{"href":"https:\/\/www.sporting-women.de\/womens-gravel-camp\/wp-json\/wp\/v2\/types\/page"}],"author":[{"embeddable":true,"href":"https:\/\/www.sporting-women.de\/womens-gravel-camp\/wp-json\/wp\/v2\/users\/2"}],"replies":[{"embeddable":true,"href":"https:\/\/www.sporting-women.de\/womens-gravel-camp\/wp-json\/wp\/v2\/comments?post=32040"}],"version-history":[{"count":0,"href":"https:\/\/www.sporting-women.de\/womens-gravel-camp\/wp-json\/wp\/v2\/pages\/32040\/revisions"}],"wp:attachment":[{"href":"https:\/\/www.sporting-women.de\/womens-gravel-camp\/wp-json\/wp\/v2\/media?parent=32040"}],"curies":[{"name":"wp","href":"https:\/\/api.w.org\/{rel}","templated":true}]}}