
{"id":32040,"date":"2021-08-17T13:13:53","date_gmt":"2021-08-17T11:13:53","guid":{"rendered":"https:\/\/www.sporting-women.de\/womens-langlauf-camp\/?page_id=32040"},"modified":"2025-07-29T13:38:35","modified_gmt":"2025-07-29T11:38:35","slug":"team","status":"publish","type":"page","link":"https:\/\/www.sporting-women.de\/womens-langlauf-camp\/team\/","title":{"rendered":"Kontakt"},"content":{"rendered":"\t\t<div data-elementor-type=\"wp-page\" data-elementor-id=\"32040\" class=\"elementor elementor-32040\" data-elementor-post-type=\"page\">\n\t\t\t\t\t\t<section class=\"elementor-section elementor-top-section elementor-element elementor-element-28b7f56f elementor-section-boxed elementor-section-height-default elementor-section-height-default\" data-id=\"28b7f56f\" data-element_type=\"section\" data-e-type=\"section\">\n\t\t\t\t\t\t<div class=\"elementor-container elementor-column-gap-default\">\n\t\t\t\t\t<div class=\"elementor-column elementor-col-100 elementor-top-column elementor-element elementor-element-190b3c0d\" data-id=\"190b3c0d\" data-element_type=\"column\" data-e-type=\"column\">\n\t\t\t<div class=\"elementor-widget-wrap elementor-element-populated\">\n\t\t\t\t\t\t<div class=\"elementor-element elementor-element-2819b24c elementor-widget elementor-widget-heading\" data-id=\"2819b24c\" data-element_type=\"widget\" data-e-type=\"widget\" data-widget_type=\"heading.default\">\n\t\t\t\t<div class=\"elementor-widget-container\">\n\t\t\t\t\t<h2 class=\"elementor-heading-title elementor-size-default\">Team<\/h2>\t\t\t\t<\/div>\n\t\t\t\t<\/div>\n\t\t\t\t<div class=\"elementor-element elementor-element-8df96f9 elementor-widget elementor-widget-text-editor\" data-id=\"8df96f9\" data-element_type=\"widget\" data-e-type=\"widget\" data-widget_type=\"text-editor.default\">\n\t\t\t\t<div class=\"elementor-widget-container\">\n\t\t\t\t\t\t\t\t\t<p>Das fiedler &amp; peter concepts Team und unsere Guides freuen sich auf drei gro\u00dfartige Langlaufcamps mit euch!<\/p>\t\t\t\t\t\t\t\t<\/div>\n\t\t\t\t<\/div>\n\t\t\t\t\t<\/div>\n\t\t<\/div>\n\t\t\t\t\t<\/div>\n\t\t<\/section>\n\t\t\t\t<section class=\"elementor-section elementor-top-section elementor-element elementor-element-bbd1429 elementor-section-boxed elementor-section-height-default elementor-section-height-default\" data-id=\"bbd1429\" data-element_type=\"section\" data-e-type=\"section\">\n\t\t\t\t\t\t<div class=\"elementor-container elementor-column-gap-default\">\n\t\t\t\t\t<div class=\"elementor-column elementor-col-33 elementor-top-column elementor-element elementor-element-ccb43a6\" data-id=\"ccb43a6\" data-element_type=\"column\" data-e-type=\"column\" data-settings=\"{&quot;background_background&quot;:&quot;classic&quot;}\">\n\t\t\t<div class=\"elementor-widget-wrap elementor-element-populated\">\n\t\t\t\t\t\t<div class=\"elementor-element elementor-element-20dadd4 elementor-widget elementor-widget-image\" data-id=\"20dadd4\" data-element_type=\"widget\" data-e-type=\"widget\" data-widget_type=\"image.default\">\n\t\t\t\t<div class=\"elementor-widget-container\">\n\t\t\t\t\t\t\t\t\t\t\t\t\t\t\t<img fetchpriority=\"high\" decoding=\"async\" width=\"200\" height=\"300\" src=\"https:\/\/www.sporting-women.de\/womens-langlauf-camp\/wp-content\/uploads\/sites\/9\/2025\/07\/4-200x300.png\" class=\"attachment-medium size-medium wp-image-38022\" alt=\"\" srcset=\"https:\/\/www.sporting-women.de\/womens-langlauf-camp\/wp-content\/uploads\/sites\/9\/2025\/07\/4-200x300.png 200w, https:\/\/www.sporting-women.de\/womens-langlauf-camp\/wp-content\/uploads\/sites\/9\/2025\/07\/4-683x1024.png 683w, https:\/\/www.sporting-women.de\/womens-langlauf-camp\/wp-content\/uploads\/sites\/9\/2025\/07\/4-768x1152.png 768w, https:\/\/www.sporting-women.de\/womens-langlauf-camp\/wp-content\/uploads\/sites\/9\/2025\/07\/4-1024x1536.png 1024w, https:\/\/www.sporting-women.de\/womens-langlauf-camp\/wp-content\/uploads\/sites\/9\/2025\/07\/4-600x900.png 600w, https:\/\/www.sporting-women.de\/womens-langlauf-camp\/wp-content\/uploads\/sites\/9\/2025\/07\/4.png 1365w\" sizes=\"(max-width: 200px) 100vw, 200px\" \/>\t\t\t\t\t\t\t\t\t\t\t\t\t\t\t<\/div>\n\t\t\t\t<\/div>\n\t\t\t\t\t<\/div>\n\t\t<\/div>\n\t\t\t\t<div class=\"elementor-column elementor-col-66 elementor-top-column elementor-element elementor-element-9f56557\" data-id=\"9f56557\" data-element_type=\"column\" data-e-type=\"column\">\n\t\t\t<div class=\"elementor-widget-wrap elementor-element-populated\">\n\t\t\t\t\t\t<div class=\"elementor-element elementor-element-1904943 elementor-widget elementor-widget-heading\" data-id=\"1904943\" data-element_type=\"widget\" data-e-type=\"widget\" data-widget_type=\"heading.default\">\n\t\t\t\t<div class=\"elementor-widget-container\">\n\t\t\t\t\t<h3 class=\"elementor-heading-title elementor-size-default\">Anna Lang<\/h3>\t\t\t\t<\/div>\n\t\t\t\t<\/div>\n\t\t\t\t<div class=\"elementor-element elementor-element-472015a elementor-widget elementor-widget-text-editor\" data-id=\"472015a\" data-element_type=\"widget\" data-e-type=\"widget\" data-widget_type=\"text-editor.default\">\n\t\t\t\t<div class=\"elementor-widget-container\">\n\t\t\t\t\t\t\t\t\t<p><strong>Teilnehmermanagement<\/strong><\/p>\t\t\t\t\t\t\t\t<\/div>\n\t\t\t\t<\/div>\n\t\t\t\t<div class=\"elementor-element elementor-element-03ebb28 elementor-widget elementor-widget-text-editor\" data-id=\"03ebb28\" data-element_type=\"widget\" data-e-type=\"widget\" data-widget_type=\"text-editor.default\">\n\t\t\t\t<div class=\"elementor-widget-container\">\n\t\t\t\t\t\t\t\t\t<p>Anna Lang hat ihren Bachelor in Betriebswirtschaft an der Hochschule Augsburg gemacht und unterst\u00fctzt seit 2023 unser Team \u2013 zuerst als Werkstudentin und seit Oktober 2024 als Junior Projektmanagerin. Vor ihrem Studium war sie jahrelang aktive Turnerin und ist nun als Trainerin f\u00fcr das Allgemeinturnen t\u00e4tig.<\/p><p><strong>Kontakt:<\/strong><br \/>Mobil: +49 (0) 173 1024 789<br \/>E-Mail: <span style=\"color: #93ca9e;\"><a style=\"color: #93ca9e;\" href=\"mailto:anna.lang@fp-concepts.de\"><span style=\"color: #99c3dd;\">anna.lang@fp-concepts.de<\/span><\/a><\/span><\/p>\t\t\t\t\t\t\t\t<\/div>\n\t\t\t\t<\/div>\n\t\t\t\t\t<\/div>\n\t\t<\/div>\n\t\t\t\t\t<\/div>\n\t\t<\/section>\n\t\t\t\t<section class=\"elementor-section elementor-top-section elementor-element elementor-element-e429721 elementor-section-boxed elementor-section-height-default elementor-section-height-default\" data-id=\"e429721\" data-element_type=\"section\" data-e-type=\"section\">\n\t\t\t\t\t\t<div class=\"elementor-container elementor-column-gap-default\">\n\t\t\t\t\t<div class=\"elementor-column elementor-col-33 elementor-top-column elementor-element elementor-element-1ce09d9\" data-id=\"1ce09d9\" data-element_type=\"column\" data-e-type=\"column\" data-settings=\"{&quot;background_background&quot;:&quot;classic&quot;}\">\n\t\t\t<div class=\"elementor-widget-wrap elementor-element-populated\">\n\t\t\t\t\t\t<div class=\"elementor-element elementor-element-705e64b elementor-widget elementor-widget-image\" data-id=\"705e64b\" data-element_type=\"widget\" data-e-type=\"widget\" data-widget_type=\"image.default\">\n\t\t\t\t<div class=\"elementor-widget-container\">\n\t\t\t\t\t\t\t\t\t\t\t\t\t\t\t<img decoding=\"async\" width=\"200\" height=\"300\" data-src=\"https:\/\/www.sporting-women.de\/womens-langlauf-camp\/wp-content\/uploads\/sites\/9\/2025\/07\/7-200x300.png\" class=\"attachment-medium size-medium wp-image-38023 lazyload\" alt=\"\" data-srcset=\"https:\/\/www.sporting-women.de\/womens-langlauf-camp\/wp-content\/uploads\/sites\/9\/2025\/07\/7-200x300.png 200w, https:\/\/www.sporting-women.de\/womens-langlauf-camp\/wp-content\/uploads\/sites\/9\/2025\/07\/7-683x1024.png 683w, https:\/\/www.sporting-women.de\/womens-langlauf-camp\/wp-content\/uploads\/sites\/9\/2025\/07\/7-768x1152.png 768w, https:\/\/www.sporting-women.de\/womens-langlauf-camp\/wp-content\/uploads\/sites\/9\/2025\/07\/7-1024x1536.png 1024w, https:\/\/www.sporting-women.de\/womens-langlauf-camp\/wp-content\/uploads\/sites\/9\/2025\/07\/7-600x900.png 600w, https:\/\/www.sporting-women.de\/womens-langlauf-camp\/wp-content\/uploads\/sites\/9\/2025\/07\/7.png 1365w\" data-sizes=\"(max-width: 200px) 100vw, 200px\" src=\"data:image\/svg+xml;base64,PHN2ZyB3aWR0aD0iMSIgaGVpZ2h0PSIxIiB4bWxucz0iaHR0cDovL3d3dy53My5vcmcvMjAwMC9zdmciPjwvc3ZnPg==\" style=\"--smush-placeholder-width: 200px; --smush-placeholder-aspect-ratio: 200\/300;\" \/>\t\t\t\t\t\t\t\t\t\t\t\t\t\t\t<\/div>\n\t\t\t\t<\/div>\n\t\t\t\t\t<\/div>\n\t\t<\/div>\n\t\t\t\t<div class=\"elementor-column elementor-col-66 elementor-top-column elementor-element elementor-element-836244f\" data-id=\"836244f\" data-element_type=\"column\" data-e-type=\"column\">\n\t\t\t<div class=\"elementor-widget-wrap elementor-element-populated\">\n\t\t\t\t\t\t<div class=\"elementor-element elementor-element-03a2df3 elementor-widget elementor-widget-heading\" data-id=\"03a2df3\" data-element_type=\"widget\" data-e-type=\"widget\" data-widget_type=\"heading.default\">\n\t\t\t\t<div class=\"elementor-widget-container\">\n\t\t\t\t\t<h3 class=\"elementor-heading-title elementor-size-default\">Jessica Peter<\/h3>\t\t\t\t<\/div>\n\t\t\t\t<\/div>\n\t\t\t\t<div class=\"elementor-element elementor-element-4d258b5 elementor-widget elementor-widget-text-editor\" data-id=\"4d258b5\" data-element_type=\"widget\" data-e-type=\"widget\" data-widget_type=\"text-editor.default\">\n\t\t\t\t<div class=\"elementor-widget-container\">\n\t\t\t\t\t\t\t\t\t<p><strong>Projektleitung<\/strong><\/p>\t\t\t\t\t\t\t\t<\/div>\n\t\t\t\t<\/div>\n\t\t\t\t<div class=\"elementor-element elementor-element-d97cba3 elementor-widget elementor-widget-text-editor\" data-id=\"d97cba3\" data-element_type=\"widget\" data-e-type=\"widget\" data-widget_type=\"text-editor.default\">\n\t\t\t\t<div class=\"elementor-widget-container\">\n\t\t\t\t\t\t\t\t\t<p>Jessica Peter ist Diplom Betriebswirtin, im Ruhrgebiet geboren und mag gro\u00dfe Berge \u2013 sowohl die in S\u00fcd-Afrika, als auch die Alpen. Nach ihrem Tourismus-Studium und einem Auslandsaufenthalt in London und Kapstadt, spezialisierte sie sich auf die Event- und Marketingbranche. Dabei liebt sie die Planung und Organisation von Events \u2013 von der Idee, \u00fcber das Konzept bis hin zum Management der kompletten Veranstaltung, egal ob live oder digital.<\/p><p><strong>Kontakt:<\/strong><br \/>Mobil: +49 (0)160 96 26 83 40<br \/>E-Mail:<span style=\"color: #99c3dd;\"> <a style=\"color: #99c3dd;\" href=\"mailto:jessica.peter@fp-concepts.de\">jessica.peter@fp-concepts.de<\/a><\/span><\/p>\t\t\t\t\t\t\t\t<\/div>\n\t\t\t\t<\/div>\n\t\t\t\t<div class=\"elementor-element elementor-element-64ac196 elementor-widget elementor-widget-spacer\" data-id=\"64ac196\" data-element_type=\"widget\" data-e-type=\"widget\" data-widget_type=\"spacer.default\">\n\t\t\t\t<div class=\"elementor-widget-container\">\n\t\t\t\t\t\t\t<div class=\"elementor-spacer\">\n\t\t\t<div class=\"elementor-spacer-inner\"><\/div>\n\t\t<\/div>\n\t\t\t\t\t\t<\/div>\n\t\t\t\t<\/div>\n\t\t\t\t\t<\/div>\n\t\t<\/div>\n\t\t\t\t\t<\/div>\n\t\t<\/section>\n\t\t\t\t<section class=\"elementor-section elementor-top-section elementor-element elementor-element-ac56b35 elementor-section-boxed elementor-section-height-default elementor-section-height-default\" data-id=\"ac56b35\" data-element_type=\"section\" data-e-type=\"section\" data-settings=\"{&quot;background_background&quot;:&quot;classic&quot;}\">\n\t\t\t\t\t\t<div class=\"elementor-container elementor-column-gap-default\">\n\t\t\t\t\t<div class=\"elementor-column elementor-col-33 elementor-top-column elementor-element elementor-element-3efcff6\" data-id=\"3efcff6\" data-element_type=\"column\" data-e-type=\"column\" data-settings=\"{&quot;background_background&quot;:&quot;classic&quot;}\">\n\t\t\t<div class=\"elementor-widget-wrap elementor-element-populated\">\n\t\t\t\t\t\t<div class=\"elementor-element elementor-element-320099d elementor-widget elementor-widget-image\" data-id=\"320099d\" data-element_type=\"widget\" data-e-type=\"widget\" data-widget_type=\"image.default\">\n\t\t\t\t<div class=\"elementor-widget-container\">\n\t\t\t\t\t\t\t\t\t\t\t\t\t\t\t<img decoding=\"async\" width=\"200\" height=\"300\" data-src=\"https:\/\/www.sporting-women.de\/womens-langlauf-camp\/wp-content\/uploads\/sites\/9\/2025\/07\/2-200x300.png\" class=\"attachment-medium size-medium wp-image-38021 lazyload\" alt=\"\" data-srcset=\"https:\/\/www.sporting-women.de\/womens-langlauf-camp\/wp-content\/uploads\/sites\/9\/2025\/07\/2-200x300.png 200w, https:\/\/www.sporting-women.de\/womens-langlauf-camp\/wp-content\/uploads\/sites\/9\/2025\/07\/2-683x1024.png 683w, https:\/\/www.sporting-women.de\/womens-langlauf-camp\/wp-content\/uploads\/sites\/9\/2025\/07\/2-768x1152.png 768w, https:\/\/www.sporting-women.de\/womens-langlauf-camp\/wp-content\/uploads\/sites\/9\/2025\/07\/2-1024x1536.png 1024w, https:\/\/www.sporting-women.de\/womens-langlauf-camp\/wp-content\/uploads\/sites\/9\/2025\/07\/2-600x900.png 600w, https:\/\/www.sporting-women.de\/womens-langlauf-camp\/wp-content\/uploads\/sites\/9\/2025\/07\/2.png 1365w\" data-sizes=\"(max-width: 200px) 100vw, 200px\" src=\"data:image\/svg+xml;base64,PHN2ZyB3aWR0aD0iMSIgaGVpZ2h0PSIxIiB4bWxucz0iaHR0cDovL3d3dy53My5vcmcvMjAwMC9zdmciPjwvc3ZnPg==\" style=\"--smush-placeholder-width: 200px; --smush-placeholder-aspect-ratio: 200\/300;\" \/>\t\t\t\t\t\t\t\t\t\t\t\t\t\t\t<\/div>\n\t\t\t\t<\/div>\n\t\t\t\t\t<\/div>\n\t\t<\/div>\n\t\t\t\t<div class=\"elementor-column elementor-col-66 elementor-top-column elementor-element elementor-element-eb97f6e\" data-id=\"eb97f6e\" data-element_type=\"column\" data-e-type=\"column\">\n\t\t\t<div class=\"elementor-widget-wrap elementor-element-populated\">\n\t\t\t\t\t\t<div class=\"elementor-element elementor-element-abe470c elementor-widget elementor-widget-heading\" data-id=\"abe470c\" data-element_type=\"widget\" data-e-type=\"widget\" data-widget_type=\"heading.default\">\n\t\t\t\t<div class=\"elementor-widget-container\">\n\t\t\t\t\t<h3 class=\"elementor-heading-title elementor-size-default\">Monika Fiedler-Proksch<\/h3>\t\t\t\t<\/div>\n\t\t\t\t<\/div>\n\t\t\t\t<div class=\"elementor-element elementor-element-b6ce048 elementor-widget elementor-widget-text-editor\" data-id=\"b6ce048\" data-element_type=\"widget\" data-e-type=\"widget\" data-widget_type=\"text-editor.default\">\n\t\t\t\t<div class=\"elementor-widget-container\">\n\t\t\t\t\t\t\t\t\t<p><strong>Sponsoren &amp; Aussteller<\/strong><\/p>\t\t\t\t\t\t\t\t<\/div>\n\t\t\t\t<\/div>\n\t\t\t\t<div class=\"elementor-element elementor-element-032ee6b elementor-widget elementor-widget-text-editor\" data-id=\"032ee6b\" data-element_type=\"widget\" data-e-type=\"widget\" data-widget_type=\"text-editor.default\">\n\t\t\t\t<div class=\"elementor-widget-container\">\n\t\t\t\t\t\t\t\t\t<p>Monika Fiedler-Proksch ist Diplom Betriebswirtin, Marathonl\u00e4uferin und Triathletin mit Herz und Seele. Dreizehn Jahre war die Marketing- und Eventexpertin im Verlagswesen t\u00e4tig. Unter anderem beim Vogel Verlag W\u00fcrzburg, beim Callwey Verlag M\u00fcnchen, bei der Computerwoche und der PC-Welt sowie bei der Motor Presse Stuttgart. Hier betreute sie Kunden und Agenturen aus den Branchen Mode, Lifestyle, Sport, Freizeit, Food, Pharma, dem Banken- und Versicherungswesen.<\/p><p><strong>Kontakt:<\/strong><br \/>Mobil:\u00a0+49 (0)176 24 96 93 45<br \/>E-Mail: <span style=\"color: #99c3dd;\"><a style=\"color: #99c3dd;\" href=\"mailto:monika.fiedler@fp-concepts.de\">monika.fiedler@fp-concepts.de<\/a><\/span><\/p>\t\t\t\t\t\t\t\t<\/div>\n\t\t\t\t<\/div>\n\t\t\t\t\t<\/div>\n\t\t<\/div>\n\t\t\t\t\t<\/div>\n\t\t<\/section>\n\t\t\t\t<section class=\"elementor-section elementor-top-section elementor-element elementor-element-c91ecca elementor-section-boxed elementor-section-height-default elementor-section-height-default\" data-id=\"c91ecca\" data-element_type=\"section\" data-e-type=\"section\">\n\t\t\t\t\t\t<div class=\"elementor-container elementor-column-gap-default\">\n\t\t\t\t\t<div class=\"elementor-column elementor-col-100 elementor-top-column elementor-element elementor-element-af7e3e0\" data-id=\"af7e3e0\" data-element_type=\"column\" data-e-type=\"column\">\n\t\t\t<div class=\"elementor-widget-wrap elementor-element-populated\">\n\t\t\t\t\t\t<div class=\"elementor-element elementor-element-9e21747 elementor-widget elementor-widget-spacer\" data-id=\"9e21747\" data-element_type=\"widget\" data-e-type=\"widget\" data-widget_type=\"spacer.default\">\n\t\t\t\t<div class=\"elementor-widget-container\">\n\t\t\t\t\t\t\t<div class=\"elementor-spacer\">\n\t\t\t<div class=\"elementor-spacer-inner\"><\/div>\n\t\t<\/div>\n\t\t\t\t\t\t<\/div>\n\t\t\t\t<\/div>\n\t\t\t\t\t<\/div>\n\t\t<\/div>\n\t\t\t\t\t<\/div>\n\t\t<\/section>\n\t\t\t\t<\/div>\n\t\t","protected":false},"excerpt":{"rendered":"<p>Team Das fiedler &amp; peter concepts Team und unsere Guides freuen sich auf drei gro\u00dfartige Langlaufcamps mit euch! Anna Lang Teilnehmermanagement Anna Lang hat ihren Bachelor in Betriebswirtschaft an der Hochschule Augsburg gemacht und unterst\u00fctzt seit 2023 unser Team \u2013 zuerst als Werkstudentin und seit Oktober 2024 als Junior Projektmanagerin. Vor ihrem Studium war sie [&hellip;]<\/p>\n","protected":false},"author":2,"featured_media":0,"parent":0,"menu_order":0,"comment_status":"closed","ping_status":"closed","template":"","meta":{"_acf_changed":false,"_exactmetrics_skip_tracking":false,"_exactmetrics_sitenote_active":false,"_exactmetrics_sitenote_note":"","_exactmetrics_sitenote_category":0,"footnotes":""},"class_list":["post-32040","page","type-page","status-publish","hentry"],"acf":[],"_links":{"self":[{"href":"https:\/\/www.sporting-women.de\/womens-langlauf-camp\/wp-json\/wp\/v2\/pages\/32040","targetHints":{"allow":["GET"]}}],"collection":[{"href":"https:\/\/www.sporting-women.de\/womens-langlauf-camp\/wp-json\/wp\/v2\/pages"}],"about":[{"href":"https:\/\/www.sporting-women.de\/womens-langlauf-camp\/wp-json\/wp\/v2\/types\/page"}],"author":[{"embeddable":true,"href":"https:\/\/www.sporting-women.de\/womens-langlauf-camp\/wp-json\/wp\/v2\/users\/2"}],"replies":[{"embeddable":true,"href":"https:\/\/www.sporting-women.de\/womens-langlauf-camp\/wp-json\/wp\/v2\/comments?post=32040"}],"version-history":[{"count":0,"href":"https:\/\/www.sporting-women.de\/womens-langlauf-camp\/wp-json\/wp\/v2\/pages\/32040\/revisions"}],"wp:attachment":[{"href":"https:\/\/www.sporting-women.de\/womens-langlauf-camp\/wp-json\/wp\/v2\/media?parent=32040"}],"curies":[{"name":"wp","href":"https:\/\/api.w.org\/{rel}","templated":true}]}}