
{"id":34136,"date":"2016-06-08T08:56:18","date_gmt":"2016-06-08T06:56:18","guid":{"rendered":"https:\/\/www.sporting-women.de\/womens-outdoor-community-camp\/?page_id=34136"},"modified":"2026-04-16T12:18:36","modified_gmt":"2026-04-16T10:18:36","slug":"outdoor-camp","status":"publish","type":"page","link":"https:\/\/www.sporting-women.de\/womens-outdoor-camp\/","title":{"rendered":"Women&#8217;s Outdoor Camp"},"content":{"rendered":"\t\t<div data-elementor-type=\"wp-page\" data-elementor-id=\"34136\" class=\"elementor elementor-34136\" data-elementor-post-type=\"page\">\n\t\t\t\t\t\t<section class=\"elementor-section elementor-top-section elementor-element elementor-element-7f4a2f1 elementor-section-boxed elementor-section-height-default elementor-section-height-default\" data-id=\"7f4a2f1\" data-element_type=\"section\" data-e-type=\"section\" data-settings=\"{&quot;background_background&quot;:&quot;classic&quot;,&quot;background_motion_fx_motion_fx_scrolling&quot;:&quot;yes&quot;,&quot;background_motion_fx_translateY_effect&quot;:&quot;yes&quot;,&quot;background_motion_fx_translateY_speed&quot;:{&quot;unit&quot;:&quot;px&quot;,&quot;size&quot;:&quot;8&quot;,&quot;sizes&quot;:[]},&quot;background_motion_fx_translateY_affectedRange&quot;:{&quot;unit&quot;:&quot;%&quot;,&quot;size&quot;:&quot;&quot;,&quot;sizes&quot;:{&quot;start&quot;:&quot;29&quot;,&quot;end&quot;:&quot;68&quot;}},&quot;background_motion_fx_range&quot;:&quot;page&quot;,&quot;background_motion_fx_devices&quot;:[&quot;desktop&quot;,&quot;tablet&quot;,&quot;mobile&quot;]}\">\n\t\t\t\t\t\t<div class=\"elementor-container elementor-column-gap-default\">\n\t\t\t\t\t<div class=\"elementor-column elementor-col-100 elementor-top-column elementor-element elementor-element-7cf3978\" data-id=\"7cf3978\" data-element_type=\"column\" data-e-type=\"column\" data-settings=\"{&quot;background_background&quot;:&quot;classic&quot;}\">\n\t\t\t<div class=\"elementor-widget-wrap elementor-element-populated\">\n\t\t\t\t\t\t<div class=\"elementor-element elementor-element-2fd5b99 elementor-widget elementor-widget-spacer\" data-id=\"2fd5b99\" data-element_type=\"widget\" data-e-type=\"widget\" data-widget_type=\"spacer.default\">\n\t\t\t\t<div class=\"elementor-widget-container\">\n\t\t\t\t\t\t\t<div class=\"elementor-spacer\">\n\t\t\t<div class=\"elementor-spacer-inner\"><\/div>\n\t\t<\/div>\n\t\t\t\t\t\t<\/div>\n\t\t\t\t<\/div>\n\t\t\t\t<div class=\"elementor-element elementor-element-f44c8d0 elementor-widget__width-initial elementor-widget elementor-widget-image\" data-id=\"f44c8d0\" data-element_type=\"widget\" data-e-type=\"widget\" data-widget_type=\"image.default\">\n\t\t\t\t<div class=\"elementor-widget-container\">\n\t\t\t\t\t\t\t\t\t\t\t\t\t\t\t<img fetchpriority=\"high\" decoding=\"async\" width=\"800\" height=\"217\" src=\"https:\/\/www.sporting-women.de\/womens-outdoor-camp\/wp-content\/uploads\/sites\/22\/2025\/04\/SPRTNGWMN_Logo_Outdoor_white_ohne-1024x278.png\" class=\"attachment-large size-large wp-image-36553\" alt=\"\" srcset=\"https:\/\/www.sporting-women.de\/womens-outdoor-camp\/wp-content\/uploads\/sites\/22\/2025\/04\/SPRTNGWMN_Logo_Outdoor_white_ohne-1024x278.png 1024w, https:\/\/www.sporting-women.de\/womens-outdoor-camp\/wp-content\/uploads\/sites\/22\/2025\/04\/SPRTNGWMN_Logo_Outdoor_white_ohne-300x81.png 300w, https:\/\/www.sporting-women.de\/womens-outdoor-camp\/wp-content\/uploads\/sites\/22\/2025\/04\/SPRTNGWMN_Logo_Outdoor_white_ohne-768x208.png 768w, https:\/\/www.sporting-women.de\/womens-outdoor-camp\/wp-content\/uploads\/sites\/22\/2025\/04\/SPRTNGWMN_Logo_Outdoor_white_ohne-1536x417.png 1536w, https:\/\/www.sporting-women.de\/womens-outdoor-camp\/wp-content\/uploads\/sites\/22\/2025\/04\/SPRTNGWMN_Logo_Outdoor_white_ohne-2048x555.png 2048w, https:\/\/www.sporting-women.de\/womens-outdoor-camp\/wp-content\/uploads\/sites\/22\/2025\/04\/SPRTNGWMN_Logo_Outdoor_white_ohne-600x163.png 600w\" sizes=\"(max-width: 800px) 100vw, 800px\" \/>\t\t\t\t\t\t\t\t\t\t\t\t\t\t\t<\/div>\n\t\t\t\t<\/div>\n\t\t\t\t\t<\/div>\n\t\t<\/div>\n\t\t\t\t\t<\/div>\n\t\t<\/section>\n\t\t\t\t<section class=\"elementor-section elementor-top-section elementor-element elementor-element-f57f309 text-banner elementor-section-boxed elementor-section-height-default elementor-section-height-default\" data-id=\"f57f309\" data-element_type=\"section\" data-e-type=\"section\">\n\t\t\t\t\t\t<div class=\"elementor-container elementor-column-gap-default\">\n\t\t\t\t\t<div class=\"elementor-column elementor-col-33 elementor-top-column elementor-element elementor-element-9181cb8 elementor-hidden-phone\" data-id=\"9181cb8\" data-element_type=\"column\" data-e-type=\"column\">\n\t\t\t<div class=\"elementor-widget-wrap\">\n\t\t\t\t\t\t\t<\/div>\n\t\t<\/div>\n\t\t\t\t<div class=\"elementor-column elementor-col-33 elementor-top-column elementor-element elementor-element-7307b09\" data-id=\"7307b09\" data-element_type=\"column\" data-e-type=\"column\" data-settings=\"{&quot;background_background&quot;:&quot;classic&quot;}\">\n\t\t\t<div class=\"elementor-widget-wrap elementor-element-populated\">\n\t\t\t\t\t\t<div class=\"elementor-element elementor-element-1cc4bca elementor-widget__width-auto elementor-widget-tablet__width-inherit elementor-widget elementor-widget-heading\" data-id=\"1cc4bca\" data-element_type=\"widget\" data-e-type=\"widget\" data-widget_type=\"heading.default\">\n\t\t\t\t<div class=\"elementor-widget-container\">\n\t\t\t\t\t<h2 class=\"elementor-heading-title elementor-size-default\">Hast du Lust auf ein dreit\u00e4giges Outdoor-Abenteuer mit Trailrunning, Wandern und Camping in den Ammergauer Alpen?<\/h2>\t\t\t\t<\/div>\n\t\t\t\t<\/div>\n\t\t\t\t<div class=\"elementor-element elementor-element-c6ec39b elementor-widget elementor-widget-spacer\" data-id=\"c6ec39b\" data-element_type=\"widget\" data-e-type=\"widget\" data-widget_type=\"spacer.default\">\n\t\t\t\t<div class=\"elementor-widget-container\">\n\t\t\t\t\t\t\t<div class=\"elementor-spacer\">\n\t\t\t<div class=\"elementor-spacer-inner\"><\/div>\n\t\t<\/div>\n\t\t\t\t\t\t<\/div>\n\t\t\t\t<\/div>\n\t\t\t\t<div class=\"elementor-element elementor-element-210eab5 elementor-align-center elementor-widget__width-auto action-button elementor-widget-mobile__width-initial elementor-widget elementor-widget-button\" data-id=\"210eab5\" data-element_type=\"widget\" data-e-type=\"widget\" data-widget_type=\"button.default\">\n\t\t\t\t<div class=\"elementor-widget-container\">\n\t\t\t\t\t\t\t\t\t<div class=\"elementor-button-wrapper\">\n\t\t\t\t\t<a class=\"elementor-button elementor-button-link elementor-size-lg\" href=\"https:\/\/www.sporting-women.de\/womens-outdoor-camp\/anmeldung\/\" target=\"_blank\">\n\t\t\t\t\t\t<span class=\"elementor-button-content-wrapper\">\n\t\t\t\t\t\t\t\t\t<span class=\"elementor-button-text\">Hier geht's zur Anmeldung!<\/span>\n\t\t\t\t\t<\/span>\n\t\t\t\t\t<\/a>\n\t\t\t\t<\/div>\n\t\t\t\t\t\t\t\t<\/div>\n\t\t\t\t<\/div>\n\t\t\t\t<div class=\"elementor-element elementor-element-de2d14e elementor-widget elementor-widget-spacer\" data-id=\"de2d14e\" data-element_type=\"widget\" data-e-type=\"widget\" data-widget_type=\"spacer.default\">\n\t\t\t\t<div class=\"elementor-widget-container\">\n\t\t\t\t\t\t\t<div class=\"elementor-spacer\">\n\t\t\t<div class=\"elementor-spacer-inner\"><\/div>\n\t\t<\/div>\n\t\t\t\t\t\t<\/div>\n\t\t\t\t<\/div>\n\t\t\t\t<div class=\"elementor-element elementor-element-9fb2781 elementor-widget elementor-widget-heading\" data-id=\"9fb2781\" data-element_type=\"widget\" data-e-type=\"widget\" data-widget_type=\"heading.default\">\n\t\t\t\t<div class=\"elementor-widget-container\">\n\t\t\t\t\t<div class=\"elementor-heading-title elementor-size-default\">26. - 28. Juni 2026<\/div>\t\t\t\t<\/div>\n\t\t\t\t<\/div>\n\t\t\t\t\t<\/div>\n\t\t<\/div>\n\t\t\t\t<div class=\"elementor-column elementor-col-33 elementor-top-column elementor-element elementor-element-3a57521 elementor-hidden-phone\" data-id=\"3a57521\" data-element_type=\"column\" data-e-type=\"column\">\n\t\t\t<div class=\"elementor-widget-wrap\">\n\t\t\t\t\t\t\t<\/div>\n\t\t<\/div>\n\t\t\t\t\t<\/div>\n\t\t<\/section>\n\t\t\t\t<section class=\"elementor-section elementor-top-section elementor-element elementor-element-1630f76 elementor-section-boxed elementor-section-height-default elementor-section-height-default\" data-id=\"1630f76\" data-element_type=\"section\" data-e-type=\"section\">\n\t\t\t\t\t\t<div class=\"elementor-container elementor-column-gap-default\">\n\t\t\t\t\t<div class=\"elementor-column elementor-col-100 elementor-top-column elementor-element elementor-element-4b648c0\" data-id=\"4b648c0\" data-element_type=\"column\" data-e-type=\"column\">\n\t\t\t<div class=\"elementor-widget-wrap elementor-element-populated\">\n\t\t\t\t\t\t<div class=\"elementor-element elementor-element-4e4c170 elementor-widget elementor-widget-heading\" data-id=\"4e4c170\" data-element_type=\"widget\" data-e-type=\"widget\" data-widget_type=\"heading.default\">\n\t\t\t\t<div class=\"elementor-widget-container\">\n\t\t\t\t\t<h1 class=\"elementor-heading-title elementor-size-default\">Das Wander und Trailrunning Camp f\u00fcr Frauen: sportingWOMEN Outdoor Camp presented by LaMunt<\/h1>\t\t\t\t<\/div>\n\t\t\t\t<\/div>\n\t\t\t\t\t<\/div>\n\t\t<\/div>\n\t\t\t\t\t<\/div>\n\t\t<\/section>\n\t\t\t\t<section class=\"elementor-section elementor-top-section elementor-element elementor-element-70948f9 elementor-section-boxed elementor-section-height-default elementor-section-height-default\" data-id=\"70948f9\" data-element_type=\"section\" data-e-type=\"section\">\n\t\t\t\t\t\t<div class=\"elementor-container elementor-column-gap-default\">\n\t\t\t\t\t<div class=\"elementor-column elementor-col-100 elementor-top-column elementor-element elementor-element-83b42b4\" data-id=\"83b42b4\" data-element_type=\"column\" data-e-type=\"column\">\n\t\t\t<div class=\"elementor-widget-wrap elementor-element-populated\">\n\t\t\t\t\t\t<div class=\"elementor-element elementor-element-04d8ee7 elementor-widget elementor-widget-text-editor\" data-id=\"04d8ee7\" data-element_type=\"widget\" data-e-type=\"widget\" data-widget_type=\"text-editor.default\">\n\t\t\t\t<div class=\"elementor-widget-container\">\n\t\t\t\t\t\t\t\t\t<p class=\"whitespace-pre-wrap break-words\">Ready f\u00fcr ein Wochenende voller Trailrunning, Wandern, Camping und starker Community?<\/p><p class=\"whitespace-pre-wrap break-words\">Vom <strong>26. bis 28. Juni 2026<\/strong> treffen sich in den Ammergauer Alpen Frauen wie du! Frauen, die das Drau\u00dfensein lieben, sich gegenseitig pushen und gemeinsam neue Trails entdecken. Hier erwartet dich die perfekte Mischung aus Bewegung in der Natur und Austausch unter Gleichgesinnten.<\/p><p class=\"whitespace-pre-wrap break-words\">Egal ob du die Trails am liebsten wandernd genie\u00dft oder im Laufschritt eroberst: Bei uns im Women\u00b4s Outdoor Camp presented by LaMunt bist du genau richtig. Hier findest du deine Community!<\/p><p><strong>NEU:<\/strong> Du bist nicht der Zelt oder Van-Typ, aber hast Lust auf Trailrun oder Wandern? Dann kannst du das Camp ab jetzt auch mit einer Ferienwohnung buchen, \u00a0die sich ebenfalls direkt auf dem Campingplatz befindet.<\/p>\t\t\t\t\t\t\t\t<\/div>\n\t\t\t\t<\/div>\n\t\t\t\t\t<\/div>\n\t\t<\/div>\n\t\t\t\t\t<\/div>\n\t\t<\/section>\n\t\t\t\t<section class=\"elementor-section elementor-top-section elementor-element elementor-element-fc064fb elementor-section-boxed elementor-section-height-default elementor-section-height-default\" data-id=\"fc064fb\" data-element_type=\"section\" data-e-type=\"section\">\n\t\t\t\t\t\t<div class=\"elementor-container elementor-column-gap-default\">\n\t\t\t\t\t<div class=\"elementor-column elementor-col-100 elementor-top-column elementor-element elementor-element-84992a9\" data-id=\"84992a9\" data-element_type=\"column\" data-e-type=\"column\">\n\t\t\t<div class=\"elementor-widget-wrap elementor-element-populated\">\n\t\t\t\t\t\t<div class=\"elementor-element elementor-element-b8c3544 elementor-align-center elementor-widget elementor-widget-button\" data-id=\"b8c3544\" data-element_type=\"widget\" data-e-type=\"widget\" data-widget_type=\"button.default\">\n\t\t\t\t<div class=\"elementor-widget-container\">\n\t\t\t\t\t\t\t\t\t<div class=\"elementor-button-wrapper\">\n\t\t\t\t\t<a class=\"elementor-button elementor-button-link elementor-size-md\" href=\"https:\/\/www.sporting-women.de\/womens-outdoor-camp\/anmeldung\/\">\n\t\t\t\t\t\t<span class=\"elementor-button-content-wrapper\">\n\t\t\t\t\t\t\t\t\t<span class=\"elementor-button-text\">Ich will dabei sein!<\/span>\n\t\t\t\t\t<\/span>\n\t\t\t\t\t<\/a>\n\t\t\t\t<\/div>\n\t\t\t\t\t\t\t\t<\/div>\n\t\t\t\t<\/div>\n\t\t\t\t\t<\/div>\n\t\t<\/div>\n\t\t\t\t\t<\/div>\n\t\t<\/section>\n\t\t\t\t<section class=\"elementor-section elementor-top-section elementor-element elementor-element-6169c19 elementor-section-boxed elementor-section-height-default elementor-section-height-default\" data-id=\"6169c19\" data-element_type=\"section\" data-e-type=\"section\">\n\t\t\t\t\t\t<div class=\"elementor-container elementor-column-gap-default\">\n\t\t\t\t\t<div class=\"elementor-column elementor-col-100 elementor-top-column elementor-element elementor-element-a24cc04\" data-id=\"a24cc04\" data-element_type=\"column\" data-e-type=\"column\">\n\t\t\t<div class=\"elementor-widget-wrap elementor-element-populated\">\n\t\t\t\t\t\t<div class=\"elementor-element elementor-element-08f2a50 elementor-arrows-position-inside elementor-pagination-position-outside elementor-widget elementor-widget-image-carousel\" data-id=\"08f2a50\" data-element_type=\"widget\" data-e-type=\"widget\" data-settings=\"{&quot;slides_to_show&quot;:&quot;4&quot;,&quot;slides_to_scroll&quot;:&quot;2&quot;,&quot;image_spacing_custom&quot;:{&quot;unit&quot;:&quot;px&quot;,&quot;size&quot;:23,&quot;sizes&quot;:[]},&quot;navigation&quot;:&quot;both&quot;,&quot;autoplay&quot;:&quot;yes&quot;,&quot;pause_on_hover&quot;:&quot;yes&quot;,&quot;pause_on_interaction&quot;:&quot;yes&quot;,&quot;autoplay_speed&quot;:5000,&quot;infinite&quot;:&quot;yes&quot;,&quot;speed&quot;:500,&quot;image_spacing_custom_tablet&quot;:{&quot;unit&quot;:&quot;px&quot;,&quot;size&quot;:&quot;&quot;,&quot;sizes&quot;:[]},&quot;image_spacing_custom_mobile&quot;:{&quot;unit&quot;:&quot;px&quot;,&quot;size&quot;:&quot;&quot;,&quot;sizes&quot;:[]}}\" data-widget_type=\"image-carousel.default\">\n\t\t\t\t<div class=\"elementor-widget-container\">\n\t\t\t\t\t\t\t<div class=\"elementor-image-carousel-wrapper swiper\" role=\"region\" aria-roledescription=\"carousel\" aria-label=\"Bild Karussell\" dir=\"ltr\">\n\t\t\t<div class=\"elementor-image-carousel swiper-wrapper\" aria-live=\"off\">\n\t\t\t\t\t\t\t\t<div class=\"swiper-slide\" role=\"group\" aria-roledescription=\"slide\" aria-label=\"1 von 11\"><figure class=\"swiper-slide-inner\"><img decoding=\"async\" class=\"swiper-slide-image lazyload\" data-src=\"https:\/\/www.sporting-women.de\/womens-outdoor-camp\/wp-content\/uploads\/sites\/22\/2025\/10\/2-1-1024x474.jpg\" alt=\"2\" src=\"data:image\/svg+xml;base64,PHN2ZyB3aWR0aD0iMSIgaGVpZ2h0PSIxIiB4bWxucz0iaHR0cDovL3d3dy53My5vcmcvMjAwMC9zdmciPjwvc3ZnPg==\" style=\"--smush-placeholder-width: 1024px; --smush-placeholder-aspect-ratio: 1024\/474;\" \/><\/figure><\/div><div class=\"swiper-slide\" role=\"group\" aria-roledescription=\"slide\" aria-label=\"2 von 11\"><figure class=\"swiper-slide-inner\"><img decoding=\"async\" class=\"swiper-slide-image lazyload\" data-src=\"https:\/\/www.sporting-women.de\/womens-outdoor-camp\/wp-content\/uploads\/sites\/22\/2025\/10\/3-1-1024x474.jpg\" alt=\"3\" src=\"data:image\/svg+xml;base64,PHN2ZyB3aWR0aD0iMSIgaGVpZ2h0PSIxIiB4bWxucz0iaHR0cDovL3d3dy53My5vcmcvMjAwMC9zdmciPjwvc3ZnPg==\" style=\"--smush-placeholder-width: 1024px; --smush-placeholder-aspect-ratio: 1024\/474;\" \/><\/figure><\/div><div class=\"swiper-slide\" role=\"group\" aria-roledescription=\"slide\" aria-label=\"3 von 11\"><figure class=\"swiper-slide-inner\"><img decoding=\"async\" class=\"swiper-slide-image lazyload\" data-src=\"https:\/\/www.sporting-women.de\/womens-outdoor-camp\/wp-content\/uploads\/sites\/22\/2025\/10\/5-1-1024x474.jpg\" alt=\"5\" src=\"data:image\/svg+xml;base64,PHN2ZyB3aWR0aD0iMSIgaGVpZ2h0PSIxIiB4bWxucz0iaHR0cDovL3d3dy53My5vcmcvMjAwMC9zdmciPjwvc3ZnPg==\" style=\"--smush-placeholder-width: 1024px; --smush-placeholder-aspect-ratio: 1024\/474;\" \/><\/figure><\/div><div class=\"swiper-slide\" role=\"group\" aria-roledescription=\"slide\" aria-label=\"4 von 11\"><figure class=\"swiper-slide-inner\"><img decoding=\"async\" class=\"swiper-slide-image lazyload\" data-src=\"https:\/\/www.sporting-women.de\/womens-outdoor-camp\/wp-content\/uploads\/sites\/22\/2025\/10\/6-1-1024x474.jpg\" alt=\"6\" src=\"data:image\/svg+xml;base64,PHN2ZyB3aWR0aD0iMSIgaGVpZ2h0PSIxIiB4bWxucz0iaHR0cDovL3d3dy53My5vcmcvMjAwMC9zdmciPjwvc3ZnPg==\" style=\"--smush-placeholder-width: 1024px; --smush-placeholder-aspect-ratio: 1024\/474;\" \/><\/figure><\/div><div class=\"swiper-slide\" role=\"group\" aria-roledescription=\"slide\" aria-label=\"5 von 11\"><figure class=\"swiper-slide-inner\"><img decoding=\"async\" class=\"swiper-slide-image lazyload\" data-src=\"https:\/\/www.sporting-women.de\/womens-outdoor-camp\/wp-content\/uploads\/sites\/22\/2025\/10\/7-1-1024x474.jpg\" alt=\"7\" src=\"data:image\/svg+xml;base64,PHN2ZyB3aWR0aD0iMSIgaGVpZ2h0PSIxIiB4bWxucz0iaHR0cDovL3d3dy53My5vcmcvMjAwMC9zdmciPjwvc3ZnPg==\" style=\"--smush-placeholder-width: 1024px; --smush-placeholder-aspect-ratio: 1024\/474;\" \/><\/figure><\/div><div class=\"swiper-slide\" role=\"group\" aria-roledescription=\"slide\" aria-label=\"6 von 11\"><figure class=\"swiper-slide-inner\"><img decoding=\"async\" class=\"swiper-slide-image lazyload\" data-src=\"https:\/\/www.sporting-women.de\/womens-outdoor-camp\/wp-content\/uploads\/sites\/22\/2025\/10\/8-1-1024x474.jpg\" alt=\"8\" src=\"data:image\/svg+xml;base64,PHN2ZyB3aWR0aD0iMSIgaGVpZ2h0PSIxIiB4bWxucz0iaHR0cDovL3d3dy53My5vcmcvMjAwMC9zdmciPjwvc3ZnPg==\" style=\"--smush-placeholder-width: 1024px; --smush-placeholder-aspect-ratio: 1024\/474;\" \/><\/figure><\/div><div class=\"swiper-slide\" role=\"group\" aria-roledescription=\"slide\" aria-label=\"7 von 11\"><figure class=\"swiper-slide-inner\"><img decoding=\"async\" class=\"swiper-slide-image lazyload\" data-src=\"https:\/\/www.sporting-women.de\/womens-outdoor-camp\/wp-content\/uploads\/sites\/22\/2025\/10\/11-1-1024x474.jpg\" alt=\"11\" src=\"data:image\/svg+xml;base64,PHN2ZyB3aWR0aD0iMSIgaGVpZ2h0PSIxIiB4bWxucz0iaHR0cDovL3d3dy53My5vcmcvMjAwMC9zdmciPjwvc3ZnPg==\" style=\"--smush-placeholder-width: 1024px; --smush-placeholder-aspect-ratio: 1024\/474;\" \/><\/figure><\/div><div class=\"swiper-slide\" role=\"group\" aria-roledescription=\"slide\" aria-label=\"8 von 11\"><figure class=\"swiper-slide-inner\"><img decoding=\"async\" class=\"swiper-slide-image lazyload\" data-src=\"https:\/\/www.sporting-women.de\/womens-outdoor-camp\/wp-content\/uploads\/sites\/22\/2025\/10\/20-1-1024x474.jpg\" alt=\"20\" src=\"data:image\/svg+xml;base64,PHN2ZyB3aWR0aD0iMSIgaGVpZ2h0PSIxIiB4bWxucz0iaHR0cDovL3d3dy53My5vcmcvMjAwMC9zdmciPjwvc3ZnPg==\" style=\"--smush-placeholder-width: 1024px; --smush-placeholder-aspect-ratio: 1024\/474;\" \/><\/figure><\/div><div class=\"swiper-slide\" role=\"group\" aria-roledescription=\"slide\" aria-label=\"9 von 11\"><figure class=\"swiper-slide-inner\"><img decoding=\"async\" class=\"swiper-slide-image lazyload\" data-src=\"https:\/\/www.sporting-women.de\/womens-outdoor-camp\/wp-content\/uploads\/sites\/22\/2025\/10\/22-1-1024x474.jpg\" alt=\"22\" src=\"data:image\/svg+xml;base64,PHN2ZyB3aWR0aD0iMSIgaGVpZ2h0PSIxIiB4bWxucz0iaHR0cDovL3d3dy53My5vcmcvMjAwMC9zdmciPjwvc3ZnPg==\" style=\"--smush-placeholder-width: 1024px; --smush-placeholder-aspect-ratio: 1024\/474;\" \/><\/figure><\/div><div class=\"swiper-slide\" role=\"group\" aria-roledescription=\"slide\" aria-label=\"10 von 11\"><figure class=\"swiper-slide-inner\"><img decoding=\"async\" class=\"swiper-slide-image lazyload\" data-src=\"https:\/\/www.sporting-women.de\/womens-outdoor-camp\/wp-content\/uploads\/sites\/22\/2025\/10\/25-1-1024x474.jpg\" alt=\"25\" src=\"data:image\/svg+xml;base64,PHN2ZyB3aWR0aD0iMSIgaGVpZ2h0PSIxIiB4bWxucz0iaHR0cDovL3d3dy53My5vcmcvMjAwMC9zdmciPjwvc3ZnPg==\" style=\"--smush-placeholder-width: 1024px; --smush-placeholder-aspect-ratio: 1024\/474;\" \/><\/figure><\/div><div class=\"swiper-slide\" role=\"group\" aria-roledescription=\"slide\" aria-label=\"11 von 11\"><figure class=\"swiper-slide-inner\"><img decoding=\"async\" class=\"swiper-slide-image lazyload\" data-src=\"https:\/\/www.sporting-women.de\/womens-outdoor-camp\/wp-content\/uploads\/sites\/22\/2025\/10\/26-1-1024x474.jpg\" alt=\"26\" src=\"data:image\/svg+xml;base64,PHN2ZyB3aWR0aD0iMSIgaGVpZ2h0PSIxIiB4bWxucz0iaHR0cDovL3d3dy53My5vcmcvMjAwMC9zdmciPjwvc3ZnPg==\" style=\"--smush-placeholder-width: 1024px; --smush-placeholder-aspect-ratio: 1024\/474;\" \/><\/figure><\/div>\t\t\t<\/div>\n\t\t\t\t\t\t\t\t\t\t\t\t<div class=\"elementor-swiper-button elementor-swiper-button-prev\" role=\"button\" tabindex=\"0\">\n\t\t\t\t\t\t<i aria-hidden=\"true\" class=\"eicon-chevron-left\"><\/i>\t\t\t\t\t<\/div>\n\t\t\t\t\t<div class=\"elementor-swiper-button elementor-swiper-button-next\" role=\"button\" tabindex=\"0\">\n\t\t\t\t\t\t<i aria-hidden=\"true\" class=\"eicon-chevron-right\"><\/i>\t\t\t\t\t<\/div>\n\t\t\t\t\n\t\t\t\t\t\t\t\t\t<div class=\"swiper-pagination\"><\/div>\n\t\t\t\t\t\t\t\t\t<\/div>\n\t\t\t\t\t\t<\/div>\n\t\t\t\t<\/div>\n\t\t\t\t\t<\/div>\n\t\t<\/div>\n\t\t\t\t\t<\/div>\n\t\t<\/section>\n\t\t\t\t<section class=\"elementor-section elementor-top-section elementor-element elementor-element-8c7316b elementor-section-boxed elementor-section-height-default elementor-section-height-default\" data-id=\"8c7316b\" data-element_type=\"section\" data-e-type=\"section\" data-settings=\"{&quot;background_background&quot;:&quot;gradient&quot;}\">\n\t\t\t\t\t\t<div class=\"elementor-container elementor-column-gap-default\">\n\t\t\t\t\t<div class=\"elementor-column elementor-col-100 elementor-top-column elementor-element elementor-element-ac8a2a6\" data-id=\"ac8a2a6\" data-element_type=\"column\" data-e-type=\"column\">\n\t\t\t<div class=\"elementor-widget-wrap elementor-element-populated\">\n\t\t\t\t\t\t<div class=\"elementor-element elementor-element-9d9fe7d elementor-widget elementor-widget-spacer\" data-id=\"9d9fe7d\" data-element_type=\"widget\" data-e-type=\"widget\" data-widget_type=\"spacer.default\">\n\t\t\t\t<div class=\"elementor-widget-container\">\n\t\t\t\t\t\t\t<div class=\"elementor-spacer\">\n\t\t\t<div class=\"elementor-spacer-inner\"><\/div>\n\t\t<\/div>\n\t\t\t\t\t\t<\/div>\n\t\t\t\t<\/div>\n\t\t\t\t<div class=\"elementor-element elementor-element-07c9211 elementor-widget elementor-widget-heading\" data-id=\"07c9211\" data-element_type=\"widget\" data-e-type=\"widget\" data-widget_type=\"heading.default\">\n\t\t\t\t<div class=\"elementor-widget-container\">\n\t\t\t\t\t<h2 class=\"elementor-heading-title elementor-size-default\">Das Programm: Trailrunning, Wandern, Community<\/h2>\t\t\t\t<\/div>\n\t\t\t\t<\/div>\n\t\t\t\t<div class=\"elementor-element elementor-element-906976c elementor-widget elementor-widget-text-editor\" data-id=\"906976c\" data-element_type=\"widget\" data-e-type=\"widget\" data-widget_type=\"text-editor.default\">\n\t\t\t\t<div class=\"elementor-widget-container\">\n\t\t\t\t\t\t\t\t\t<p class=\"whitespace-pre-wrap break-words\">Bei uns steht der gemeinsame Spirit im Mittelpunkt: Du kannst dich auf drei Tage voller Austausch, Inspiration und wertvollem Input freuen. Morgens startest du mit Yoga in den Tag, danach geht&#8217;s gemeinsam auf die Trails &#8211; entweder zum Wandern oder zum Trailrunning.\u00a0<\/p><p class=\"whitespace-pre-wrap break-words\">Und das Beste: Du entscheidest jeden Tag aufs Neue, worauf du Lust hast!<\/p><p class=\"whitespace-pre-wrap break-words\">Das erwartet dich:<\/p><ul class=\"-mt-1 [li&gt;&amp;]:mt-2 list-disc space-y-2 pl-8\"><li class=\"whitespace-normal break-words\">Profi-Workshops zu Tourenplanung und Erste Hilfe am Berg<\/li><li class=\"whitespace-normal break-words\">Gef\u00fchrte Trail-Touren: Wandern und Trailrunning<\/li><li class=\"whitespace-normal break-words\">Energiegeladene Morning Yoga Sessions<\/li><li class=\"whitespace-normal break-words\">Spannender Workshop zum Thema Mentaltraining<\/li><li class=\"whitespace-normal break-words\">\u00dcbernachtung auf dem idyllischen 4-Sterne Campingplatz Oberammergau<\/li><li class=\"whitespace-normal break-words\">Verpflegung mit regionalen Highlights<\/li><li class=\"whitespace-normal break-words\">Hochwertiges Goodie-Bag (Wert 150\u20ac) mit LaMunt T-Shirt<\/li><\/ul><p>\u00a0<\/p><p class=\"whitespace-pre-wrap break-words\">Alle Programmpunkte sind ein Angebot &#8211; kein Muss. Du gestaltest dein Wochenende genau so, wie es f\u00fcr dich passt!<\/p>\t\t\t\t\t\t\t\t<\/div>\n\t\t\t\t<\/div>\n\t\t\t\t<div class=\"elementor-element elementor-element-4a5a299 elementor-align-center elementor-widget elementor-widget-button\" data-id=\"4a5a299\" data-element_type=\"widget\" data-e-type=\"widget\" data-widget_type=\"button.default\">\n\t\t\t\t<div class=\"elementor-widget-container\">\n\t\t\t\t\t\t\t\t\t<div class=\"elementor-button-wrapper\">\n\t\t\t\t\t<a class=\"elementor-button elementor-button-link elementor-size-md\" href=\"https:\/\/www.sporting-women.de\/womens-outdoor-camp\/programm\/\" target=\"_blank\">\n\t\t\t\t\t\t<span class=\"elementor-button-content-wrapper\">\n\t\t\t\t\t\t\t\t\t<span class=\"elementor-button-text\">Zum Programm<\/span>\n\t\t\t\t\t<\/span>\n\t\t\t\t\t<\/a>\n\t\t\t\t<\/div>\n\t\t\t\t\t\t\t\t<\/div>\n\t\t\t\t<\/div>\n\t\t\t\t\t<\/div>\n\t\t<\/div>\n\t\t\t\t\t<\/div>\n\t\t<\/section>\n\t\t\t\t<section class=\"elementor-section elementor-top-section elementor-element elementor-element-bb6757d elementor-section-boxed elementor-section-height-default elementor-section-height-default\" data-id=\"bb6757d\" data-element_type=\"section\" data-e-type=\"section\">\n\t\t\t\t\t\t<div class=\"elementor-container elementor-column-gap-default\">\n\t\t\t\t\t<div class=\"elementor-column elementor-col-100 elementor-top-column elementor-element elementor-element-de2e9e7\" data-id=\"de2e9e7\" data-element_type=\"column\" data-e-type=\"column\">\n\t\t\t<div class=\"elementor-widget-wrap elementor-element-populated\">\n\t\t\t\t\t\t<div class=\"elementor-element elementor-element-f6d45cd elementor-widget elementor-widget-heading\" data-id=\"f6d45cd\" data-element_type=\"widget\" data-e-type=\"widget\" data-widget_type=\"heading.default\">\n\t\t\t\t<div class=\"elementor-widget-container\">\n\t\t\t\t\t<h2 class=\"elementor-heading-title elementor-size-default\">Das war unser Women\u00b4s Outdoor Camp presented by LaMunt 2025<\/h2>\t\t\t\t<\/div>\n\t\t\t\t<\/div>\n\t\t\t\t<div class=\"elementor-element elementor-element-619680c elementor-widget elementor-widget-text-editor\" data-id=\"619680c\" data-element_type=\"widget\" data-e-type=\"widget\" data-widget_type=\"text-editor.default\">\n\t\t\t\t<div class=\"elementor-widget-container\">\n\t\t\t\t\t\t\t\t\t<p>Bilder sagen mehr als Worte &#8211; schau dir unser Recap Video vom sportingWOMEN Outdoor Camp 2025 an.\u00a0<\/p>\t\t\t\t\t\t\t\t<\/div>\n\t\t\t\t<\/div>\n\t\t\t\t<div class=\"elementor-element elementor-element-5297572 elementor-widget elementor-widget-video\" data-id=\"5297572\" data-element_type=\"widget\" data-e-type=\"widget\" data-settings=\"{&quot;youtube_url&quot;:&quot;https:\\\/\\\/youtu.be\\\/Kh_UjuPmGBg&quot;,&quot;video_type&quot;:&quot;youtube&quot;,&quot;controls&quot;:&quot;yes&quot;}\" data-widget_type=\"video.default\">\n\t\t\t\t<div class=\"elementor-widget-container\">\n\t\t\t\t\t\t\t<div class=\"elementor-wrapper elementor-open-inline\">\n\t\t\t<div class=\"elementor-video\"><\/div>\t\t<\/div>\n\t\t\t\t\t\t<\/div>\n\t\t\t\t<\/div>\n\t\t\t\t\t<\/div>\n\t\t<\/div>\n\t\t\t\t\t<\/div>\n\t\t<\/section>\n\t\t\t\t<section class=\"elementor-section elementor-top-section elementor-element elementor-element-bd36a86 elementor-section-boxed elementor-section-height-default elementor-section-height-default\" data-id=\"bd36a86\" data-element_type=\"section\" data-e-type=\"section\">\n\t\t\t\t\t\t<div class=\"elementor-container elementor-column-gap-default\">\n\t\t\t\t\t<div class=\"elementor-column elementor-col-100 elementor-top-column elementor-element elementor-element-2b9562f\" data-id=\"2b9562f\" data-element_type=\"column\" data-e-type=\"column\">\n\t\t\t<div class=\"elementor-widget-wrap elementor-element-populated\">\n\t\t\t\t\t\t<div class=\"elementor-element elementor-element-d8cd0fa elementor-widget elementor-widget-heading\" data-id=\"d8cd0fa\" data-element_type=\"widget\" data-e-type=\"widget\" data-widget_type=\"heading.default\">\n\t\t\t\t<div class=\"elementor-widget-container\">\n\t\t\t\t\t<h2 class=\"elementor-heading-title elementor-size-default\">Die Region und der Campingplatz<\/h2>\t\t\t\t<\/div>\n\t\t\t\t<\/div>\n\t\t\t\t<div class=\"elementor-element elementor-element-0131792 elementor-widget elementor-widget-heading\" data-id=\"0131792\" data-element_type=\"widget\" data-e-type=\"widget\" data-widget_type=\"heading.default\">\n\t\t\t\t<div class=\"elementor-widget-container\">\n\t\t\t\t\t<h3 class=\"elementor-heading-title elementor-size-default\">Warum die Ammergauer Alpen?<\/h3>\t\t\t\t<\/div>\n\t\t\t\t<\/div>\n\t\t\t\t<div class=\"elementor-element elementor-element-4ed016b elementor-widget elementor-widget-text-editor\" data-id=\"4ed016b\" data-element_type=\"widget\" data-e-type=\"widget\" data-widget_type=\"text-editor.default\">\n\t\t\t\t<div class=\"elementor-widget-container\">\n\t\t\t\t\t\t\t\t\t<h3 class=\"font-600 text-lg font-bold\"><span style=\"font-size: var( --e-global-typography-text-font-size );\">Hier erwartet dich ein wahres Outdoor-Paradies: 500 Kilometer Wanderwege, traumhafte Trails und eine einzigartige Kombination aus schroffen Bergen und sanften T\u00e4lern.\u00a0<\/span><\/h3><h3 class=\"font-600 text-lg font-bold\"><span style=\"font-size: var( --e-global-typography-text-font-size );\">Die Region bietet nicht nur sportliche Herausforderungen, sondern auch kulturelle Highlights wie das m\u00e4rchenhafte Schloss Linderhof oder das historische Kloster Ettal.<\/span><\/h3>\t\t\t\t\t\t\t\t<\/div>\n\t\t\t\t<\/div>\n\t\t\t\t<div class=\"elementor-element elementor-element-d743b4c elementor-widget elementor-widget-image\" data-id=\"d743b4c\" data-element_type=\"widget\" data-e-type=\"widget\" data-widget_type=\"image.default\">\n\t\t\t\t<div class=\"elementor-widget-container\">\n\t\t\t\t\t\t\t\t\t\t\t\t\t\t\t<img decoding=\"async\" width=\"2000\" height=\"800\" data-src=\"https:\/\/www.sporting-women.de\/womens-outdoor-camp\/wp-content\/uploads\/sites\/22\/2024\/12\/ij.jpg\" class=\"attachment-full size-full wp-image-36196 lazyload\" alt=\"\" data-srcset=\"https:\/\/www.sporting-women.de\/womens-outdoor-camp\/wp-content\/uploads\/sites\/22\/2024\/12\/ij.jpg 2000w, https:\/\/www.sporting-women.de\/womens-outdoor-camp\/wp-content\/uploads\/sites\/22\/2024\/12\/ij-300x120.jpg 300w, https:\/\/www.sporting-women.de\/womens-outdoor-camp\/wp-content\/uploads\/sites\/22\/2024\/12\/ij-1024x410.jpg 1024w, https:\/\/www.sporting-women.de\/womens-outdoor-camp\/wp-content\/uploads\/sites\/22\/2024\/12\/ij-768x307.jpg 768w, https:\/\/www.sporting-women.de\/womens-outdoor-camp\/wp-content\/uploads\/sites\/22\/2024\/12\/ij-1536x614.jpg 1536w, https:\/\/www.sporting-women.de\/womens-outdoor-camp\/wp-content\/uploads\/sites\/22\/2024\/12\/ij-600x240.jpg 600w\" data-sizes=\"(max-width: 2000px) 100vw, 2000px\" src=\"data:image\/svg+xml;base64,PHN2ZyB3aWR0aD0iMSIgaGVpZ2h0PSIxIiB4bWxucz0iaHR0cDovL3d3dy53My5vcmcvMjAwMC9zdmciPjwvc3ZnPg==\" style=\"--smush-placeholder-width: 2000px; --smush-placeholder-aspect-ratio: 2000\/800;\" \/>\t\t\t\t\t\t\t\t\t\t\t\t\t\t\t<\/div>\n\t\t\t\t<\/div>\n\t\t\t\t<div class=\"elementor-element elementor-element-3c69284 elementor-widget elementor-widget-spacer\" data-id=\"3c69284\" data-element_type=\"widget\" data-e-type=\"widget\" data-widget_type=\"spacer.default\">\n\t\t\t\t<div class=\"elementor-widget-container\">\n\t\t\t\t\t\t\t<div class=\"elementor-spacer\">\n\t\t\t<div class=\"elementor-spacer-inner\"><\/div>\n\t\t<\/div>\n\t\t\t\t\t\t<\/div>\n\t\t\t\t<\/div>\n\t\t\t\t<div class=\"elementor-element elementor-element-8484299 elementor-widget elementor-widget-heading\" data-id=\"8484299\" data-element_type=\"widget\" data-e-type=\"widget\" data-widget_type=\"heading.default\">\n\t\t\t\t<div class=\"elementor-widget-container\">\n\t\t\t\t\t<h3 class=\"elementor-heading-title elementor-size-default\">Unser Basecamp: der Campingpark Oberammergau<\/h3>\t\t\t\t<\/div>\n\t\t\t\t<\/div>\n\t\t\t\t<div class=\"elementor-element elementor-element-1148cdb elementor-widget elementor-widget-text-editor\" data-id=\"1148cdb\" data-element_type=\"widget\" data-e-type=\"widget\" data-widget_type=\"text-editor.default\">\n\t\t\t\t<div class=\"elementor-widget-container\">\n\t\t\t\t\t\t\t\t\t<p>Mitten in den Ammergauer Alpen erwartet dich der idyllische 4-Sterne Campingplatz Oberammergau als perfekte Base f\u00fcr unser Outdoor-Wochenende. Direkt am s\u00fcdlichen Ortsrand von Oberammergau gelegen, bietet er den idealen Ausgangspunkt f\u00fcr unsere Trail-Abenteuer. Hier \u00fcbernachtest du in deinem eigenen Zelt oder Campervan, umgeben von malerischer Bergkulisse.<\/p>\t\t\t\t\t\t\t\t<\/div>\n\t\t\t\t<\/div>\n\t\t\t\t<div class=\"elementor-element elementor-element-9d106d7 elementor-arrows-position-inside elementor-widget elementor-widget-image-carousel\" data-id=\"9d106d7\" data-element_type=\"widget\" data-e-type=\"widget\" data-settings=\"{&quot;slides_to_show&quot;:&quot;4&quot;,&quot;navigation&quot;:&quot;arrows&quot;,&quot;image_spacing_custom&quot;:{&quot;unit&quot;:&quot;px&quot;,&quot;size&quot;:23,&quot;sizes&quot;:[]},&quot;autoplay&quot;:&quot;yes&quot;,&quot;pause_on_hover&quot;:&quot;yes&quot;,&quot;pause_on_interaction&quot;:&quot;yes&quot;,&quot;autoplay_speed&quot;:5000,&quot;infinite&quot;:&quot;yes&quot;,&quot;speed&quot;:500,&quot;image_spacing_custom_tablet&quot;:{&quot;unit&quot;:&quot;px&quot;,&quot;size&quot;:&quot;&quot;,&quot;sizes&quot;:[]},&quot;image_spacing_custom_mobile&quot;:{&quot;unit&quot;:&quot;px&quot;,&quot;size&quot;:&quot;&quot;,&quot;sizes&quot;:[]}}\" data-widget_type=\"image-carousel.default\">\n\t\t\t\t<div class=\"elementor-widget-container\">\n\t\t\t\t\t\t\t<div class=\"elementor-image-carousel-wrapper swiper\" role=\"region\" aria-roledescription=\"carousel\" aria-label=\"Bild Karussell\" dir=\"ltr\">\n\t\t\t<div class=\"elementor-image-carousel swiper-wrapper\" aria-live=\"off\">\n\t\t\t\t\t\t\t\t<div class=\"swiper-slide\" role=\"group\" aria-roledescription=\"slide\" aria-label=\"1 von 5\"><figure class=\"swiper-slide-inner\"><img decoding=\"async\" class=\"swiper-slide-image lazyload\" data-src=\"https:\/\/www.sporting-women.de\/womens-outdoor-camp\/wp-content\/uploads\/sites\/22\/2024\/12\/3-1-1024x1024.jpg\" alt=\"3\" src=\"data:image\/svg+xml;base64,PHN2ZyB3aWR0aD0iMSIgaGVpZ2h0PSIxIiB4bWxucz0iaHR0cDovL3d3dy53My5vcmcvMjAwMC9zdmciPjwvc3ZnPg==\" style=\"--smush-placeholder-width: 1024px; --smush-placeholder-aspect-ratio: 1024\/1024;\" \/><\/figure><\/div><div class=\"swiper-slide\" role=\"group\" aria-roledescription=\"slide\" aria-label=\"2 von 5\"><figure class=\"swiper-slide-inner\"><img decoding=\"async\" class=\"swiper-slide-image lazyload\" data-src=\"https:\/\/www.sporting-women.de\/womens-outdoor-camp\/wp-content\/uploads\/sites\/22\/2024\/12\/1-2-1024x1024.jpg\" alt=\"1\" src=\"data:image\/svg+xml;base64,PHN2ZyB3aWR0aD0iMSIgaGVpZ2h0PSIxIiB4bWxucz0iaHR0cDovL3d3dy53My5vcmcvMjAwMC9zdmciPjwvc3ZnPg==\" style=\"--smush-placeholder-width: 1024px; --smush-placeholder-aspect-ratio: 1024\/1024;\" \/><\/figure><\/div><div class=\"swiper-slide\" role=\"group\" aria-roledescription=\"slide\" aria-label=\"3 von 5\"><figure class=\"swiper-slide-inner\"><img decoding=\"async\" class=\"swiper-slide-image lazyload\" data-src=\"https:\/\/www.sporting-women.de\/womens-outdoor-camp\/wp-content\/uploads\/sites\/22\/2024\/12\/4-1-1024x1024.jpg\" alt=\"4\" src=\"data:image\/svg+xml;base64,PHN2ZyB3aWR0aD0iMSIgaGVpZ2h0PSIxIiB4bWxucz0iaHR0cDovL3d3dy53My5vcmcvMjAwMC9zdmciPjwvc3ZnPg==\" style=\"--smush-placeholder-width: 1024px; --smush-placeholder-aspect-ratio: 1024\/1024;\" \/><\/figure><\/div><div class=\"swiper-slide\" role=\"group\" aria-roledescription=\"slide\" aria-label=\"4 von 5\"><figure class=\"swiper-slide-inner\"><img decoding=\"async\" class=\"swiper-slide-image lazyload\" data-src=\"https:\/\/www.sporting-women.de\/womens-outdoor-camp\/wp-content\/uploads\/sites\/22\/2024\/12\/2-2-1024x1024.jpg\" alt=\"2\" src=\"data:image\/svg+xml;base64,PHN2ZyB3aWR0aD0iMSIgaGVpZ2h0PSIxIiB4bWxucz0iaHR0cDovL3d3dy53My5vcmcvMjAwMC9zdmciPjwvc3ZnPg==\" style=\"--smush-placeholder-width: 1024px; --smush-placeholder-aspect-ratio: 1024\/1024;\" \/><\/figure><\/div><div class=\"swiper-slide\" role=\"group\" aria-roledescription=\"slide\" aria-label=\"5 von 5\"><figure class=\"swiper-slide-inner\"><img decoding=\"async\" class=\"swiper-slide-image lazyload\" data-src=\"https:\/\/www.sporting-women.de\/womens-outdoor-camp\/wp-content\/uploads\/sites\/22\/2024\/12\/5-1-1024x1024.jpg\" alt=\"5\" src=\"data:image\/svg+xml;base64,PHN2ZyB3aWR0aD0iMSIgaGVpZ2h0PSIxIiB4bWxucz0iaHR0cDovL3d3dy53My5vcmcvMjAwMC9zdmciPjwvc3ZnPg==\" style=\"--smush-placeholder-width: 1024px; --smush-placeholder-aspect-ratio: 1024\/1024;\" \/><\/figure><\/div>\t\t\t<\/div>\n\t\t\t\t\t\t\t\t\t\t\t\t<div class=\"elementor-swiper-button elementor-swiper-button-prev\" role=\"button\" tabindex=\"0\">\n\t\t\t\t\t\t<i aria-hidden=\"true\" class=\"eicon-chevron-left\"><\/i>\t\t\t\t\t<\/div>\n\t\t\t\t\t<div class=\"elementor-swiper-button elementor-swiper-button-next\" role=\"button\" tabindex=\"0\">\n\t\t\t\t\t\t<i aria-hidden=\"true\" class=\"eicon-chevron-right\"><\/i>\t\t\t\t\t<\/div>\n\t\t\t\t\n\t\t\t\t\t\t\t\t\t<\/div>\n\t\t\t\t\t\t<\/div>\n\t\t\t\t<\/div>\n\t\t\t\t<div class=\"elementor-element elementor-element-6802bbb elementor-widget elementor-widget-spacer\" data-id=\"6802bbb\" data-element_type=\"widget\" data-e-type=\"widget\" data-widget_type=\"spacer.default\">\n\t\t\t\t<div class=\"elementor-widget-container\">\n\t\t\t\t\t\t\t<div class=\"elementor-spacer\">\n\t\t\t<div class=\"elementor-spacer-inner\"><\/div>\n\t\t<\/div>\n\t\t\t\t\t\t<\/div>\n\t\t\t\t<\/div>\n\t\t\t\t\t<\/div>\n\t\t<\/div>\n\t\t\t\t\t<\/div>\n\t\t<\/section>\n\t\t\t\t<section class=\"elementor-section elementor-top-section elementor-element elementor-element-d1d1c46 elementor-section-boxed elementor-section-height-default elementor-section-height-default\" data-id=\"d1d1c46\" data-element_type=\"section\" data-e-type=\"section\" data-settings=\"{&quot;background_background&quot;:&quot;gradient&quot;}\">\n\t\t\t\t\t\t<div class=\"elementor-container elementor-column-gap-default\">\n\t\t\t\t\t<div class=\"elementor-column elementor-col-100 elementor-top-column elementor-element elementor-element-cec449e\" data-id=\"cec449e\" data-element_type=\"column\" data-e-type=\"column\">\n\t\t\t<div class=\"elementor-widget-wrap elementor-element-populated\">\n\t\t\t\t\t\t<div class=\"elementor-element elementor-element-a6377ff elementor-widget elementor-widget-heading\" data-id=\"a6377ff\" data-element_type=\"widget\" data-e-type=\"widget\" data-widget_type=\"heading.default\">\n\t\t\t\t<div class=\"elementor-widget-container\">\n\t\t\t\t\t<h2 class=\"elementor-heading-title elementor-size-default\">F\u00fcr wen ist das Camp?<\/h2>\t\t\t\t<\/div>\n\t\t\t\t<\/div>\n\t\t\t\t<div class=\"elementor-element elementor-element-b941614 elementor-widget__width-initial elementor-widget elementor-widget-text-editor\" data-id=\"b941614\" data-element_type=\"widget\" data-e-type=\"widget\" data-widget_type=\"text-editor.default\">\n\t\t\t\t<div class=\"elementor-widget-container\">\n\t\t\t\t\t\t\t\t\t<p><strong>Du bist genau richtig bei uns, wenn du&#8230;<\/strong><\/p><p>\n<\/p><ul depth=\"0\">\n<li index=\"0\">erste Outdoor-Erfahrungen sammeln m\u00f6chtest<\/li>\n<li index=\"1\">deine Trail-Skills erweitern willst<\/li>\n<li index=\"2\">einfach Zeit in der Natur mit Gleichgesinnten genie\u00dfen m\u00f6chtest<\/li>\n<li index=\"3\">neue Freundschaften in der Trail-Community suchst<\/li>\n<li index=\"4\">dich von starken Frauen inspirieren lassen willst<\/li>\n<li index=\"5\">Lust auf gemeinsame Outdoor-Abenteuer hast<\/li><\/ul><ul>\n<\/ul>\n<div>&nbsp;<\/div>\n<p>PS: Dein Alter spielt keine Rolle \u2013 ob 18 oder 65, bei uns ist jede Frau willkommen!<\/p>\t\t\t\t\t\t\t\t<\/div>\n\t\t\t\t<\/div>\n\t\t\t\t\t<\/div>\n\t\t<\/div>\n\t\t\t\t\t<\/div>\n\t\t<\/section>\n\t\t\t\t<section class=\"elementor-section elementor-top-section elementor-element elementor-element-d999f00 elementor-section-boxed elementor-section-height-default elementor-section-height-default\" data-id=\"d999f00\" data-element_type=\"section\" data-e-type=\"section\">\n\t\t\t\t\t\t<div class=\"elementor-container elementor-column-gap-default\">\n\t\t\t\t\t<div class=\"elementor-column elementor-col-100 elementor-top-column elementor-element elementor-element-f00f80b\" data-id=\"f00f80b\" data-element_type=\"column\" data-e-type=\"column\">\n\t\t\t<div class=\"elementor-widget-wrap elementor-element-populated\">\n\t\t\t\t\t\t<div class=\"elementor-element elementor-element-0b0f17b elementor-widget elementor-widget-heading\" data-id=\"0b0f17b\" data-element_type=\"widget\" data-e-type=\"widget\" data-widget_type=\"heading.default\">\n\t\t\t\t<div class=\"elementor-widget-container\">\n\t\t\t\t\t<h3 class=\"elementor-heading-title elementor-size-default\">Wichtig zu wissen:<\/h3>\t\t\t\t<\/div>\n\t\t\t\t<\/div>\n\t\t\t\t<div class=\"elementor-element elementor-element-f5fd61b elementor-widget__width-initial elementor-widget elementor-widget-text-editor\" data-id=\"f5fd61b\" data-element_type=\"widget\" data-e-type=\"widget\" data-widget_type=\"text-editor.default\">\n\t\t\t\t<div class=\"elementor-widget-container\">\n\t\t\t\t\t\t\t\t\t<ul class=\"-mt-1 [li&gt;&amp;]:mt-2 list-disc space-y-2 pl-8\"><li class=\"whitespace-normal break-words\">Alle Aktivit\u00e4ten sind ein Angebot &#8211; kein Muss<\/li><li class=\"whitespace-normal break-words\">Die \u00dcbernachtung erfolgt in deinem eigenen Zelt\/Van (Teilung mit anderen Teilnehmerinnen m\u00f6glich) oder in Ferienwohnung auf dem Campingplatz<\/li><li class=\"whitespace-normal break-words\">Professionelle Betreuung durch erfahrene Guides<\/li><\/ul>\t\t\t\t\t\t\t\t<\/div>\n\t\t\t\t<\/div>\n\t\t\t\t\t<\/div>\n\t\t<\/div>\n\t\t\t\t\t<\/div>\n\t\t<\/section>\n\t\t\t\t<section class=\"elementor-section elementor-top-section elementor-element elementor-element-5c72a9b elementor-section-boxed elementor-section-height-default elementor-section-height-default\" data-id=\"5c72a9b\" data-element_type=\"section\" data-e-type=\"section\">\n\t\t\t\t\t\t<div class=\"elementor-container elementor-column-gap-default\">\n\t\t\t\t\t<div class=\"elementor-column elementor-col-100 elementor-top-column elementor-element elementor-element-fe17b8b\" data-id=\"fe17b8b\" data-element_type=\"column\" data-e-type=\"column\">\n\t\t\t<div class=\"elementor-widget-wrap elementor-element-populated\">\n\t\t\t\t\t\t<div class=\"elementor-element elementor-element-c66ce78 elementor-widget__width-inherit elementor-countdown--label-block elementor-widget elementor-widget-countdown\" data-id=\"c66ce78\" data-element_type=\"widget\" data-e-type=\"widget\" data-widget_type=\"countdown.default\">\n\t\t\t\t<div class=\"elementor-widget-container\">\n\t\t\t\t\t\t\t<div data-expire-actions=\"[{&quot;type&quot;:&quot;hide&quot;}]\" class=\"elementor-countdown-wrapper\" data-date=\"1782471600\">\n\t\t\t<div class=\"elementor-countdown-item\"><span class=\"elementor-countdown-digits elementor-countdown-days\"><\/span> <span class=\"elementor-countdown-label\">Tage<\/span><\/div><div class=\"elementor-countdown-item\"><span class=\"elementor-countdown-digits elementor-countdown-hours\"><\/span> <span class=\"elementor-countdown-label\">Stunden<\/span><\/div><div class=\"elementor-countdown-item\"><span class=\"elementor-countdown-digits elementor-countdown-minutes\"><\/span> <span class=\"elementor-countdown-label\">Minuten<\/span><\/div>\t\t<\/div>\n\t\t\t\t\t\t<\/div>\n\t\t\t\t<\/div>\n\t\t\t\t\t<\/div>\n\t\t<\/div>\n\t\t\t\t\t<\/div>\n\t\t<\/section>\n\t\t\t\t<section class=\"elementor-section elementor-top-section elementor-element elementor-element-a18e406 elementor-section-boxed elementor-section-height-default elementor-section-height-default\" data-id=\"a18e406\" data-element_type=\"section\" data-e-type=\"section\">\n\t\t\t\t\t\t<div class=\"elementor-container elementor-column-gap-default\">\n\t\t\t\t\t<div class=\"elementor-column elementor-col-100 elementor-top-column elementor-element elementor-element-6e7b391\" data-id=\"6e7b391\" data-element_type=\"column\" data-e-type=\"column\">\n\t\t\t<div class=\"elementor-widget-wrap elementor-element-populated\">\n\t\t\t\t\t\t<div class=\"elementor-element elementor-element-26b0cf4 elementor-widget elementor-widget-heading\" data-id=\"26b0cf4\" data-element_type=\"widget\" data-e-type=\"widget\" data-widget_type=\"heading.default\">\n\t\t\t\t<div class=\"elementor-widget-container\">\n\t\t\t\t\t<h2 class=\"elementor-heading-title elementor-size-default\">Darum bist du bei uns in besten H\u00e4nden<\/h2>\t\t\t\t<\/div>\n\t\t\t\t<\/div>\n\t\t\t\t<div class=\"elementor-element elementor-element-82586c9 elementor-widget elementor-widget-text-editor\" data-id=\"82586c9\" data-element_type=\"widget\" data-e-type=\"widget\" data-widget_type=\"text-editor.default\">\n\t\t\t\t<div class=\"elementor-widget-container\">\n\t\t\t\t\t\t\t\t\t<div><p>Wir leben Frauenpower seit \u00fcber 12 Jahren! Was als Idee begann, hat sich zu einer starken Community e<span style=\"font-size: var( --e-global-typography-text-font-size );\">ntwickelt: Vom <span style=\"color: #628a74;\"><a style=\"color: #628a74;\" href=\"https:\/\/www.sporting-women.de\/womens-triathlon-camp\/\" target=\"_blank\" rel=\"noopener\">Triathlon Camp<\/a><\/span> \u00fcbers <a href=\"https:\/\/www.sporting-women.de\/womens-bike-camp\/\" target=\"_blank\" rel=\"noopener\"><span style=\"color: #628a74;\">Mountainbike Camp<\/span><\/a> bis zum <span style=\"color: #628a74;\"><a style=\"color: #628a74;\" href=\"https:\/\/www.sporting-women.de\/womens-cycling-camp\/\" target=\"_blank\" rel=\"noopener\">Rennrad Camp<\/a> <\/span>und mehr. <\/span><\/p><p><span style=\"font-size: var( --e-global-typography-text-font-size );\">Mit dem Women\u00b4s Outdoor Camp presented by LaMunt schaffen wir nun erstmals ein eigenes Event, bei dem der Gemeinschaftsgedanke im absoluten Mittelpunkt steht! <\/span><\/p><p>Hier ein paar Fakten die f\u00fcr uns sprechen:<\/p><\/div><ul><li><strong>Pure Expertise:<\/strong> \u00dcber 12 Jahre organisieren wir erfolgreiche Sportcamps von Frauen f\u00fcr Frauen \u2013 wir wissen, worauf es ankommt<\/li><li><strong>Echte Community:<\/strong> Mehr als 15.000 begeisterte Teilnehmerinnen sind Teil unserer sportingWOMEN Familie \u2013 viele kommen jedes Jahr wieder<\/li><li><strong>Starkes Team:<\/strong> Unser weibliches Organisationsteam versteht deine W\u00fcnsche und Bed\u00fcrfnisse \u2013 weil wir selbst leidenschaftliche Outdoorsportlerinnen sind<\/li><li><strong>Top Partner:<\/strong> Namhafte Marken und erfahrene Coaches sorgen f\u00fcr dein bestm\u00f6gliches Erlebnis<\/li><\/ul>\t\t\t\t\t\t\t\t<\/div>\n\t\t\t\t<\/div>\n\t\t\t\t\t<\/div>\n\t\t<\/div>\n\t\t\t\t\t<\/div>\n\t\t<\/section>\n\t\t\t\t<section class=\"elementor-section elementor-top-section elementor-element elementor-element-fe4b5be elementor-section-boxed elementor-section-height-default elementor-section-height-default\" data-id=\"fe4b5be\" data-element_type=\"section\" data-e-type=\"section\" data-settings=\"{&quot;background_background&quot;:&quot;gradient&quot;}\">\n\t\t\t\t\t\t<div class=\"elementor-container elementor-column-gap-default\">\n\t\t\t\t\t<div class=\"elementor-column elementor-col-100 elementor-top-column elementor-element elementor-element-8a703f2\" data-id=\"8a703f2\" data-element_type=\"column\" data-e-type=\"column\">\n\t\t\t<div class=\"elementor-widget-wrap elementor-element-populated\">\n\t\t\t\t\t\t<div class=\"elementor-element elementor-element-783dcc2 elementor-widget elementor-widget-heading\" data-id=\"783dcc2\" data-element_type=\"widget\" data-e-type=\"widget\" data-widget_type=\"heading.default\">\n\t\t\t\t<div class=\"elementor-widget-container\">\n\t\t\t\t\t<h2 class=\"elementor-heading-title elementor-size-default\">Ready f\u00fcr dein Camping-Abenteuer in den Bergen?<\/h2>\t\t\t\t<\/div>\n\t\t\t\t<\/div>\n\t\t\t\t<div class=\"elementor-element elementor-element-b67aafb elementor-widget__width-initial elementor-widget elementor-widget-text-editor\" data-id=\"b67aafb\" data-element_type=\"widget\" data-e-type=\"widget\" data-widget_type=\"text-editor.default\">\n\t\t\t\t<div class=\"elementor-widget-container\">\n\t\t\t\t\t\t\t\t\t<p><span style=\"font-size: var( --e-global-typography-text-font-size );\">Sei dabei, wenn wir zusammen die Trails erkunden, neue Freundschaften schlie\u00dfen und bleibende Erinnerungen schaffen. Es geht um das gemeinsame Lachen, die Herausforderungen, die wir zusammen meistern und die Geschichten, die wir uns am Zelt unterm Sternenhimmel erz\u00e4hlen.<\/span><\/p><p>Willst du\u00a0<span style=\"font-size: var( --e-global-typography-text-font-size );\">vom <strong>26. bis zum 28. Juni 2026<\/strong>\u00a0in Oberammergau<\/span><span style=\"font-size: var( --e-global-typography-text-font-size );\">\u00a0d<\/span>abei sein? Willst du Frauen kennenlernen, die so ticken wie DU?<\/p><p>Dann bleib dran &#8211; bald kannst du deinen Platz im <span style=\"font-size: var( --e-global-typography-text-font-size );\"><strong>Women\u00b4s Outdoor Camp<\/strong> presented by LaMunt buchen!\u00a0<\/span><\/p>\t\t\t\t\t\t\t\t<\/div>\n\t\t\t\t<\/div>\n\t\t\t\t\t<\/div>\n\t\t<\/div>\n\t\t\t\t\t<\/div>\n\t\t<\/section>\n\t\t\t\t<section class=\"elementor-section elementor-top-section elementor-element elementor-element-8883aee elementor-section-boxed elementor-section-height-default elementor-section-height-default\" data-id=\"8883aee\" data-element_type=\"section\" data-e-type=\"section\">\n\t\t\t\t\t\t<div class=\"elementor-container elementor-column-gap-default\">\n\t\t\t\t\t<div class=\"elementor-column elementor-col-100 elementor-top-column elementor-element elementor-element-0ca21aa\" data-id=\"0ca21aa\" data-element_type=\"column\" data-e-type=\"column\">\n\t\t\t<div class=\"elementor-widget-wrap elementor-element-populated\">\n\t\t\t\t\t\t<div class=\"elementor-element elementor-element-2f26e7c elementor-cta--layout-image-above elementor-cta--valign-middle elementor-widget__width-initial elementor-cta--skin-classic elementor-animated-content elementor-widget elementor-widget-call-to-action\" data-id=\"2f26e7c\" data-element_type=\"widget\" data-e-type=\"widget\" data-widget_type=\"call-to-action.default\">\n\t\t\t\t<div class=\"elementor-widget-container\">\n\t\t\t\t\t\t\t<div class=\"elementor-cta\">\n\t\t\t\t\t<div class=\"elementor-cta__bg-wrapper\">\n\t\t\t\t<div class=\"elementor-cta__bg elementor-bg lazyload\" style=\"background-image:inherit;\" role=\"img\" aria-label=\"11\" data-bg-image=\"url(https:\/\/www.sporting-women.de\/womens-outdoor-camp\/wp-content\/uploads\/sites\/22\/2025\/10\/11-1-1536x711.jpg)\"><\/div>\n\t\t\t\t<div class=\"elementor-cta__bg-overlay\"><\/div>\n\t\t\t<\/div>\n\t\t\t\t\t\t\t<div class=\"elementor-cta__content\">\n\t\t\t\t\n\t\t\t\t\t\t\t\t\t<h2 class=\"elementor-cta__title elementor-cta__content-item elementor-content-item\">\n\t\t\t\t\t\t26. - 28. Juni 2026\t\t\t\t\t<\/h2>\n\t\t\t\t\n\t\t\t\t\n\t\t\t\t\t\t\t\t\t<div class=\"elementor-cta__button-wrapper elementor-cta__content-item elementor-content-item \">\n\t\t\t\t\t<a class=\"elementor-cta__button elementor-button elementor-size-md\" href=\"https:\/\/www.sporting-women.de\/womens-outdoor-camp\/anmeldung\/\">\n\t\t\t\t\t\tIch will dabei sein!\t\t\t\t\t<\/a>\n\t\t\t\t\t<\/div>\n\t\t\t\t\t\t\t<\/div>\n\t\t\t\t\t\t<\/div>\n\t\t\t\t\t\t<\/div>\n\t\t\t\t<\/div>\n\t\t\t\t\t<\/div>\n\t\t<\/div>\n\t\t\t\t\t<\/div>\n\t\t<\/section>\n\t\t\t\t<section class=\"elementor-section elementor-top-section elementor-element elementor-element-082b288 elementor-section-boxed elementor-section-height-default elementor-section-height-default\" data-id=\"082b288\" data-element_type=\"section\" data-e-type=\"section\">\n\t\t\t\t\t\t<div class=\"elementor-container elementor-column-gap-default\">\n\t\t\t\t\t<div class=\"elementor-column elementor-col-100 elementor-top-column elementor-element elementor-element-e5078e0\" data-id=\"e5078e0\" data-element_type=\"column\" data-e-type=\"column\">\n\t\t\t<div class=\"elementor-widget-wrap elementor-element-populated\">\n\t\t\t\t\t\t<div class=\"elementor-element elementor-element-bf784de elementor-widget elementor-widget-heading\" data-id=\"bf784de\" data-element_type=\"widget\" data-e-type=\"widget\" data-widget_type=\"heading.default\">\n\t\t\t\t<div class=\"elementor-widget-container\">\n\t\t\t\t\t<h2 class=\"elementor-heading-title elementor-size-default\">FAQ<\/h2>\t\t\t\t<\/div>\n\t\t\t\t<\/div>\n\t\t\t\t\t<\/div>\n\t\t<\/div>\n\t\t\t\t\t<\/div>\n\t\t<\/section>\n\t\t\t\t<section class=\"elementor-section elementor-top-section elementor-element elementor-element-156d3e1 elementor-section-boxed elementor-section-height-default elementor-section-height-default\" data-id=\"156d3e1\" data-element_type=\"section\" data-e-type=\"section\">\n\t\t\t\t\t\t<div class=\"elementor-container elementor-column-gap-default\">\n\t\t\t\t\t<div class=\"elementor-column elementor-col-100 elementor-top-column elementor-element elementor-element-2b6f6dd\" data-id=\"2b6f6dd\" data-element_type=\"column\" data-e-type=\"column\">\n\t\t\t<div class=\"elementor-widget-wrap elementor-element-populated\">\n\t\t\t\t\t\t<div class=\"elementor-element elementor-element-5bfc052 elementor-widget elementor-widget-heading\" data-id=\"5bfc052\" data-element_type=\"widget\" data-e-type=\"widget\" data-widget_type=\"heading.default\">\n\t\t\t\t<div class=\"elementor-widget-container\">\n\t\t\t\t\t<h3 class=\"elementor-heading-title elementor-size-default\">Allgemeine Fragen<\/h3>\t\t\t\t<\/div>\n\t\t\t\t<\/div>\n\t\t\t\t<div class=\"elementor-element elementor-element-30ad4f8 elementor-widget elementor-widget-accordion\" data-id=\"30ad4f8\" data-element_type=\"widget\" data-e-type=\"widget\" data-widget_type=\"accordion.default\">\n\t\t\t\t<div class=\"elementor-widget-container\">\n\t\t\t\t\t\t\t<div class=\"elementor-accordion\">\n\t\t\t\t\t\t\t<div class=\"elementor-accordion-item\">\n\t\t\t\t\t<div id=\"elementor-tab-title-5101\" class=\"elementor-tab-title\" data-tab=\"1\" role=\"button\" aria-controls=\"elementor-tab-content-5101\" aria-expanded=\"false\">\n\t\t\t\t\t\t\t\t\t\t\t\t\t<span class=\"elementor-accordion-icon elementor-accordion-icon-left\" aria-hidden=\"true\">\n\t\t\t\t\t\t\t\t\t\t\t\t\t\t\t<span class=\"elementor-accordion-icon-closed\"><i class=\"fas fa-plus\"><\/i><\/span>\n\t\t\t\t\t\t\t\t<span class=\"elementor-accordion-icon-opened\"><i class=\"fas fa-minus\"><\/i><\/span>\n\t\t\t\t\t\t\t\t\t\t\t\t\t\t<\/span>\n\t\t\t\t\t\t\t\t\t\t\t\t<a class=\"elementor-accordion-title\" tabindex=\"0\">Muss ich eigenes Material\/Equipment mitbringen? Oder gibt es die M\u00f6glichkeit sich Sachen vor Ort auszuleihen?<\/a>\n\t\t\t\t\t<\/div>\n\t\t\t\t\t<div id=\"elementor-tab-content-5101\" class=\"elementor-tab-content elementor-clearfix\" data-tab=\"1\" role=\"region\" aria-labelledby=\"elementor-tab-title-5101\"><p>Bitte bringt euer eigenes Equipment mit. Unsere Partner haben nur eine begrenzte Auswahl an Testequipment dabei und das ist keine Leihausr\u00fcstung f\u00fcr alle Tage.<\/p><\/div>\n\t\t\t\t<\/div>\n\t\t\t\t\t\t\t<div class=\"elementor-accordion-item\">\n\t\t\t\t\t<div id=\"elementor-tab-title-5102\" class=\"elementor-tab-title\" data-tab=\"2\" role=\"button\" aria-controls=\"elementor-tab-content-5102\" aria-expanded=\"false\">\n\t\t\t\t\t\t\t\t\t\t\t\t\t<span class=\"elementor-accordion-icon elementor-accordion-icon-left\" aria-hidden=\"true\">\n\t\t\t\t\t\t\t\t\t\t\t\t\t\t\t<span class=\"elementor-accordion-icon-closed\"><i class=\"fas fa-plus\"><\/i><\/span>\n\t\t\t\t\t\t\t\t<span class=\"elementor-accordion-icon-opened\"><i class=\"fas fa-minus\"><\/i><\/span>\n\t\t\t\t\t\t\t\t\t\t\t\t\t\t<\/span>\n\t\t\t\t\t\t\t\t\t\t\t\t<a class=\"elementor-accordion-title\" tabindex=\"0\">Wann erhalte ich weitere Informationen zum Programm?<\/a>\n\t\t\t\t\t<\/div>\n\t\t\t\t\t<div id=\"elementor-tab-content-5102\" class=\"elementor-tab-content elementor-clearfix\" data-tab=\"2\" role=\"region\" aria-labelledby=\"elementor-tab-title-5102\"><p><span style=\"color: #454545;\" data-sheets-formula-bar-text-style=\"font-size:13px;color:#000000;font-weight:normal;text-decoration:none;font-family:'Arial';font-style:normal;text-decoration-skip-ink:none;\">In der Regel erh\u00e4ltst du von uns 10-14 Tage vor dem Camp die detaillierten Teilnehmerinformationen. Falls die Neugierde vorab zu gro\u00df ist, findest du das Camp-Programm auch auf der jeweiligen Eventwebsite.\u00a0<\/span><\/p><\/div>\n\t\t\t\t<\/div>\n\t\t\t\t\t\t\t<div class=\"elementor-accordion-item\">\n\t\t\t\t\t<div id=\"elementor-tab-title-5103\" class=\"elementor-tab-title\" data-tab=\"3\" role=\"button\" aria-controls=\"elementor-tab-content-5103\" aria-expanded=\"false\">\n\t\t\t\t\t\t\t\t\t\t\t\t\t<span class=\"elementor-accordion-icon elementor-accordion-icon-left\" aria-hidden=\"true\">\n\t\t\t\t\t\t\t\t\t\t\t\t\t\t\t<span class=\"elementor-accordion-icon-closed\"><i class=\"fas fa-plus\"><\/i><\/span>\n\t\t\t\t\t\t\t\t<span class=\"elementor-accordion-icon-opened\"><i class=\"fas fa-minus\"><\/i><\/span>\n\t\t\t\t\t\t\t\t\t\t\t\t\t\t<\/span>\n\t\t\t\t\t\t\t\t\t\t\t\t<a class=\"elementor-accordion-title\" tabindex=\"0\">Wie lange dauert es, bis ich nach der Buchung meine Anmeldebest\u00e4tigung bekomme?<\/a>\n\t\t\t\t\t<\/div>\n\t\t\t\t\t<div id=\"elementor-tab-content-5103\" class=\"elementor-tab-content elementor-clearfix\" data-tab=\"3\" role=\"region\" aria-labelledby=\"elementor-tab-title-5103\"><p><span data-sheets-formula-bar-text-style=\"font-size:13px;color:#000000;font-weight:normal;text-decoration:none;font-family:'Arial';font-style:normal;text-decoration-skip-ink:none;\">In der Regel bekommst du direkt nach der erfolgreichen Bestellung die Bestellbest\u00e4tigung per Mail. Schau&#8217; bitte auch im Spam-Ordner nach und solltest du innerhalb von 2-3 Tagen keine Mail erhalten haben, kannst du uns gerne kontaktieren und wir schicken dir diese nochmals zu.<\/span><\/p><\/div>\n\t\t\t\t<\/div>\n\t\t\t\t\t\t\t<div class=\"elementor-accordion-item\">\n\t\t\t\t\t<div id=\"elementor-tab-title-5104\" class=\"elementor-tab-title\" data-tab=\"4\" role=\"button\" aria-controls=\"elementor-tab-content-5104\" aria-expanded=\"false\">\n\t\t\t\t\t\t\t\t\t\t\t\t\t<span class=\"elementor-accordion-icon elementor-accordion-icon-left\" aria-hidden=\"true\">\n\t\t\t\t\t\t\t\t\t\t\t\t\t\t\t<span class=\"elementor-accordion-icon-closed\"><i class=\"fas fa-plus\"><\/i><\/span>\n\t\t\t\t\t\t\t\t<span class=\"elementor-accordion-icon-opened\"><i class=\"fas fa-minus\"><\/i><\/span>\n\t\t\t\t\t\t\t\t\t\t\t\t\t\t<\/span>\n\t\t\t\t\t\t\t\t\t\t\t\t<a class=\"elementor-accordion-title\" tabindex=\"0\">Welche private Reiser\u00fccktrittsversicherung w\u00fcrdet ihr mir empfehlen?<\/a>\n\t\t\t\t\t<\/div>\n\t\t\t\t\t<div id=\"elementor-tab-content-5104\" class=\"elementor-tab-content elementor-clearfix\" data-tab=\"4\" role=\"region\" aria-labelledby=\"elementor-tab-title-5104\"><p><span data-sheets-formula-bar-text-style=\"font-size:13px;color:#000000;font-weight:normal;text-decoration:none;font-family:'Arial';font-style:normal;text-decoration-skip-ink:none;\">Am besten recherchierst du selbst noch einmal online, welche Reiser\u00fccktrittsversicherung zu dir passt und deinen Anspr\u00fcchen gen\u00fcgt. Eine unverbindliche Empfehlung, die wir dir geben k\u00f6nnen, ist aber die Reiser\u00fccktrittsversicherung der Allianz, die teilweise auch Corona-Leistungen beinhaltet. Weitere Informationen dazu findest du <span style=\"color: #93ca9e;\"><a style=\"color: #93ca9e;\" href=\"https:\/\/www.allianz.de\/reise-und-freizeit\/reiseruecktrittsversicherung\/\" target=\"_blank\" rel=\"noopener\">hier<\/a><\/span>.<br \/><\/span><\/p><\/div>\n\t\t\t\t<\/div>\n\t\t\t\t\t\t\t<div class=\"elementor-accordion-item\">\n\t\t\t\t\t<div id=\"elementor-tab-title-5105\" class=\"elementor-tab-title\" data-tab=\"5\" role=\"button\" aria-controls=\"elementor-tab-content-5105\" aria-expanded=\"false\">\n\t\t\t\t\t\t\t\t\t\t\t\t\t<span class=\"elementor-accordion-icon elementor-accordion-icon-left\" aria-hidden=\"true\">\n\t\t\t\t\t\t\t\t\t\t\t\t\t\t\t<span class=\"elementor-accordion-icon-closed\"><i class=\"fas fa-plus\"><\/i><\/span>\n\t\t\t\t\t\t\t\t<span class=\"elementor-accordion-icon-opened\"><i class=\"fas fa-minus\"><\/i><\/span>\n\t\t\t\t\t\t\t\t\t\t\t\t\t\t<\/span>\n\t\t\t\t\t\t\t\t\t\t\t\t<a class=\"elementor-accordion-title\" tabindex=\"0\">Ich habe keine Freundin, die mich zu einem Camp begleitet. Kann ich auch allein zum Women's Camp kommen?<\/a>\n\t\t\t\t\t<\/div>\n\t\t\t\t\t<div id=\"elementor-tab-content-5105\" class=\"elementor-tab-content elementor-clearfix\" data-tab=\"5\" role=\"region\" aria-labelledby=\"elementor-tab-title-5105\"><p><span style=\"color: #454545;\">Auf jeden Fall kannst du auch \u201calleine\u201d zum Camp kommen. Bei unseren sportingWOMEN Camps sind schon einige tolle Freundschaften &amp; Bekanntschaften \u2013 auch auf diesem Weg \u2013 entstanden.<\/span><\/p><\/div>\n\t\t\t\t<\/div>\n\t\t\t\t\t\t\t<div class=\"elementor-accordion-item\">\n\t\t\t\t\t<div id=\"elementor-tab-title-5106\" class=\"elementor-tab-title\" data-tab=\"6\" role=\"button\" aria-controls=\"elementor-tab-content-5106\" aria-expanded=\"false\">\n\t\t\t\t\t\t\t\t\t\t\t\t\t<span class=\"elementor-accordion-icon elementor-accordion-icon-left\" aria-hidden=\"true\">\n\t\t\t\t\t\t\t\t\t\t\t\t\t\t\t<span class=\"elementor-accordion-icon-closed\"><i class=\"fas fa-plus\"><\/i><\/span>\n\t\t\t\t\t\t\t\t<span class=\"elementor-accordion-icon-opened\"><i class=\"fas fa-minus\"><\/i><\/span>\n\t\t\t\t\t\t\t\t\t\t\t\t\t\t<\/span>\n\t\t\t\t\t\t\t\t\t\t\t\t<a class=\"elementor-accordion-title\" tabindex=\"0\">Ich habe eine weite Anreise und w\u00fcrde gerne einen Tag fr\u00fcher anreisen. Wie regle ich das? Kann ich die Zusatznacht \u00fcber euch buchen?<\/a>\n\t\t\t\t\t<\/div>\n\t\t\t\t\t<div id=\"elementor-tab-content-5106\" class=\"elementor-tab-content elementor-clearfix\" data-tab=\"6\" role=\"region\" aria-labelledby=\"elementor-tab-title-5106\"><p><span data-sheets-formula-bar-text-style=\"font-size:13px;color:#000000;font-weight:normal;text-decoration:none;font-family:'Arial';font-style:normal;text-decoration-skip-ink:none;\">Du kannst nat\u00fcrlich auch schon einen Tag vorher anreisen, wenn der Campingplatz Kapazit\u00e4ten frei hat. Wir reservieren dir deinen Zelt- oder Stellplatz ab deinem Anreisedatum (das gibst du bitte bei deiner Anmeldung an). Die Kosten f\u00fcr die Zusatznacht bezahlst du direkt bei Campingplatz vor Ort. Wie hoch diese sind, erfragst du bei uns oder stehen direkt auf unserer Website.<\/span><\/p><\/div>\n\t\t\t\t<\/div>\n\t\t\t\t\t\t\t<div class=\"elementor-accordion-item\">\n\t\t\t\t\t<div id=\"elementor-tab-title-5107\" class=\"elementor-tab-title\" data-tab=\"7\" role=\"button\" aria-controls=\"elementor-tab-content-5107\" aria-expanded=\"false\">\n\t\t\t\t\t\t\t\t\t\t\t\t\t<span class=\"elementor-accordion-icon elementor-accordion-icon-left\" aria-hidden=\"true\">\n\t\t\t\t\t\t\t\t\t\t\t\t\t\t\t<span class=\"elementor-accordion-icon-closed\"><i class=\"fas fa-plus\"><\/i><\/span>\n\t\t\t\t\t\t\t\t<span class=\"elementor-accordion-icon-opened\"><i class=\"fas fa-minus\"><\/i><\/span>\n\t\t\t\t\t\t\t\t\t\t\t\t\t\t<\/span>\n\t\t\t\t\t\t\t\t\t\t\t\t<a class=\"elementor-accordion-title\" tabindex=\"0\">Kann mich jemand begleiten und ebenfalls auf dem Campingplatz \u00fcbernachten, ohne am Programm teilzunehmen? <\/a>\n\t\t\t\t\t<\/div>\n\t\t\t\t\t<div id=\"elementor-tab-content-5107\" class=\"elementor-tab-content elementor-clearfix\" data-tab=\"7\" role=\"region\" aria-labelledby=\"elementor-tab-title-5107\"><p><span data-sheets-formula-bar-text-style=\"font-size:13px;color:#000000;font-weight:normal;text-decoration:none;font-family:'Arial';font-style:normal;text-decoration-skip-ink:none;\">Das ist grunds\u00e4tzlich m\u00f6glich. Die Kosten daf\u00fcr sind direkt vor Ort beim Campingplatz zu bezahlen.<\/span><\/p><\/div>\n\t\t\t\t<\/div>\n\t\t\t\t\t\t\t<div class=\"elementor-accordion-item\">\n\t\t\t\t\t<div id=\"elementor-tab-title-5108\" class=\"elementor-tab-title\" data-tab=\"8\" role=\"button\" aria-controls=\"elementor-tab-content-5108\" aria-expanded=\"false\">\n\t\t\t\t\t\t\t\t\t\t\t\t\t<span class=\"elementor-accordion-icon elementor-accordion-icon-left\" aria-hidden=\"true\">\n\t\t\t\t\t\t\t\t\t\t\t\t\t\t\t<span class=\"elementor-accordion-icon-closed\"><i class=\"fas fa-plus\"><\/i><\/span>\n\t\t\t\t\t\t\t\t<span class=\"elementor-accordion-icon-opened\"><i class=\"fas fa-minus\"><\/i><\/span>\n\t\t\t\t\t\t\t\t\t\t\t\t\t\t<\/span>\n\t\t\t\t\t\t\t\t\t\t\t\t<a class=\"elementor-accordion-title\" tabindex=\"0\">Ab wieviel Jahren darf man beim dem Event teilnehmen?<\/a>\n\t\t\t\t\t<\/div>\n\t\t\t\t\t<div id=\"elementor-tab-content-5108\" class=\"elementor-tab-content elementor-clearfix\" data-tab=\"8\" role=\"region\" aria-labelledby=\"elementor-tab-title-5108\"><p><span data-sheets-formula-bar-text-style=\"font-size:13px;color:#000000;font-weight:normal;text-decoration:none;font-family:'Arial';font-style:normal;text-decoration-skip-ink:none;\">Das Mindestalter betr\u00e4gt 18 Jahre. In Begleitung einer Erziehungsberechtigten ist die Teilnahme ab Vollendung des 16. Lebensjahres m\u00f6glich.<\/span><\/p><\/div>\n\t\t\t\t<\/div>\n\t\t\t\t\t\t\t<div class=\"elementor-accordion-item\">\n\t\t\t\t\t<div id=\"elementor-tab-title-5109\" class=\"elementor-tab-title\" data-tab=\"9\" role=\"button\" aria-controls=\"elementor-tab-content-5109\" aria-expanded=\"false\">\n\t\t\t\t\t\t\t\t\t\t\t\t\t<span class=\"elementor-accordion-icon elementor-accordion-icon-left\" aria-hidden=\"true\">\n\t\t\t\t\t\t\t\t\t\t\t\t\t\t\t<span class=\"elementor-accordion-icon-closed\"><i class=\"fas fa-plus\"><\/i><\/span>\n\t\t\t\t\t\t\t\t<span class=\"elementor-accordion-icon-opened\"><i class=\"fas fa-minus\"><\/i><\/span>\n\t\t\t\t\t\t\t\t\t\t\t\t\t\t<\/span>\n\t\t\t\t\t\t\t\t\t\t\t\t<a class=\"elementor-accordion-title\" tabindex=\"0\">Wie bleibe ich auf dem neuesten Stand der sportingWOMEN Camps? <\/a>\n\t\t\t\t\t<\/div>\n\t\t\t\t\t<div id=\"elementor-tab-content-5109\" class=\"elementor-tab-content elementor-clearfix\" data-tab=\"9\" role=\"region\" aria-labelledby=\"elementor-tab-title-5109\"><p><span data-sheets-formula-bar-text-style=\"font-size:13px;color:#000000;font-weight:normal;text-decoration:none;font-family:'Arial';font-style:normal;text-decoration-skip-ink:none;\">Wenn du immer \u00fcber alle Neuigkeiten und spannende Specials unserer sportingWOMEN Community informiert sein willst, dann folge uns doch einfach auf <span style=\"color: #628a74;\"><a style=\"color: #628a74;\" href=\"https:\/\/www.facebook.com\/sportingWOMEN\/\" target=\"_blank\" rel=\"noopener\">Facebook<\/a><\/span> oder <span style=\"color: #628a74;\"><a style=\"color: #628a74;\" href=\"https:\/\/www.instagram.com\/sportingwomen\/?hl=de\" target=\"_blank\" rel=\"noopener\">Instagram<\/a><\/span> oder abonniere unseren <span style=\"color: #628a74;\"><a style=\"color: #628a74;\" href=\"https:\/\/landing.mailerlite.com\/webforms\/landing\/r3s8v6\" target=\"_blank\" rel=\"noopener\">Newsletter<\/a><\/span>.<br \/><\/span><\/p><\/div>\n\t\t\t\t<\/div>\n\t\t\t\t\t\t\t\t\t\t<script type=\"application\/ld+json\">{\"@context\":\"https:\\\/\\\/schema.org\",\"@type\":\"FAQPage\",\"mainEntity\":[{\"@type\":\"Question\",\"name\":\"Muss ich eigenes Material\\\/Equipment mitbringen? Oder gibt es die M\\u00f6glichkeit sich Sachen vor Ort auszuleihen?\",\"acceptedAnswer\":{\"@type\":\"Answer\",\"text\":\"<p>Bitte bringt euer eigenes Equipment mit. Unsere Partner haben nur eine begrenzte Auswahl an Testequipment dabei und das ist keine Leihausr\\u00fcstung f\\u00fcr alle Tage.<\\\/p>\"}},{\"@type\":\"Question\",\"name\":\"Wann erhalte ich weitere Informationen zum Programm?\",\"acceptedAnswer\":{\"@type\":\"Answer\",\"text\":\"<p><span style=\\\"color: #454545;\\\" data-sheets-formula-bar-text-style=\\\"font-size:13px;color:#000000;font-weight:normal;text-decoration:none;font-family:'Arial';font-style:normal;text-decoration-skip-ink:none;\\\">In der Regel erh\\u00e4ltst du von uns 10-14 Tage vor dem Camp die detaillierten Teilnehmerinformationen. Falls die Neugierde vorab zu gro\\u00df ist, findest du das Camp-Programm auch auf der jeweiligen Eventwebsite.\\u00a0<\\\/span><\\\/p>\"}},{\"@type\":\"Question\",\"name\":\"Wie lange dauert es, bis ich nach der Buchung meine Anmeldebest\\u00e4tigung bekomme?\",\"acceptedAnswer\":{\"@type\":\"Answer\",\"text\":\"<p><span data-sheets-formula-bar-text-style=\\\"font-size:13px;color:#000000;font-weight:normal;text-decoration:none;font-family:'Arial';font-style:normal;text-decoration-skip-ink:none;\\\">In der Regel bekommst du direkt nach der erfolgreichen Bestellung die Bestellbest\\u00e4tigung per Mail. Schau&#8217; bitte auch im Spam-Ordner nach und solltest du innerhalb von 2-3 Tagen keine Mail erhalten haben, kannst du uns gerne kontaktieren und wir schicken dir diese nochmals zu.<\\\/span><\\\/p>\"}},{\"@type\":\"Question\",\"name\":\"Welche private Reiser\\u00fccktrittsversicherung w\\u00fcrdet ihr mir empfehlen?\",\"acceptedAnswer\":{\"@type\":\"Answer\",\"text\":\"<p><span data-sheets-formula-bar-text-style=\\\"font-size:13px;color:#000000;font-weight:normal;text-decoration:none;font-family:'Arial';font-style:normal;text-decoration-skip-ink:none;\\\">Am besten recherchierst du selbst noch einmal online, welche Reiser\\u00fccktrittsversicherung zu dir passt und deinen Anspr\\u00fcchen gen\\u00fcgt. Eine unverbindliche Empfehlung, die wir dir geben k\\u00f6nnen, ist aber die Reiser\\u00fccktrittsversicherung der Allianz, die teilweise auch Corona-Leistungen beinhaltet. Weitere Informationen dazu findest du <span style=\\\"color: #93ca9e;\\\"><a style=\\\"color: #93ca9e;\\\" href=\\\"https:\\\/\\\/www.allianz.de\\\/reise-und-freizeit\\\/reiseruecktrittsversicherung\\\/\\\" target=\\\"_blank\\\" rel=\\\"noopener\\\">hier<\\\/a><\\\/span>.<br \\\/><\\\/span><\\\/p>\"}},{\"@type\":\"Question\",\"name\":\"Ich habe keine Freundin, die mich zu einem Camp begleitet. Kann ich auch allein zum Women's Camp kommen?\",\"acceptedAnswer\":{\"@type\":\"Answer\",\"text\":\"<p><span style=\\\"color: #454545;\\\">Auf jeden Fall kannst du auch \\u201calleine\\u201d zum Camp kommen. Bei unseren sportingWOMEN Camps sind schon einige tolle Freundschaften &amp; Bekanntschaften \\u2013 auch auf diesem Weg \\u2013 entstanden.<\\\/span><\\\/p>\"}},{\"@type\":\"Question\",\"name\":\"Ich habe eine weite Anreise und w\\u00fcrde gerne einen Tag fr\\u00fcher anreisen. Wie regle ich das? Kann ich die Zusatznacht \\u00fcber euch buchen?\",\"acceptedAnswer\":{\"@type\":\"Answer\",\"text\":\"<p><span data-sheets-formula-bar-text-style=\\\"font-size:13px;color:#000000;font-weight:normal;text-decoration:none;font-family:'Arial';font-style:normal;text-decoration-skip-ink:none;\\\">Du kannst nat\\u00fcrlich auch schon einen Tag vorher anreisen, wenn der Campingplatz Kapazit\\u00e4ten frei hat. Wir reservieren dir deinen Zelt- oder Stellplatz ab deinem Anreisedatum (das gibst du bitte bei deiner Anmeldung an). Die Kosten f\\u00fcr die Zusatznacht bezahlst du direkt bei Campingplatz vor Ort. Wie hoch diese sind, erfragst du bei uns oder stehen direkt auf unserer Website.<\\\/span><\\\/p>\"}},{\"@type\":\"Question\",\"name\":\"Kann mich jemand begleiten und ebenfalls auf dem Campingplatz \\u00fcbernachten, ohne am Programm teilzunehmen?\",\"acceptedAnswer\":{\"@type\":\"Answer\",\"text\":\"<p><span data-sheets-formula-bar-text-style=\\\"font-size:13px;color:#000000;font-weight:normal;text-decoration:none;font-family:'Arial';font-style:normal;text-decoration-skip-ink:none;\\\">Das ist grunds\\u00e4tzlich m\\u00f6glich. Die Kosten daf\\u00fcr sind direkt vor Ort beim Campingplatz zu bezahlen.<\\\/span><\\\/p>\"}},{\"@type\":\"Question\",\"name\":\"Ab wieviel Jahren darf man beim dem Event teilnehmen?\",\"acceptedAnswer\":{\"@type\":\"Answer\",\"text\":\"<p><span data-sheets-formula-bar-text-style=\\\"font-size:13px;color:#000000;font-weight:normal;text-decoration:none;font-family:'Arial';font-style:normal;text-decoration-skip-ink:none;\\\">Das Mindestalter betr\\u00e4gt 18 Jahre. In Begleitung einer Erziehungsberechtigten ist die Teilnahme ab Vollendung des 16. Lebensjahres m\\u00f6glich.<\\\/span><\\\/p>\"}},{\"@type\":\"Question\",\"name\":\"Wie bleibe ich auf dem neuesten Stand der sportingWOMEN Camps?\",\"acceptedAnswer\":{\"@type\":\"Answer\",\"text\":\"<p><span data-sheets-formula-bar-text-style=\\\"font-size:13px;color:#000000;font-weight:normal;text-decoration:none;font-family:'Arial';font-style:normal;text-decoration-skip-ink:none;\\\">Wenn du immer \\u00fcber alle Neuigkeiten und spannende Specials unserer sportingWOMEN Community informiert sein willst, dann folge uns doch einfach auf <span style=\\\"color: #628a74;\\\"><a style=\\\"color: #628a74;\\\" href=\\\"https:\\\/\\\/www.facebook.com\\\/sportingWOMEN\\\/\\\" target=\\\"_blank\\\" rel=\\\"noopener\\\">Facebook<\\\/a><\\\/span> oder <span style=\\\"color: #628a74;\\\"><a style=\\\"color: #628a74;\\\" href=\\\"https:\\\/\\\/www.instagram.com\\\/sportingwomen\\\/?hl=de\\\" target=\\\"_blank\\\" rel=\\\"noopener\\\">Instagram<\\\/a><\\\/span> oder abonniere unseren <span style=\\\"color: #628a74;\\\"><a style=\\\"color: #628a74;\\\" href=\\\"https:\\\/\\\/landing.mailerlite.com\\\/webforms\\\/landing\\\/r3s8v6\\\" target=\\\"_blank\\\" rel=\\\"noopener\\\">Newsletter<\\\/a><\\\/span>.<br \\\/><\\\/span><\\\/p>\"}}]}<\/script>\n\t\t\t\t\t<\/div>\n\t\t\t\t\t\t<\/div>\n\t\t\t\t<\/div>\n\t\t\t\t\t<\/div>\n\t\t<\/div>\n\t\t\t\t\t<\/div>\n\t\t<\/section>\n\t\t\t\t<section class=\"elementor-section elementor-top-section elementor-element elementor-element-2d09be1 elementor-section-boxed elementor-section-height-default elementor-section-height-default\" data-id=\"2d09be1\" data-element_type=\"section\" data-e-type=\"section\">\n\t\t\t\t\t\t<div class=\"elementor-container elementor-column-gap-default\">\n\t\t\t\t\t<div class=\"elementor-column elementor-col-100 elementor-top-column elementor-element elementor-element-0e62dea\" data-id=\"0e62dea\" data-element_type=\"column\" data-e-type=\"column\">\n\t\t\t<div class=\"elementor-widget-wrap elementor-element-populated\">\n\t\t\t\t\t\t<div class=\"elementor-element elementor-element-5b2bd91 elementor-widget elementor-widget-heading\" data-id=\"5b2bd91\" data-element_type=\"widget\" data-e-type=\"widget\" data-widget_type=\"heading.default\">\n\t\t\t\t<div class=\"elementor-widget-container\">\n\t\t\t\t\t<h3 class=\"elementor-heading-title elementor-size-default\">Event-spezifische Fragen<\/h3>\t\t\t\t<\/div>\n\t\t\t\t<\/div>\n\t\t\t\t<div class=\"elementor-element elementor-element-d65963a elementor-widget elementor-widget-accordion\" data-id=\"d65963a\" data-element_type=\"widget\" data-e-type=\"widget\" data-widget_type=\"accordion.default\">\n\t\t\t\t<div class=\"elementor-widget-container\">\n\t\t\t\t\t\t\t<div class=\"elementor-accordion\">\n\t\t\t\t\t\t\t<div class=\"elementor-accordion-item\">\n\t\t\t\t\t<div id=\"elementor-tab-title-2241\" class=\"elementor-tab-title\" data-tab=\"1\" role=\"button\" aria-controls=\"elementor-tab-content-2241\" aria-expanded=\"false\">\n\t\t\t\t\t\t\t\t\t\t\t\t\t<span class=\"elementor-accordion-icon elementor-accordion-icon-left\" aria-hidden=\"true\">\n\t\t\t\t\t\t\t\t\t\t\t\t\t\t\t<span class=\"elementor-accordion-icon-closed\"><i class=\"fas fa-plus\"><\/i><\/span>\n\t\t\t\t\t\t\t\t<span class=\"elementor-accordion-icon-opened\"><i class=\"fas fa-minus\"><\/i><\/span>\n\t\t\t\t\t\t\t\t\t\t\t\t\t\t<\/span>\n\t\t\t\t\t\t\t\t\t\t\t\t<a class=\"elementor-accordion-title\" tabindex=\"0\">Was sind die Grundvoraussetzungen f\u00fcr eine Teilnahme am Outdoor Community Camp?<\/a>\n\t\t\t\t\t<\/div>\n\t\t\t\t\t<div id=\"elementor-tab-content-2241\" class=\"elementor-tab-content elementor-clearfix\" data-tab=\"1\" role=\"region\" aria-labelledby=\"elementor-tab-title-2241\"><p>Um am Women\u00b4s Outdoor Camp presented by LaMunt teilzunehmen, musst du keine Kenntnisse mitbringen, lediglich eine Grundkondition, um an den Kursen teilzunehmen. Es gibt sowohl f\u00fcr Anf\u00e4nger als auch f\u00fcr Fortgeschrittene Touren beim Wandern und Trailrun.<\/p><\/div>\n\t\t\t\t<\/div>\n\t\t\t\t\t\t\t<div class=\"elementor-accordion-item\">\n\t\t\t\t\t<div id=\"elementor-tab-title-2242\" class=\"elementor-tab-title\" data-tab=\"2\" role=\"button\" aria-controls=\"elementor-tab-content-2242\" aria-expanded=\"false\">\n\t\t\t\t\t\t\t\t\t\t\t\t\t<span class=\"elementor-accordion-icon elementor-accordion-icon-left\" aria-hidden=\"true\">\n\t\t\t\t\t\t\t\t\t\t\t\t\t\t\t<span class=\"elementor-accordion-icon-closed\"><i class=\"fas fa-plus\"><\/i><\/span>\n\t\t\t\t\t\t\t\t<span class=\"elementor-accordion-icon-opened\"><i class=\"fas fa-minus\"><\/i><\/span>\n\t\t\t\t\t\t\t\t\t\t\t\t\t\t<\/span>\n\t\t\t\t\t\t\t\t\t\t\t\t<a class=\"elementor-accordion-title\" tabindex=\"0\">Findet das Camp auch bei schlechtem Wetter statt? <\/a>\n\t\t\t\t\t<\/div>\n\t\t\t\t\t<div id=\"elementor-tab-content-2242\" class=\"elementor-tab-content elementor-clearfix\" data-tab=\"2\" role=\"region\" aria-labelledby=\"elementor-tab-title-2242\"><p><span data-sheets-formula-bar-text-style=\"font-size:13px;color:#000000;font-weight:normal;text-decoration:none;font-family:'Arial';font-style:normal;text-decoration-skip-ink:none;\">Leider k\u00f6nnen wir das Wetter nicht beeinflussen, aber wir geben euch so fr\u00fch wie m\u00f6glich ein Update, falls die Wetterbedingungen schwierig sind. Ist das Wetter zu schlecht, um das Programm wie geplant durchzuf\u00fchren, bieten wir ein Alternativprogramm an. Im Fall einer Veranstalterabsage besteht die M\u00f6glichkeit das Geld vollst\u00e4ndig zur\u00fcckzuerhalten. <\/span><\/p><\/div>\n\t\t\t\t<\/div>\n\t\t\t\t\t\t\t<div class=\"elementor-accordion-item\">\n\t\t\t\t\t<div id=\"elementor-tab-title-2243\" class=\"elementor-tab-title\" data-tab=\"3\" role=\"button\" aria-controls=\"elementor-tab-content-2243\" aria-expanded=\"false\">\n\t\t\t\t\t\t\t\t\t\t\t\t\t<span class=\"elementor-accordion-icon elementor-accordion-icon-left\" aria-hidden=\"true\">\n\t\t\t\t\t\t\t\t\t\t\t\t\t\t\t<span class=\"elementor-accordion-icon-closed\"><i class=\"fas fa-plus\"><\/i><\/span>\n\t\t\t\t\t\t\t\t<span class=\"elementor-accordion-icon-opened\"><i class=\"fas fa-minus\"><\/i><\/span>\n\t\t\t\t\t\t\t\t\t\t\t\t\t\t<\/span>\n\t\t\t\t\t\t\t\t\t\t\t\t<a class=\"elementor-accordion-title\" tabindex=\"0\">Welche Anfahrtsm\u00f6glichkeiten habe ich?<\/a>\n\t\t\t\t\t<\/div>\n\t\t\t\t\t<div id=\"elementor-tab-content-2243\" class=\"elementor-tab-content elementor-clearfix\" data-tab=\"3\" role=\"region\" aria-labelledby=\"elementor-tab-title-2243\"><p><strong>Unterkunft:<\/strong><\/p><p class=\"elementor-heading-title elementor-size-default\">Campingpark Oberammergau GmbH<\/p><div class=\"elementor-element elementor-element-b203aa7 elementor-widget elementor-widget-text-editor\" data-id=\"b203aa7\" data-element_type=\"widget\" data-widget_type=\"text-editor.default\"><div class=\"elementor-widget-container\"><p>Ettaler Stra\u00dfe 56b<br \/>D-82487 Oberammergau<\/p><p>Tel: +49 (0)8822 \u2013 9 41 05<br \/>E-Mail: <span style=\"color: #628a74;\"><a style=\"color: #628a74;\" href=\"mailto:info@camping-oberammergau.de\">info@camping-oberammergau.de<\/a><\/span><br \/>Webseite: <a href=\"https:\/\/www.campingpark-oberammergau.de\/page\/de\/start\" target=\"_blank\" rel=\"noopener\"><span style=\"color: #628a74;\">www.campingpark-oberammergau.de<\/span><\/a><\/p><\/div><\/div><p>Informiert euch auch gerne auf der Webseite des <span style=\"color: #628a74;\"><a style=\"color: #628a74;\" href=\"https:\/\/www.campingpark-oberammergau.de\/page\/de\/anfahrt\" target=\"_blank\" rel=\"noopener\">Campingparks <\/a><\/span>\u00fcber eure Anreisem\u00f6glichkeiten.<\/p><\/div>\n\t\t\t\t<\/div>\n\t\t\t\t\t\t\t<div class=\"elementor-accordion-item\">\n\t\t\t\t\t<div id=\"elementor-tab-title-2244\" class=\"elementor-tab-title\" data-tab=\"4\" role=\"button\" aria-controls=\"elementor-tab-content-2244\" aria-expanded=\"false\">\n\t\t\t\t\t\t\t\t\t\t\t\t\t<span class=\"elementor-accordion-icon elementor-accordion-icon-left\" aria-hidden=\"true\">\n\t\t\t\t\t\t\t\t\t\t\t\t\t\t\t<span class=\"elementor-accordion-icon-closed\"><i class=\"fas fa-plus\"><\/i><\/span>\n\t\t\t\t\t\t\t\t<span class=\"elementor-accordion-icon-opened\"><i class=\"fas fa-minus\"><\/i><\/span>\n\t\t\t\t\t\t\t\t\t\t\t\t\t\t<\/span>\n\t\t\t\t\t\t\t\t\t\t\t\t<a class=\"elementor-accordion-title\" tabindex=\"0\">Muss ich bei beiden Kursen (Wandern und Trailrun) mitmachen? <\/a>\n\t\t\t\t\t<\/div>\n\t\t\t\t\t<div id=\"elementor-tab-content-2244\" class=\"elementor-tab-content elementor-clearfix\" data-tab=\"4\" role=\"region\" aria-labelledby=\"elementor-tab-title-2244\"><p>Nein, du kannst dein Programm selber gestalten und z.B. beide Sportarten ausprobieren oder auch nur beim Wandern oder Trailrun an beiden Tagen mitmachen.<\/p><\/div>\n\t\t\t\t<\/div>\n\t\t\t\t\t\t\t\t\t\t<script type=\"application\/ld+json\">{\"@context\":\"https:\\\/\\\/schema.org\",\"@type\":\"FAQPage\",\"mainEntity\":[{\"@type\":\"Question\",\"name\":\"Was sind die Grundvoraussetzungen f\\u00fcr eine Teilnahme am Outdoor Community Camp?\",\"acceptedAnswer\":{\"@type\":\"Answer\",\"text\":\"<p>Um am Women\\u00b4s Outdoor Camp presented by LaMunt teilzunehmen, musst du keine Kenntnisse mitbringen, lediglich eine Grundkondition, um an den Kursen teilzunehmen. Es gibt sowohl f\\u00fcr Anf\\u00e4nger als auch f\\u00fcr Fortgeschrittene Touren beim Wandern und Trailrun.<\\\/p>\"}},{\"@type\":\"Question\",\"name\":\"Findet das Camp auch bei schlechtem Wetter statt?\",\"acceptedAnswer\":{\"@type\":\"Answer\",\"text\":\"<p><span data-sheets-formula-bar-text-style=\\\"font-size:13px;color:#000000;font-weight:normal;text-decoration:none;font-family:'Arial';font-style:normal;text-decoration-skip-ink:none;\\\">Leider k\\u00f6nnen wir das Wetter nicht beeinflussen, aber wir geben euch so fr\\u00fch wie m\\u00f6glich ein Update, falls die Wetterbedingungen schwierig sind. Ist das Wetter zu schlecht, um das Programm wie geplant durchzuf\\u00fchren, bieten wir ein Alternativprogramm an. Im Fall einer Veranstalterabsage besteht die M\\u00f6glichkeit das Geld vollst\\u00e4ndig zur\\u00fcckzuerhalten. <\\\/span><\\\/p>\"}},{\"@type\":\"Question\",\"name\":\"Welche Anfahrtsm\\u00f6glichkeiten habe ich?\",\"acceptedAnswer\":{\"@type\":\"Answer\",\"text\":\"<p><strong>Unterkunft:<\\\/strong><\\\/p><p class=\\\"elementor-heading-title elementor-size-default\\\">Campingpark Oberammergau GmbH<\\\/p><div class=\\\"elementor-element elementor-element-b203aa7 elementor-widget elementor-widget-text-editor\\\" data-id=\\\"b203aa7\\\" data-element_type=\\\"widget\\\" data-widget_type=\\\"text-editor.default\\\"><div class=\\\"elementor-widget-container\\\"><p>Ettaler Stra\\u00dfe 56b<br \\\/>D-82487 Oberammergau<\\\/p><p>Tel: +49 (0)8822 \\u2013 9 41 05<br \\\/>E-Mail: <span style=\\\"color: #628a74;\\\"><a style=\\\"color: #628a74;\\\" href=\\\"mailto:info@camping-oberammergau.de\\\">info@camping-oberammergau.de<\\\/a><\\\/span><br \\\/>Webseite: <a href=\\\"https:\\\/\\\/www.campingpark-oberammergau.de\\\/page\\\/de\\\/start\\\" target=\\\"_blank\\\" rel=\\\"noopener\\\"><span style=\\\"color: #628a74;\\\">www.campingpark-oberammergau.de<\\\/span><\\\/a><\\\/p><\\\/div><\\\/div><p>Informiert euch auch gerne auf der Webseite des <span style=\\\"color: #628a74;\\\"><a style=\\\"color: #628a74;\\\" href=\\\"https:\\\/\\\/www.campingpark-oberammergau.de\\\/page\\\/de\\\/anfahrt\\\" target=\\\"_blank\\\" rel=\\\"noopener\\\">Campingparks <\\\/a><\\\/span>\\u00fcber eure Anreisem\\u00f6glichkeiten.<\\\/p>\"}},{\"@type\":\"Question\",\"name\":\"Muss ich bei beiden Kursen (Wandern und Trailrun) mitmachen?\",\"acceptedAnswer\":{\"@type\":\"Answer\",\"text\":\"<p>Nein, du kannst dein Programm selber gestalten und z.B. beide Sportarten ausprobieren oder auch nur beim Wandern oder Trailrun an beiden Tagen mitmachen.<\\\/p>\"}}]}<\/script>\n\t\t\t\t\t<\/div>\n\t\t\t\t\t\t<\/div>\n\t\t\t\t<\/div>\n\t\t\t\t\t<\/div>\n\t\t<\/div>\n\t\t\t\t\t<\/div>\n\t\t<\/section>\n\t\t\t\t<section class=\"elementor-section elementor-top-section elementor-element elementor-element-1528395 elementor-section-boxed elementor-section-height-default elementor-section-height-default\" data-id=\"1528395\" data-element_type=\"section\" data-e-type=\"section\">\n\t\t\t\t\t\t<div class=\"elementor-container elementor-column-gap-default\">\n\t\t\t\t\t<div class=\"elementor-column elementor-col-100 elementor-top-column elementor-element elementor-element-e801a63\" data-id=\"e801a63\" data-element_type=\"column\" data-e-type=\"column\">\n\t\t\t<div class=\"elementor-widget-wrap elementor-element-populated\">\n\t\t\t\t\t\t<div class=\"elementor-element elementor-element-6617be0 elementor-align-center elementor-widget elementor-widget-button\" data-id=\"6617be0\" data-element_type=\"widget\" data-e-type=\"widget\" data-widget_type=\"button.default\">\n\t\t\t\t<div class=\"elementor-widget-container\">\n\t\t\t\t\t\t\t\t\t<div class=\"elementor-button-wrapper\">\n\t\t\t\t\t<a class=\"elementor-button elementor-button-link elementor-size-md\" href=\"https:\/\/www.sporting-women.de\/womens-outdoor-camp\/anmeldung\/\">\n\t\t\t\t\t\t<span class=\"elementor-button-content-wrapper\">\n\t\t\t\t\t\t\t\t\t<span class=\"elementor-button-text\">Ich m\u00f6chte dabei sein!<\/span>\n\t\t\t\t\t<\/span>\n\t\t\t\t\t<\/a>\n\t\t\t\t<\/div>\n\t\t\t\t\t\t\t\t<\/div>\n\t\t\t\t<\/div>\n\t\t\t\t\t<\/div>\n\t\t<\/div>\n\t\t\t\t\t<\/div>\n\t\t<\/section>\n\t\t\t\t<section class=\"elementor-section elementor-top-section elementor-element elementor-element-e6c7954 elementor-section-boxed elementor-section-height-default elementor-section-height-default\" data-id=\"e6c7954\" data-element_type=\"section\" data-e-type=\"section\">\n\t\t\t\t\t\t<div class=\"elementor-container elementor-column-gap-default\">\n\t\t\t\t\t<div class=\"elementor-column elementor-col-100 elementor-top-column elementor-element elementor-element-ec4e029\" data-id=\"ec4e029\" data-element_type=\"column\" data-e-type=\"column\">\n\t\t\t<div class=\"elementor-widget-wrap elementor-element-populated\">\n\t\t\t\t\t\t<div class=\"elementor-element elementor-element-add20f5 elementor-widget elementor-widget-spacer\" data-id=\"add20f5\" data-element_type=\"widget\" data-e-type=\"widget\" data-widget_type=\"spacer.default\">\n\t\t\t\t<div class=\"elementor-widget-container\">\n\t\t\t\t\t\t\t<div class=\"elementor-spacer\">\n\t\t\t<div class=\"elementor-spacer-inner\"><\/div>\n\t\t<\/div>\n\t\t\t\t\t\t<\/div>\n\t\t\t\t<\/div>\n\t\t\t\t\t<\/div>\n\t\t<\/div>\n\t\t\t\t\t<\/div>\n\t\t<\/section>\n\t\t\t\t<section class=\"elementor-section elementor-top-section elementor-element elementor-element-5906aa1 elementor-section-height-min-height elementor-section-items-top elementor-section-boxed elementor-section-height-default\" data-id=\"5906aa1\" data-element_type=\"section\" data-e-type=\"section\" id=\"spkontakt\" data-settings=\"{&quot;background_background&quot;:&quot;classic&quot;,&quot;background_motion_fx_motion_fx_scrolling&quot;:&quot;yes&quot;,&quot;background_motion_fx_translateY_effect&quot;:&quot;yes&quot;,&quot;background_motion_fx_opacity_effect&quot;:&quot;yes&quot;,&quot;background_motion_fx_opacity_range&quot;:{&quot;unit&quot;:&quot;%&quot;,&quot;size&quot;:&quot;&quot;,&quot;sizes&quot;:{&quot;start&quot;:&quot;20&quot;,&quot;end&quot;:&quot;81&quot;}},&quot;background_motion_fx_translateY_speed&quot;:{&quot;unit&quot;:&quot;px&quot;,&quot;size&quot;:4,&quot;sizes&quot;:[]},&quot;background_motion_fx_translateY_affectedRange&quot;:{&quot;unit&quot;:&quot;%&quot;,&quot;size&quot;:&quot;&quot;,&quot;sizes&quot;:{&quot;start&quot;:0,&quot;end&quot;:100}},&quot;background_motion_fx_opacity_direction&quot;:&quot;out-in&quot;,&quot;background_motion_fx_opacity_level&quot;:{&quot;unit&quot;:&quot;px&quot;,&quot;size&quot;:10,&quot;sizes&quot;:[]},&quot;background_motion_fx_devices&quot;:[&quot;desktop&quot;,&quot;tablet&quot;,&quot;mobile&quot;]}\">\n\t\t\t\t\t\t<div class=\"elementor-container elementor-column-gap-default\">\n\t\t\t\t\t<div class=\"elementor-column elementor-col-33 elementor-top-column elementor-element elementor-element-f4260e5 elementor-hidden-phone\" data-id=\"f4260e5\" data-element_type=\"column\" data-e-type=\"column\">\n\t\t\t<div class=\"elementor-widget-wrap\">\n\t\t\t\t\t\t\t<\/div>\n\t\t<\/div>\n\t\t\t\t<div class=\"elementor-column elementor-col-33 elementor-top-column elementor-element elementor-element-a3fb948\" data-id=\"a3fb948\" data-element_type=\"column\" data-e-type=\"column\">\n\t\t\t<div class=\"elementor-widget-wrap elementor-element-populated\">\n\t\t\t\t\t\t<div class=\"elementor-element elementor-element-9325e78 elementor-widget__width-auto text-banner elementor-widget elementor-widget-heading\" data-id=\"9325e78\" data-element_type=\"widget\" data-e-type=\"widget\" data-widget_type=\"heading.default\">\n\t\t\t\t<div class=\"elementor-widget-container\">\n\t\t\t\t\t<div class=\"elementor-heading-title elementor-size-default\">#STRONGHER<\/div>\t\t\t\t<\/div>\n\t\t\t\t<\/div>\n\t\t\t\t<div class=\"elementor-element elementor-element-ab01ffb elementor-widget elementor-widget-heading\" data-id=\"ab01ffb\" data-element_type=\"widget\" data-e-type=\"widget\" data-widget_type=\"heading.default\">\n\t\t\t\t<div class=\"elementor-widget-container\">\n\t\t\t\t\t<div class=\"elementor-heading-title elementor-size-default\">Deine Nachricht an uns:<\/div>\t\t\t\t<\/div>\n\t\t\t\t<\/div>\n\t\t\t\t<div class=\"elementor-element elementor-element-3c1ed5f elementor-widget__width-initial elementor-widget-tablet__width-initial elementor-widget-mobile__width-inherit elementor-button-align-stretch elementor-widget elementor-widget-form\" data-id=\"3c1ed5f\" data-element_type=\"widget\" data-e-type=\"widget\" data-settings=\"{&quot;step_next_label&quot;:&quot;Next&quot;,&quot;step_previous_label&quot;:&quot;Previous&quot;,&quot;button_width&quot;:&quot;100&quot;,&quot;step_type&quot;:&quot;number_text&quot;,&quot;step_icon_shape&quot;:&quot;circle&quot;}\" data-widget_type=\"form.default\">\n\t\t\t\t<div class=\"elementor-widget-container\">\n\t\t\t\t\t\t\t<form class=\"elementor-form\" method=\"post\" name=\"Nachricht\" aria-label=\"Nachricht\">\n\t\t\t<input type=\"hidden\" name=\"post_id\" value=\"34136\"\/>\n\t\t\t<input type=\"hidden\" name=\"form_id\" value=\"3c1ed5f\"\/>\n\t\t\t<input type=\"hidden\" name=\"referer_title\" value=\"Women\u2019s Outdoor Camp | Trailrunning, Wandern, Workshops\" \/>\n\n\t\t\t\t\t\t\t<input type=\"hidden\" name=\"queried_id\" value=\"34136\"\/>\n\t\t\t\n\t\t\t<div class=\"elementor-form-fields-wrapper elementor-labels-\">\n\t\t\t\t\t\t\t\t<div class=\"elementor-field-type-text elementor-field-group elementor-column elementor-field-group-name elementor-col-33\">\n\t\t\t\t\t\t\t\t\t\t\t\t<label for=\"form-field-name\" class=\"elementor-field-label elementor-screen-only\">\n\t\t\t\t\t\t\t\tName\t\t\t\t\t\t\t<\/label>\n\t\t\t\t\t\t\t\t\t\t\t\t\t\t<input size=\"1\" type=\"text\" name=\"form_fields[name]\" id=\"form-field-name\" class=\"elementor-field elementor-size-md  elementor-field-textual\" placeholder=\"Name\">\n\t\t\t\t\t\t\t\t\t\t\t<\/div>\n\t\t\t\t\t\t\t\t<div class=\"elementor-field-type-email elementor-field-group elementor-column elementor-field-group-email elementor-col-33 elementor-field-required\">\n\t\t\t\t\t\t\t\t\t\t\t\t<label for=\"form-field-email\" class=\"elementor-field-label elementor-screen-only\">\n\t\t\t\t\t\t\t\tE-Mail\t\t\t\t\t\t\t<\/label>\n\t\t\t\t\t\t\t\t\t\t\t\t\t\t<input size=\"1\" type=\"email\" name=\"form_fields[email]\" id=\"form-field-email\" class=\"elementor-field elementor-size-md  elementor-field-textual\" placeholder=\"E-Mail\" required=\"required\">\n\t\t\t\t\t\t\t\t\t\t\t<\/div>\n\t\t\t\t\t\t\t\t<div class=\"elementor-field-type-text elementor-field-group elementor-column elementor-field-group-field_7554a4b elementor-col-33 elementor-field-required\">\n\t\t\t\t\t\t\t\t\t\t\t\t<label for=\"form-field-field_7554a4b\" class=\"elementor-field-label elementor-screen-only\">\n\t\t\t\t\t\t\t\tBetreff\t\t\t\t\t\t\t<\/label>\n\t\t\t\t\t\t\t\t\t\t\t\t\t\t<input size=\"1\" type=\"text\" name=\"form_fields[field_7554a4b]\" id=\"form-field-field_7554a4b\" class=\"elementor-field elementor-size-md  elementor-field-textual\" placeholder=\"Betreff\" required=\"required\">\n\t\t\t\t\t\t\t\t\t\t\t<\/div>\n\t\t\t\t\t\t\t\t<div class=\"elementor-field-type-textarea elementor-field-group elementor-column elementor-field-group-message elementor-col-100\">\n\t\t\t\t\t\t\t\t\t\t\t\t<label for=\"form-field-message\" class=\"elementor-field-label elementor-screen-only\">\n\t\t\t\t\t\t\t\tNachricht\t\t\t\t\t\t\t<\/label>\n\t\t\t\t\t\t<textarea class=\"elementor-field-textual elementor-field  elementor-size-md\" name=\"form_fields[message]\" id=\"form-field-message\" rows=\"4\" placeholder=\"Nachricht\"><\/textarea>\t\t\t\t<\/div>\n\t\t\t\t\t\t\t\t<div class=\"elementor-field-group elementor-column elementor-field-type-submit elementor-col-100 e-form__buttons\">\n\t\t\t\t\t<button class=\"elementor-button elementor-size-md\" type=\"submit\">\n\t\t\t\t\t\t<span class=\"elementor-button-content-wrapper\">\n\t\t\t\t\t\t\t\t\t\t\t\t\t\t\t\t\t\t\t\t\t\t<span class=\"elementor-button-text\">Senden<\/span>\n\t\t\t\t\t\t\t\t\t\t\t\t\t<\/span>\n\t\t\t\t\t<\/button>\n\t\t\t\t<\/div>\n\t\t\t<\/div>\n\t\t<\/form>\n\t\t\t\t\t\t<\/div>\n\t\t\t\t<\/div>\n\t\t\t\t\t<\/div>\n\t\t<\/div>\n\t\t\t\t<div class=\"elementor-column elementor-col-33 elementor-top-column elementor-element elementor-element-80d6813 elementor-hidden-phone\" data-id=\"80d6813\" data-element_type=\"column\" data-e-type=\"column\">\n\t\t\t<div class=\"elementor-widget-wrap\">\n\t\t\t\t\t\t\t<\/div>\n\t\t<\/div>\n\t\t\t\t\t<\/div>\n\t\t<\/section>\n\t\t\t\t<\/div>\n\t\t","protected":false},"excerpt":{"rendered":"<p>Hast du Lust auf ein dreit\u00e4giges Outdoor-Abenteuer mit Trailrunning, Wandern und Camping in den Ammergauer Alpen? Hier geht&#8217;s zur Anmeldung! 26. &#8211; 28. Juni 2026 Das Wander und Trailrunning Camp f\u00fcr Frauen: sportingWOMEN Outdoor Camp presented by LaMunt Ready f\u00fcr ein Wochenende voller Trailrunning, Wandern, Camping und starker Community? Vom 26. bis 28. Juni 2026 [&hellip;]<\/p>\n","protected":false},"author":7,"featured_media":0,"parent":0,"menu_order":0,"comment_status":"closed","ping_status":"closed","template":"","meta":{"_acf_changed":false,"footnotes":""},"class_list":["post-34136","page","type-page","status-publish","hentry"],"acf":[],"_links":{"self":[{"href":"https:\/\/www.sporting-women.de\/womens-outdoor-camp\/wp-json\/wp\/v2\/pages\/34136","targetHints":{"allow":["GET"]}}],"collection":[{"href":"https:\/\/www.sporting-women.de\/womens-outdoor-camp\/wp-json\/wp\/v2\/pages"}],"about":[{"href":"https:\/\/www.sporting-women.de\/womens-outdoor-camp\/wp-json\/wp\/v2\/types\/page"}],"author":[{"embeddable":true,"href":"https:\/\/www.sporting-women.de\/womens-outdoor-camp\/wp-json\/wp\/v2\/users\/7"}],"replies":[{"embeddable":true,"href":"https:\/\/www.sporting-women.de\/womens-outdoor-camp\/wp-json\/wp\/v2\/comments?post=34136"}],"version-history":[{"count":0,"href":"https:\/\/www.sporting-women.de\/womens-outdoor-camp\/wp-json\/wp\/v2\/pages\/34136\/revisions"}],"wp:attachment":[{"href":"https:\/\/www.sporting-women.de\/womens-outdoor-camp\/wp-json\/wp\/v2\/media?parent=34136"}],"curies":[{"name":"wp","href":"https:\/\/api.w.org\/{rel}","templated":true}]}}