
{"id":34615,"date":"2021-08-17T13:13:53","date_gmt":"2021-08-17T11:13:53","guid":{"rendered":"https:\/\/www.sporting-women.de\/womens-outdoor-community-camp\/?page_id=34615"},"modified":"2025-02-13T11:21:26","modified_gmt":"2025-02-13T10:21:26","slug":"faq","status":"publish","type":"page","link":"https:\/\/www.sporting-women.de\/womens-outdoor-camp\/faq\/","title":{"rendered":"FAQ"},"content":{"rendered":"\t\t<div data-elementor-type=\"wp-page\" data-elementor-id=\"34615\" class=\"elementor elementor-34615\" data-elementor-post-type=\"page\">\n\t\t\t\t\t\t<section class=\"elementor-section elementor-top-section elementor-element elementor-element-28b7f56f elementor-section-boxed elementor-section-height-default elementor-section-height-default\" data-id=\"28b7f56f\" data-element_type=\"section\" data-e-type=\"section\">\n\t\t\t\t\t\t<div class=\"elementor-container elementor-column-gap-default\">\n\t\t\t\t\t<div class=\"elementor-column elementor-col-100 elementor-top-column elementor-element elementor-element-190b3c0d\" data-id=\"190b3c0d\" data-element_type=\"column\" data-e-type=\"column\">\n\t\t\t<div class=\"elementor-widget-wrap elementor-element-populated\">\n\t\t\t\t\t\t<div class=\"elementor-element elementor-element-2819b24c elementor-widget elementor-widget-heading\" data-id=\"2819b24c\" data-element_type=\"widget\" data-e-type=\"widget\" data-widget_type=\"heading.default\">\n\t\t\t\t<div class=\"elementor-widget-container\">\n\t\t\t\t\t<h2 class=\"elementor-heading-title elementor-size-default\">FAQ<\/h2>\t\t\t\t<\/div>\n\t\t\t\t<\/div>\n\t\t\t\t\t<\/div>\n\t\t<\/div>\n\t\t\t\t\t<\/div>\n\t\t<\/section>\n\t\t\t\t<section class=\"elementor-section elementor-top-section elementor-element elementor-element-4412ca2 elementor-section-boxed elementor-section-height-default elementor-section-height-default\" data-id=\"4412ca2\" data-element_type=\"section\" data-e-type=\"section\">\n\t\t\t\t\t\t<div class=\"elementor-container elementor-column-gap-default\">\n\t\t\t\t\t<div class=\"elementor-column elementor-col-100 elementor-top-column elementor-element elementor-element-1259944\" data-id=\"1259944\" data-element_type=\"column\" data-e-type=\"column\">\n\t\t\t<div class=\"elementor-widget-wrap elementor-element-populated\">\n\t\t\t\t\t\t<div class=\"elementor-element elementor-element-81cfc9c elementor-widget elementor-widget-heading\" data-id=\"81cfc9c\" data-element_type=\"widget\" data-e-type=\"widget\" data-widget_type=\"heading.default\">\n\t\t\t\t<div class=\"elementor-widget-container\">\n\t\t\t\t\t<h2 class=\"elementor-heading-title elementor-size-default\">Allgemeine Fragen<\/h2>\t\t\t\t<\/div>\n\t\t\t\t<\/div>\n\t\t\t\t<div class=\"elementor-element elementor-element-4f721db elementor-widget elementor-widget-accordion\" data-id=\"4f721db\" data-element_type=\"widget\" data-e-type=\"widget\" data-widget_type=\"accordion.default\">\n\t\t\t\t<div class=\"elementor-widget-container\">\n\t\t\t\t\t\t\t<div class=\"elementor-accordion\">\n\t\t\t\t\t\t\t<div class=\"elementor-accordion-item\">\n\t\t\t\t\t<div id=\"elementor-tab-title-8331\" class=\"elementor-tab-title\" data-tab=\"1\" role=\"button\" aria-controls=\"elementor-tab-content-8331\" aria-expanded=\"false\">\n\t\t\t\t\t\t\t\t\t\t\t\t\t<span class=\"elementor-accordion-icon elementor-accordion-icon-left\" aria-hidden=\"true\">\n\t\t\t\t\t\t\t\t\t\t\t\t\t\t\t<span class=\"elementor-accordion-icon-closed\"><i class=\"fas fa-plus\"><\/i><\/span>\n\t\t\t\t\t\t\t\t<span class=\"elementor-accordion-icon-opened\"><i class=\"fas fa-minus\"><\/i><\/span>\n\t\t\t\t\t\t\t\t\t\t\t\t\t\t<\/span>\n\t\t\t\t\t\t\t\t\t\t\t\t<a class=\"elementor-accordion-title\" tabindex=\"0\">Muss ich eigenes Material\/Equipment mitbringen? Oder gibt es die M\u00f6glichkeit sich Sachen vor Ort auszuleihen?<\/a>\n\t\t\t\t\t<\/div>\n\t\t\t\t\t<div id=\"elementor-tab-content-8331\" class=\"elementor-tab-content elementor-clearfix\" data-tab=\"1\" role=\"region\" aria-labelledby=\"elementor-tab-title-8331\"><p>Bitte bringt euer eigenes Equipment mit. Unsere Partner haben nur eine begrenzte Auswahl an Testequipment dabei und das ist keine Leihausr\u00fcstung f\u00fcr alle Tage.<\/p><\/div>\n\t\t\t\t<\/div>\n\t\t\t\t\t\t\t<div class=\"elementor-accordion-item\">\n\t\t\t\t\t<div id=\"elementor-tab-title-8332\" class=\"elementor-tab-title\" data-tab=\"2\" role=\"button\" aria-controls=\"elementor-tab-content-8332\" aria-expanded=\"false\">\n\t\t\t\t\t\t\t\t\t\t\t\t\t<span class=\"elementor-accordion-icon elementor-accordion-icon-left\" aria-hidden=\"true\">\n\t\t\t\t\t\t\t\t\t\t\t\t\t\t\t<span class=\"elementor-accordion-icon-closed\"><i class=\"fas fa-plus\"><\/i><\/span>\n\t\t\t\t\t\t\t\t<span class=\"elementor-accordion-icon-opened\"><i class=\"fas fa-minus\"><\/i><\/span>\n\t\t\t\t\t\t\t\t\t\t\t\t\t\t<\/span>\n\t\t\t\t\t\t\t\t\t\t\t\t<a class=\"elementor-accordion-title\" tabindex=\"0\">Wann erhalte ich weitere Informationen zum Programm?<\/a>\n\t\t\t\t\t<\/div>\n\t\t\t\t\t<div id=\"elementor-tab-content-8332\" class=\"elementor-tab-content elementor-clearfix\" data-tab=\"2\" role=\"region\" aria-labelledby=\"elementor-tab-title-8332\"><p><span style=\"color: #454545;\" data-sheets-formula-bar-text-style=\"font-size:13px;color:#000000;font-weight:normal;text-decoration:none;font-family:'Arial';font-style:normal;text-decoration-skip-ink:none;\">In der Regel erh\u00e4ltst du von uns 10-14 Tage vor dem Camp die detaillierten Teilnehmerinformationen. Falls die Neugierde vorab zu gro\u00df ist, findest du das Camp-Programm auch auf der jeweiligen Eventwebsite.\u00a0<\/span><\/p><\/div>\n\t\t\t\t<\/div>\n\t\t\t\t\t\t\t<div class=\"elementor-accordion-item\">\n\t\t\t\t\t<div id=\"elementor-tab-title-8333\" class=\"elementor-tab-title\" data-tab=\"3\" role=\"button\" aria-controls=\"elementor-tab-content-8333\" aria-expanded=\"false\">\n\t\t\t\t\t\t\t\t\t\t\t\t\t<span class=\"elementor-accordion-icon elementor-accordion-icon-left\" aria-hidden=\"true\">\n\t\t\t\t\t\t\t\t\t\t\t\t\t\t\t<span class=\"elementor-accordion-icon-closed\"><i class=\"fas fa-plus\"><\/i><\/span>\n\t\t\t\t\t\t\t\t<span class=\"elementor-accordion-icon-opened\"><i class=\"fas fa-minus\"><\/i><\/span>\n\t\t\t\t\t\t\t\t\t\t\t\t\t\t<\/span>\n\t\t\t\t\t\t\t\t\t\t\t\t<a class=\"elementor-accordion-title\" tabindex=\"0\">Wie lange dauert es, bis ich nach der Buchung meine Anmeldebest\u00e4tigung bekomme?<\/a>\n\t\t\t\t\t<\/div>\n\t\t\t\t\t<div id=\"elementor-tab-content-8333\" class=\"elementor-tab-content elementor-clearfix\" data-tab=\"3\" role=\"region\" aria-labelledby=\"elementor-tab-title-8333\"><p><span data-sheets-formula-bar-text-style=\"font-size:13px;color:#000000;font-weight:normal;text-decoration:none;font-family:'Arial';font-style:normal;text-decoration-skip-ink:none;\">In der Regel bekommst du direkt nach der erfolgreichen Bestellung die Bestellbest\u00e4tigung per Mail. Schau&#8217; bitte auch im Spam-Ordner nach und solltest du innerhalb von 2-3 Tagen keine Mail erhalten haben, kannst du uns gerne kontaktieren und wir schicken dir diese nochmals zu.<\/span><\/p><\/div>\n\t\t\t\t<\/div>\n\t\t\t\t\t\t\t<div class=\"elementor-accordion-item\">\n\t\t\t\t\t<div id=\"elementor-tab-title-8334\" class=\"elementor-tab-title\" data-tab=\"4\" role=\"button\" aria-controls=\"elementor-tab-content-8334\" aria-expanded=\"false\">\n\t\t\t\t\t\t\t\t\t\t\t\t\t<span class=\"elementor-accordion-icon elementor-accordion-icon-left\" aria-hidden=\"true\">\n\t\t\t\t\t\t\t\t\t\t\t\t\t\t\t<span class=\"elementor-accordion-icon-closed\"><i class=\"fas fa-plus\"><\/i><\/span>\n\t\t\t\t\t\t\t\t<span class=\"elementor-accordion-icon-opened\"><i class=\"fas fa-minus\"><\/i><\/span>\n\t\t\t\t\t\t\t\t\t\t\t\t\t\t<\/span>\n\t\t\t\t\t\t\t\t\t\t\t\t<a class=\"elementor-accordion-title\" tabindex=\"0\">Welche private Reiser\u00fccktrittsversicherung w\u00fcrdet ihr mir empfehlen?<\/a>\n\t\t\t\t\t<\/div>\n\t\t\t\t\t<div id=\"elementor-tab-content-8334\" class=\"elementor-tab-content elementor-clearfix\" data-tab=\"4\" role=\"region\" aria-labelledby=\"elementor-tab-title-8334\"><p><span data-sheets-formula-bar-text-style=\"font-size:13px;color:#000000;font-weight:normal;text-decoration:none;font-family:'Arial';font-style:normal;text-decoration-skip-ink:none;\">Am besten recherchierst du selbst noch einmal online, welche Reiser\u00fccktrittsversicherung zu dir passt und deinen Anspr\u00fcchen gen\u00fcgt. Eine unverbindliche Empfehlung, die wir dir geben k\u00f6nnen, ist aber die Reiser\u00fccktrittsversicherung der Allianz, die teilweise auch Corona-Leistungen beinhaltet. Weitere Informationen dazu findest du <span style=\"color: #93ca9e;\"><a style=\"color: #93ca9e;\" href=\"https:\/\/www.allianz.de\/reise-und-freizeit\/reiseruecktrittsversicherung\/\" target=\"_blank\" rel=\"noopener\">hier<\/a><\/span>.<br \/><\/span><\/p><\/div>\n\t\t\t\t<\/div>\n\t\t\t\t\t\t\t<div class=\"elementor-accordion-item\">\n\t\t\t\t\t<div id=\"elementor-tab-title-8335\" class=\"elementor-tab-title\" data-tab=\"5\" role=\"button\" aria-controls=\"elementor-tab-content-8335\" aria-expanded=\"false\">\n\t\t\t\t\t\t\t\t\t\t\t\t\t<span class=\"elementor-accordion-icon elementor-accordion-icon-left\" aria-hidden=\"true\">\n\t\t\t\t\t\t\t\t\t\t\t\t\t\t\t<span class=\"elementor-accordion-icon-closed\"><i class=\"fas fa-plus\"><\/i><\/span>\n\t\t\t\t\t\t\t\t<span class=\"elementor-accordion-icon-opened\"><i class=\"fas fa-minus\"><\/i><\/span>\n\t\t\t\t\t\t\t\t\t\t\t\t\t\t<\/span>\n\t\t\t\t\t\t\t\t\t\t\t\t<a class=\"elementor-accordion-title\" tabindex=\"0\">Ich habe keine Freundin, die mich zu einem Camp begleitet. Kann ich auch allein zum Women's Camp kommen?<\/a>\n\t\t\t\t\t<\/div>\n\t\t\t\t\t<div id=\"elementor-tab-content-8335\" class=\"elementor-tab-content elementor-clearfix\" data-tab=\"5\" role=\"region\" aria-labelledby=\"elementor-tab-title-8335\"><p><span style=\"color: #454545;\">Auf jeden Fall kannst du auch \u201calleine\u201d zum Camp kommen. Bei unseren sportingWOMEN Camps sind schon einige tolle Freundschaften &amp; Bekanntschaften \u2013 auch auf diesem Weg \u2013 entstanden.<\/span><\/p><\/div>\n\t\t\t\t<\/div>\n\t\t\t\t\t\t\t<div class=\"elementor-accordion-item\">\n\t\t\t\t\t<div id=\"elementor-tab-title-8336\" class=\"elementor-tab-title\" data-tab=\"6\" role=\"button\" aria-controls=\"elementor-tab-content-8336\" aria-expanded=\"false\">\n\t\t\t\t\t\t\t\t\t\t\t\t\t<span class=\"elementor-accordion-icon elementor-accordion-icon-left\" aria-hidden=\"true\">\n\t\t\t\t\t\t\t\t\t\t\t\t\t\t\t<span class=\"elementor-accordion-icon-closed\"><i class=\"fas fa-plus\"><\/i><\/span>\n\t\t\t\t\t\t\t\t<span class=\"elementor-accordion-icon-opened\"><i class=\"fas fa-minus\"><\/i><\/span>\n\t\t\t\t\t\t\t\t\t\t\t\t\t\t<\/span>\n\t\t\t\t\t\t\t\t\t\t\t\t<a class=\"elementor-accordion-title\" tabindex=\"0\">Ich habe eine weite Anreise und w\u00fcrde gerne einen Tag fr\u00fcher anreisen. Wie regle ich das? Kann ich die Zusatznacht \u00fcber euch buchen?<\/a>\n\t\t\t\t\t<\/div>\n\t\t\t\t\t<div id=\"elementor-tab-content-8336\" class=\"elementor-tab-content elementor-clearfix\" data-tab=\"6\" role=\"region\" aria-labelledby=\"elementor-tab-title-8336\"><p><span data-sheets-formula-bar-text-style=\"font-size:13px;color:#000000;font-weight:normal;text-decoration:none;font-family:'Arial';font-style:normal;text-decoration-skip-ink:none;\">Du kannst nat\u00fcrlich auch schon einen Tag vorher anreisen, wenn der Campingplatz Kapazit\u00e4ten frei hat. Wir reservieren dir deinen Zelt- oder Stellplatz ab deinem Anreisedatum (das gibst du bitte bei deiner Anmeldung an). Die Kosten f\u00fcr die Zusatznacht bezahlst du direkt bei Campingplatz vor Ort. Wie hoch diese sind, erfragst du bei uns oder stehen direkt auf unserer Website.<\/span><\/p><\/div>\n\t\t\t\t<\/div>\n\t\t\t\t\t\t\t<div class=\"elementor-accordion-item\">\n\t\t\t\t\t<div id=\"elementor-tab-title-8337\" class=\"elementor-tab-title\" data-tab=\"7\" role=\"button\" aria-controls=\"elementor-tab-content-8337\" aria-expanded=\"false\">\n\t\t\t\t\t\t\t\t\t\t\t\t\t<span class=\"elementor-accordion-icon elementor-accordion-icon-left\" aria-hidden=\"true\">\n\t\t\t\t\t\t\t\t\t\t\t\t\t\t\t<span class=\"elementor-accordion-icon-closed\"><i class=\"fas fa-plus\"><\/i><\/span>\n\t\t\t\t\t\t\t\t<span class=\"elementor-accordion-icon-opened\"><i class=\"fas fa-minus\"><\/i><\/span>\n\t\t\t\t\t\t\t\t\t\t\t\t\t\t<\/span>\n\t\t\t\t\t\t\t\t\t\t\t\t<a class=\"elementor-accordion-title\" tabindex=\"0\">Kann mich jemand begleiten und ebenfalls auf dem Campingplatz \u00fcbernachten, ohne am Programm teilzunehmen? <\/a>\n\t\t\t\t\t<\/div>\n\t\t\t\t\t<div id=\"elementor-tab-content-8337\" class=\"elementor-tab-content elementor-clearfix\" data-tab=\"7\" role=\"region\" aria-labelledby=\"elementor-tab-title-8337\"><p><span data-sheets-formula-bar-text-style=\"font-size:13px;color:#000000;font-weight:normal;text-decoration:none;font-family:'Arial';font-style:normal;text-decoration-skip-ink:none;\">Das ist grunds\u00e4tzlich m\u00f6glich. Die Kosten daf\u00fcr sind direkt vor Ort beim Campingplatz zu bezahlen.<\/span><\/p><\/div>\n\t\t\t\t<\/div>\n\t\t\t\t\t\t\t<div class=\"elementor-accordion-item\">\n\t\t\t\t\t<div id=\"elementor-tab-title-8338\" class=\"elementor-tab-title\" data-tab=\"8\" role=\"button\" aria-controls=\"elementor-tab-content-8338\" aria-expanded=\"false\">\n\t\t\t\t\t\t\t\t\t\t\t\t\t<span class=\"elementor-accordion-icon elementor-accordion-icon-left\" aria-hidden=\"true\">\n\t\t\t\t\t\t\t\t\t\t\t\t\t\t\t<span class=\"elementor-accordion-icon-closed\"><i class=\"fas fa-plus\"><\/i><\/span>\n\t\t\t\t\t\t\t\t<span class=\"elementor-accordion-icon-opened\"><i class=\"fas fa-minus\"><\/i><\/span>\n\t\t\t\t\t\t\t\t\t\t\t\t\t\t<\/span>\n\t\t\t\t\t\t\t\t\t\t\t\t<a class=\"elementor-accordion-title\" tabindex=\"0\">Ab wieviel Jahren darf man beim dem Event teilnehmen?<\/a>\n\t\t\t\t\t<\/div>\n\t\t\t\t\t<div id=\"elementor-tab-content-8338\" class=\"elementor-tab-content elementor-clearfix\" data-tab=\"8\" role=\"region\" aria-labelledby=\"elementor-tab-title-8338\"><p><span data-sheets-formula-bar-text-style=\"font-size:13px;color:#000000;font-weight:normal;text-decoration:none;font-family:'Arial';font-style:normal;text-decoration-skip-ink:none;\">Das Mindestalter betr\u00e4gt 18 Jahre. In Begleitung einer Erziehungsberechtigten ist die Teilnahme ab Vollendung des 16. Lebensjahres m\u00f6glich.<\/span><\/p><\/div>\n\t\t\t\t<\/div>\n\t\t\t\t\t\t\t<div class=\"elementor-accordion-item\">\n\t\t\t\t\t<div id=\"elementor-tab-title-8339\" class=\"elementor-tab-title\" data-tab=\"9\" role=\"button\" aria-controls=\"elementor-tab-content-8339\" aria-expanded=\"false\">\n\t\t\t\t\t\t\t\t\t\t\t\t\t<span class=\"elementor-accordion-icon elementor-accordion-icon-left\" aria-hidden=\"true\">\n\t\t\t\t\t\t\t\t\t\t\t\t\t\t\t<span class=\"elementor-accordion-icon-closed\"><i class=\"fas fa-plus\"><\/i><\/span>\n\t\t\t\t\t\t\t\t<span class=\"elementor-accordion-icon-opened\"><i class=\"fas fa-minus\"><\/i><\/span>\n\t\t\t\t\t\t\t\t\t\t\t\t\t\t<\/span>\n\t\t\t\t\t\t\t\t\t\t\t\t<a class=\"elementor-accordion-title\" tabindex=\"0\">Wie bleibe ich auf dem neuesten Stand der sportingWOMEN Camps? <\/a>\n\t\t\t\t\t<\/div>\n\t\t\t\t\t<div id=\"elementor-tab-content-8339\" class=\"elementor-tab-content elementor-clearfix\" data-tab=\"9\" role=\"region\" aria-labelledby=\"elementor-tab-title-8339\"><p><span data-sheets-formula-bar-text-style=\"font-size:13px;color:#000000;font-weight:normal;text-decoration:none;font-family:'Arial';font-style:normal;text-decoration-skip-ink:none;\">Wenn du immer \u00fcber alle Neuigkeiten und spannende Specials unserer sportingWOMEN Community informiert sein willst, dann folge uns doch einfach auf <span style=\"color: #628a74;\"><a style=\"color: #628a74;\" href=\"https:\/\/www.facebook.com\/sportingWOMEN\/\" target=\"_blank\" rel=\"noopener\">Facebook<\/a><\/span> oder <span style=\"color: #628a74;\"><a style=\"color: #628a74;\" href=\"https:\/\/www.instagram.com\/sportingwomen\/?hl=de\" target=\"_blank\" rel=\"noopener\">Instagram<\/a><\/span> oder abonniere unseren <span style=\"color: #628a74;\"><a style=\"color: #628a74;\" href=\"https:\/\/landing.mailerlite.com\/webforms\/landing\/r3s8v6\" target=\"_blank\" rel=\"noopener\">Newsletter<\/a><\/span>.<br \/><\/span><\/p><\/div>\n\t\t\t\t<\/div>\n\t\t\t\t\t\t\t\t\t\t<script type=\"application\/ld+json\">{\"@context\":\"https:\\\/\\\/schema.org\",\"@type\":\"FAQPage\",\"mainEntity\":[{\"@type\":\"Question\",\"name\":\"Muss ich eigenes Material\\\/Equipment mitbringen? Oder gibt es die M\\u00f6glichkeit sich Sachen vor Ort auszuleihen?\",\"acceptedAnswer\":{\"@type\":\"Answer\",\"text\":\"<p>Bitte bringt euer eigenes Equipment mit. Unsere Partner haben nur eine begrenzte Auswahl an Testequipment dabei und das ist keine Leihausr\\u00fcstung f\\u00fcr alle Tage.<\\\/p>\"}},{\"@type\":\"Question\",\"name\":\"Wann erhalte ich weitere Informationen zum Programm?\",\"acceptedAnswer\":{\"@type\":\"Answer\",\"text\":\"<p><span style=\\\"color: #454545;\\\" data-sheets-formula-bar-text-style=\\\"font-size:13px;color:#000000;font-weight:normal;text-decoration:none;font-family:'Arial';font-style:normal;text-decoration-skip-ink:none;\\\">In der Regel erh\\u00e4ltst du von uns 10-14 Tage vor dem Camp die detaillierten Teilnehmerinformationen. Falls die Neugierde vorab zu gro\\u00df ist, findest du das Camp-Programm auch auf der jeweiligen Eventwebsite.\\u00a0<\\\/span><\\\/p>\"}},{\"@type\":\"Question\",\"name\":\"Wie lange dauert es, bis ich nach der Buchung meine Anmeldebest\\u00e4tigung bekomme?\",\"acceptedAnswer\":{\"@type\":\"Answer\",\"text\":\"<p><span data-sheets-formula-bar-text-style=\\\"font-size:13px;color:#000000;font-weight:normal;text-decoration:none;font-family:'Arial';font-style:normal;text-decoration-skip-ink:none;\\\">In der Regel bekommst du direkt nach der erfolgreichen Bestellung die Bestellbest\\u00e4tigung per Mail. Schau&#8217; bitte auch im Spam-Ordner nach und solltest du innerhalb von 2-3 Tagen keine Mail erhalten haben, kannst du uns gerne kontaktieren und wir schicken dir diese nochmals zu.<\\\/span><\\\/p>\"}},{\"@type\":\"Question\",\"name\":\"Welche private Reiser\\u00fccktrittsversicherung w\\u00fcrdet ihr mir empfehlen?\",\"acceptedAnswer\":{\"@type\":\"Answer\",\"text\":\"<p><span data-sheets-formula-bar-text-style=\\\"font-size:13px;color:#000000;font-weight:normal;text-decoration:none;font-family:'Arial';font-style:normal;text-decoration-skip-ink:none;\\\">Am besten recherchierst du selbst noch einmal online, welche Reiser\\u00fccktrittsversicherung zu dir passt und deinen Anspr\\u00fcchen gen\\u00fcgt. Eine unverbindliche Empfehlung, die wir dir geben k\\u00f6nnen, ist aber die Reiser\\u00fccktrittsversicherung der Allianz, die teilweise auch Corona-Leistungen beinhaltet. Weitere Informationen dazu findest du <span style=\\\"color: #93ca9e;\\\"><a style=\\\"color: #93ca9e;\\\" href=\\\"https:\\\/\\\/www.allianz.de\\\/reise-und-freizeit\\\/reiseruecktrittsversicherung\\\/\\\" target=\\\"_blank\\\" rel=\\\"noopener\\\">hier<\\\/a><\\\/span>.<br \\\/><\\\/span><\\\/p>\"}},{\"@type\":\"Question\",\"name\":\"Ich habe keine Freundin, die mich zu einem Camp begleitet. Kann ich auch allein zum Women's Camp kommen?\",\"acceptedAnswer\":{\"@type\":\"Answer\",\"text\":\"<p><span style=\\\"color: #454545;\\\">Auf jeden Fall kannst du auch \\u201calleine\\u201d zum Camp kommen. Bei unseren sportingWOMEN Camps sind schon einige tolle Freundschaften &amp; Bekanntschaften \\u2013 auch auf diesem Weg \\u2013 entstanden.<\\\/span><\\\/p>\"}},{\"@type\":\"Question\",\"name\":\"Ich habe eine weite Anreise und w\\u00fcrde gerne einen Tag fr\\u00fcher anreisen. Wie regle ich das? Kann ich die Zusatznacht \\u00fcber euch buchen?\",\"acceptedAnswer\":{\"@type\":\"Answer\",\"text\":\"<p><span data-sheets-formula-bar-text-style=\\\"font-size:13px;color:#000000;font-weight:normal;text-decoration:none;font-family:'Arial';font-style:normal;text-decoration-skip-ink:none;\\\">Du kannst nat\\u00fcrlich auch schon einen Tag vorher anreisen, wenn der Campingplatz Kapazit\\u00e4ten frei hat. Wir reservieren dir deinen Zelt- oder Stellplatz ab deinem Anreisedatum (das gibst du bitte bei deiner Anmeldung an). Die Kosten f\\u00fcr die Zusatznacht bezahlst du direkt bei Campingplatz vor Ort. Wie hoch diese sind, erfragst du bei uns oder stehen direkt auf unserer Website.<\\\/span><\\\/p>\"}},{\"@type\":\"Question\",\"name\":\"Kann mich jemand begleiten und ebenfalls auf dem Campingplatz \\u00fcbernachten, ohne am Programm teilzunehmen?\",\"acceptedAnswer\":{\"@type\":\"Answer\",\"text\":\"<p><span data-sheets-formula-bar-text-style=\\\"font-size:13px;color:#000000;font-weight:normal;text-decoration:none;font-family:'Arial';font-style:normal;text-decoration-skip-ink:none;\\\">Das ist grunds\\u00e4tzlich m\\u00f6glich. Die Kosten daf\\u00fcr sind direkt vor Ort beim Campingplatz zu bezahlen.<\\\/span><\\\/p>\"}},{\"@type\":\"Question\",\"name\":\"Ab wieviel Jahren darf man beim dem Event teilnehmen?\",\"acceptedAnswer\":{\"@type\":\"Answer\",\"text\":\"<p><span data-sheets-formula-bar-text-style=\\\"font-size:13px;color:#000000;font-weight:normal;text-decoration:none;font-family:'Arial';font-style:normal;text-decoration-skip-ink:none;\\\">Das Mindestalter betr\\u00e4gt 18 Jahre. In Begleitung einer Erziehungsberechtigten ist die Teilnahme ab Vollendung des 16. Lebensjahres m\\u00f6glich.<\\\/span><\\\/p>\"}},{\"@type\":\"Question\",\"name\":\"Wie bleibe ich auf dem neuesten Stand der sportingWOMEN Camps?\",\"acceptedAnswer\":{\"@type\":\"Answer\",\"text\":\"<p><span data-sheets-formula-bar-text-style=\\\"font-size:13px;color:#000000;font-weight:normal;text-decoration:none;font-family:'Arial';font-style:normal;text-decoration-skip-ink:none;\\\">Wenn du immer \\u00fcber alle Neuigkeiten und spannende Specials unserer sportingWOMEN Community informiert sein willst, dann folge uns doch einfach auf <span style=\\\"color: #628a74;\\\"><a style=\\\"color: #628a74;\\\" href=\\\"https:\\\/\\\/www.facebook.com\\\/sportingWOMEN\\\/\\\" target=\\\"_blank\\\" rel=\\\"noopener\\\">Facebook<\\\/a><\\\/span> oder <span style=\\\"color: #628a74;\\\"><a style=\\\"color: #628a74;\\\" href=\\\"https:\\\/\\\/www.instagram.com\\\/sportingwomen\\\/?hl=de\\\" target=\\\"_blank\\\" rel=\\\"noopener\\\">Instagram<\\\/a><\\\/span> oder abonniere unseren <span style=\\\"color: #628a74;\\\"><a style=\\\"color: #628a74;\\\" href=\\\"https:\\\/\\\/landing.mailerlite.com\\\/webforms\\\/landing\\\/r3s8v6\\\" target=\\\"_blank\\\" rel=\\\"noopener\\\">Newsletter<\\\/a><\\\/span>.<br \\\/><\\\/span><\\\/p>\"}}]}<\/script>\n\t\t\t\t\t<\/div>\n\t\t\t\t\t\t<\/div>\n\t\t\t\t<\/div>\n\t\t\t\t\t<\/div>\n\t\t<\/div>\n\t\t\t\t\t<\/div>\n\t\t<\/section>\n\t\t\t\t<section class=\"elementor-section elementor-top-section elementor-element elementor-element-2056d73 elementor-section-boxed elementor-section-height-default elementor-section-height-default\" data-id=\"2056d73\" data-element_type=\"section\" data-e-type=\"section\">\n\t\t\t\t\t\t<div class=\"elementor-container elementor-column-gap-default\">\n\t\t\t\t\t<div class=\"elementor-column elementor-col-100 elementor-top-column elementor-element elementor-element-bd64783\" data-id=\"bd64783\" data-element_type=\"column\" data-e-type=\"column\">\n\t\t\t<div class=\"elementor-widget-wrap elementor-element-populated\">\n\t\t\t\t\t\t<div class=\"elementor-element elementor-element-cb82f3e elementor-widget elementor-widget-heading\" data-id=\"cb82f3e\" data-element_type=\"widget\" data-e-type=\"widget\" data-widget_type=\"heading.default\">\n\t\t\t\t<div class=\"elementor-widget-container\">\n\t\t\t\t\t<h2 class=\"elementor-heading-title elementor-size-default\">Eventspezifische Fragen<\/h2>\t\t\t\t<\/div>\n\t\t\t\t<\/div>\n\t\t\t\t\t<\/div>\n\t\t<\/div>\n\t\t\t\t\t<\/div>\n\t\t<\/section>\n\t\t\t\t<section class=\"elementor-section elementor-top-section elementor-element elementor-element-ea05344 elementor-section-boxed elementor-section-height-default elementor-section-height-default\" data-id=\"ea05344\" data-element_type=\"section\" data-e-type=\"section\">\n\t\t\t\t\t\t<div class=\"elementor-container elementor-column-gap-default\">\n\t\t\t\t\t<div class=\"elementor-column elementor-col-100 elementor-top-column elementor-element elementor-element-b607f99\" data-id=\"b607f99\" data-element_type=\"column\" data-e-type=\"column\">\n\t\t\t<div class=\"elementor-widget-wrap elementor-element-populated\">\n\t\t\t\t\t\t<div class=\"elementor-element elementor-element-a7fcfd0 elementor-widget elementor-widget-accordion\" data-id=\"a7fcfd0\" data-element_type=\"widget\" data-e-type=\"widget\" data-widget_type=\"accordion.default\">\n\t\t\t\t<div class=\"elementor-widget-container\">\n\t\t\t\t\t\t\t<div class=\"elementor-accordion\">\n\t\t\t\t\t\t\t<div class=\"elementor-accordion-item\">\n\t\t\t\t\t<div id=\"elementor-tab-title-1761\" class=\"elementor-tab-title\" data-tab=\"1\" role=\"button\" aria-controls=\"elementor-tab-content-1761\" aria-expanded=\"false\">\n\t\t\t\t\t\t\t\t\t\t\t\t\t<span class=\"elementor-accordion-icon elementor-accordion-icon-left\" aria-hidden=\"true\">\n\t\t\t\t\t\t\t\t\t\t\t\t\t\t\t<span class=\"elementor-accordion-icon-closed\"><i class=\"fas fa-plus\"><\/i><\/span>\n\t\t\t\t\t\t\t\t<span class=\"elementor-accordion-icon-opened\"><i class=\"fas fa-minus\"><\/i><\/span>\n\t\t\t\t\t\t\t\t\t\t\t\t\t\t<\/span>\n\t\t\t\t\t\t\t\t\t\t\t\t<a class=\"elementor-accordion-title\" tabindex=\"0\">Was sind die Grundvoraussetzungen f\u00fcr eine Teilnahme am Outdoor Community Camp?<\/a>\n\t\t\t\t\t<\/div>\n\t\t\t\t\t<div id=\"elementor-tab-content-1761\" class=\"elementor-tab-content elementor-clearfix\" data-tab=\"1\" role=\"region\" aria-labelledby=\"elementor-tab-title-1761\"><p>Um am sportingWOMEN Outdoor Camp teilzunehmen, musst du keine Kenntnisse mitbringen, lediglich eine Grundkondition, um an den Kursen teilzunehmen. Es gibt sowohl f\u00fcr Anf\u00e4nger als auch f\u00fcr Fortgeschrittene Touren beim Wandern und Trailrun.<\/p><\/div>\n\t\t\t\t<\/div>\n\t\t\t\t\t\t\t<div class=\"elementor-accordion-item\">\n\t\t\t\t\t<div id=\"elementor-tab-title-1762\" class=\"elementor-tab-title\" data-tab=\"2\" role=\"button\" aria-controls=\"elementor-tab-content-1762\" aria-expanded=\"false\">\n\t\t\t\t\t\t\t\t\t\t\t\t\t<span class=\"elementor-accordion-icon elementor-accordion-icon-left\" aria-hidden=\"true\">\n\t\t\t\t\t\t\t\t\t\t\t\t\t\t\t<span class=\"elementor-accordion-icon-closed\"><i class=\"fas fa-plus\"><\/i><\/span>\n\t\t\t\t\t\t\t\t<span class=\"elementor-accordion-icon-opened\"><i class=\"fas fa-minus\"><\/i><\/span>\n\t\t\t\t\t\t\t\t\t\t\t\t\t\t<\/span>\n\t\t\t\t\t\t\t\t\t\t\t\t<a class=\"elementor-accordion-title\" tabindex=\"0\">Findet das Camp auch bei schlechtem Wetter statt? <\/a>\n\t\t\t\t\t<\/div>\n\t\t\t\t\t<div id=\"elementor-tab-content-1762\" class=\"elementor-tab-content elementor-clearfix\" data-tab=\"2\" role=\"region\" aria-labelledby=\"elementor-tab-title-1762\"><p><span data-sheets-formula-bar-text-style=\"font-size:13px;color:#000000;font-weight:normal;text-decoration:none;font-family:'Arial';font-style:normal;text-decoration-skip-ink:none;\">Leider k\u00f6nnen wir das Wetter nicht beeinflussen, aber wir geben euch so fr\u00fch wie m\u00f6glich ein Update, falls die Wetterbedingungen schwierig sind. Ist das Wetter zu schlecht, um das Programm wie geplant durchzuf\u00fchren, bieten wir ein Alternativprogramm an. Im Fall einer Veranstalterabsage besteht die M\u00f6glichkeit das Geld vollst\u00e4ndig zur\u00fcckzuerhalten. <\/span><\/p><\/div>\n\t\t\t\t<\/div>\n\t\t\t\t\t\t\t<div class=\"elementor-accordion-item\">\n\t\t\t\t\t<div id=\"elementor-tab-title-1763\" class=\"elementor-tab-title\" data-tab=\"3\" role=\"button\" aria-controls=\"elementor-tab-content-1763\" aria-expanded=\"false\">\n\t\t\t\t\t\t\t\t\t\t\t\t\t<span class=\"elementor-accordion-icon elementor-accordion-icon-left\" aria-hidden=\"true\">\n\t\t\t\t\t\t\t\t\t\t\t\t\t\t\t<span class=\"elementor-accordion-icon-closed\"><i class=\"fas fa-plus\"><\/i><\/span>\n\t\t\t\t\t\t\t\t<span class=\"elementor-accordion-icon-opened\"><i class=\"fas fa-minus\"><\/i><\/span>\n\t\t\t\t\t\t\t\t\t\t\t\t\t\t<\/span>\n\t\t\t\t\t\t\t\t\t\t\t\t<a class=\"elementor-accordion-title\" tabindex=\"0\">Welche Anfahrtsm\u00f6glichkeiten habe ich?<\/a>\n\t\t\t\t\t<\/div>\n\t\t\t\t\t<div id=\"elementor-tab-content-1763\" class=\"elementor-tab-content elementor-clearfix\" data-tab=\"3\" role=\"region\" aria-labelledby=\"elementor-tab-title-1763\"><p><strong>Unterkunft:<\/strong><\/p><p class=\"elementor-heading-title elementor-size-default\">Campingpark Oberammergau GmbH<\/p><div class=\"elementor-element elementor-element-b203aa7 elementor-widget elementor-widget-text-editor\" data-id=\"b203aa7\" data-element_type=\"widget\" data-widget_type=\"text-editor.default\"><div class=\"elementor-widget-container\"><p>Ettaler Stra\u00dfe 56b<br \/>D-82487 Oberammergau<\/p><p>Tel: +49 (0)8822 \u2013 9 41 05<br \/>E-Mail: <span style=\"color: #628a74;\"><a style=\"color: #628a74;\" href=\"mailto:info@camping-oberammergau.de\">info@camping-oberammergau.de<\/a><\/span><br \/>Webseite: <a href=\"https:\/\/www.campingpark-oberammergau.de\/page\/de\/start\" target=\"_blank\" rel=\"noopener\"><span style=\"color: #628a74;\">www.campingpark-oberammergau.de<\/span><\/a><\/p><\/div><\/div><p>Informiert euch auch gerne auf der Webseite des <span style=\"color: #628a74;\"><a style=\"color: #628a74;\" href=\"https:\/\/www.campingpark-oberammergau.de\/page\/de\/anfahrt\" target=\"_blank\" rel=\"noopener\">Campingparks <\/a><\/span>\u00fcber eure Anreisem\u00f6glichkeiten.<\/p><\/div>\n\t\t\t\t<\/div>\n\t\t\t\t\t\t\t<div class=\"elementor-accordion-item\">\n\t\t\t\t\t<div id=\"elementor-tab-title-1764\" class=\"elementor-tab-title\" data-tab=\"4\" role=\"button\" aria-controls=\"elementor-tab-content-1764\" aria-expanded=\"false\">\n\t\t\t\t\t\t\t\t\t\t\t\t\t<span class=\"elementor-accordion-icon elementor-accordion-icon-left\" aria-hidden=\"true\">\n\t\t\t\t\t\t\t\t\t\t\t\t\t\t\t<span class=\"elementor-accordion-icon-closed\"><i class=\"fas fa-plus\"><\/i><\/span>\n\t\t\t\t\t\t\t\t<span class=\"elementor-accordion-icon-opened\"><i class=\"fas fa-minus\"><\/i><\/span>\n\t\t\t\t\t\t\t\t\t\t\t\t\t\t<\/span>\n\t\t\t\t\t\t\t\t\t\t\t\t<a class=\"elementor-accordion-title\" tabindex=\"0\">Muss ich bei beiden Kursen (Wandern und Trailrun) mitmachen? <\/a>\n\t\t\t\t\t<\/div>\n\t\t\t\t\t<div id=\"elementor-tab-content-1764\" class=\"elementor-tab-content elementor-clearfix\" data-tab=\"4\" role=\"region\" aria-labelledby=\"elementor-tab-title-1764\"><p>Nein, du kannst dein Programm selber gestalten und z.B. beide Sportarten ausprobieren oder auch nur beim Wandern oder Trailrun an beiden Tagen mitmachen.<\/p><\/div>\n\t\t\t\t<\/div>\n\t\t\t\t\t\t\t\t\t\t<script type=\"application\/ld+json\">{\"@context\":\"https:\\\/\\\/schema.org\",\"@type\":\"FAQPage\",\"mainEntity\":[{\"@type\":\"Question\",\"name\":\"Was sind die Grundvoraussetzungen f\\u00fcr eine Teilnahme am Outdoor Community Camp?\",\"acceptedAnswer\":{\"@type\":\"Answer\",\"text\":\"<p>Um am sportingWOMEN Outdoor Camp teilzunehmen, musst du keine Kenntnisse mitbringen, lediglich eine Grundkondition, um an den Kursen teilzunehmen. Es gibt sowohl f\\u00fcr Anf\\u00e4nger als auch f\\u00fcr Fortgeschrittene Touren beim Wandern und Trailrun.<\\\/p>\"}},{\"@type\":\"Question\",\"name\":\"Findet das Camp auch bei schlechtem Wetter statt?\",\"acceptedAnswer\":{\"@type\":\"Answer\",\"text\":\"<p><span data-sheets-formula-bar-text-style=\\\"font-size:13px;color:#000000;font-weight:normal;text-decoration:none;font-family:'Arial';font-style:normal;text-decoration-skip-ink:none;\\\">Leider k\\u00f6nnen wir das Wetter nicht beeinflussen, aber wir geben euch so fr\\u00fch wie m\\u00f6glich ein Update, falls die Wetterbedingungen schwierig sind. Ist das Wetter zu schlecht, um das Programm wie geplant durchzuf\\u00fchren, bieten wir ein Alternativprogramm an. Im Fall einer Veranstalterabsage besteht die M\\u00f6glichkeit das Geld vollst\\u00e4ndig zur\\u00fcckzuerhalten. <\\\/span><\\\/p>\"}},{\"@type\":\"Question\",\"name\":\"Welche Anfahrtsm\\u00f6glichkeiten habe ich?\",\"acceptedAnswer\":{\"@type\":\"Answer\",\"text\":\"<p><strong>Unterkunft:<\\\/strong><\\\/p><p class=\\\"elementor-heading-title elementor-size-default\\\">Campingpark Oberammergau GmbH<\\\/p><div class=\\\"elementor-element elementor-element-b203aa7 elementor-widget elementor-widget-text-editor\\\" data-id=\\\"b203aa7\\\" data-element_type=\\\"widget\\\" data-widget_type=\\\"text-editor.default\\\"><div class=\\\"elementor-widget-container\\\"><p>Ettaler Stra\\u00dfe 56b<br \\\/>D-82487 Oberammergau<\\\/p><p>Tel: +49 (0)8822 \\u2013 9 41 05<br \\\/>E-Mail: <span style=\\\"color: #628a74;\\\"><a style=\\\"color: #628a74;\\\" href=\\\"mailto:info@camping-oberammergau.de\\\">info@camping-oberammergau.de<\\\/a><\\\/span><br \\\/>Webseite: <a href=\\\"https:\\\/\\\/www.campingpark-oberammergau.de\\\/page\\\/de\\\/start\\\" target=\\\"_blank\\\" rel=\\\"noopener\\\"><span style=\\\"color: #628a74;\\\">www.campingpark-oberammergau.de<\\\/span><\\\/a><\\\/p><\\\/div><\\\/div><p>Informiert euch auch gerne auf der Webseite des <span style=\\\"color: #628a74;\\\"><a style=\\\"color: #628a74;\\\" href=\\\"https:\\\/\\\/www.campingpark-oberammergau.de\\\/page\\\/de\\\/anfahrt\\\" target=\\\"_blank\\\" rel=\\\"noopener\\\">Campingparks <\\\/a><\\\/span>\\u00fcber eure Anreisem\\u00f6glichkeiten.<\\\/p>\"}},{\"@type\":\"Question\",\"name\":\"Muss ich bei beiden Kursen (Wandern und Trailrun) mitmachen?\",\"acceptedAnswer\":{\"@type\":\"Answer\",\"text\":\"<p>Nein, du kannst dein Programm selber gestalten und z.B. beide Sportarten ausprobieren oder auch nur beim Wandern oder Trailrun an beiden Tagen mitmachen.<\\\/p>\"}}]}<\/script>\n\t\t\t\t\t<\/div>\n\t\t\t\t\t\t<\/div>\n\t\t\t\t<\/div>\n\t\t\t\t\t<\/div>\n\t\t<\/div>\n\t\t\t\t\t<\/div>\n\t\t<\/section>\n\t\t\t\t<section class=\"elementor-section elementor-top-section elementor-element elementor-element-8a8fe28 elementor-section-boxed elementor-section-height-default elementor-section-height-default\" data-id=\"8a8fe28\" data-element_type=\"section\" data-e-type=\"section\">\n\t\t\t\t\t\t<div class=\"elementor-container elementor-column-gap-default\">\n\t\t\t\t\t<div class=\"elementor-column elementor-col-100 elementor-top-column elementor-element elementor-element-8825ebd\" data-id=\"8825ebd\" data-element_type=\"column\" data-e-type=\"column\">\n\t\t\t<div class=\"elementor-widget-wrap elementor-element-populated\">\n\t\t\t\t\t\t<div class=\"elementor-element elementor-element-1fac40f elementor-widget elementor-widget-heading\" data-id=\"1fac40f\" data-element_type=\"widget\" data-e-type=\"widget\" data-widget_type=\"heading.default\">\n\t\t\t\t<div class=\"elementor-widget-container\">\n\t\t\t\t\t<h2 class=\"elementor-heading-title elementor-size-default\">Noch Fragen?<\/h2>\t\t\t\t<\/div>\n\t\t\t\t<\/div>\n\t\t\t\t<div class=\"elementor-element elementor-element-5ccab19 elementor-widget elementor-widget-text-editor\" data-id=\"5ccab19\" data-element_type=\"widget\" data-e-type=\"widget\" data-widget_type=\"text-editor.default\">\n\t\t\t\t<div class=\"elementor-widget-container\">\n\t\t\t\t\t\t\t\t\t<p><span style=\"color: #454545;\">Wurde deine Frage nicht beantwortet? Dann schreib gerne eine Mail an Linda Boos oder ruf uns an.<\/span><\/p><p><span style=\"color: #454545;\">\u2028Telefon: +49 821 6505 4940<\/span><br \/><span style=\"color: #454545;\">\u2028Email:<\/span> <span style=\"color: #628a74;\"><a style=\"color: #628a74;\" href=\"mailto:linda.boos@fp-concepts.de\">linda.boos@fp-concepts.de<\/a><\/span><\/p>\t\t\t\t\t\t\t\t<\/div>\n\t\t\t\t<\/div>\n\t\t\t\t\t<\/div>\n\t\t<\/div>\n\t\t\t\t\t<\/div>\n\t\t<\/section>\n\t\t\t\t<\/div>\n\t\t","protected":false},"excerpt":{"rendered":"<p>FAQ Allgemeine Fragen Muss ich eigenes Material\/Equipment mitbringen? Oder gibt es die M\u00f6glichkeit sich Sachen vor Ort auszuleihen? Bitte bringt euer eigenes Equipment mit. Unsere Partner haben nur eine begrenzte Auswahl an Testequipment dabei und das ist keine Leihausr\u00fcstung f\u00fcr alle Tage. Wann erhalte ich weitere Informationen zum Programm? In der Regel erh\u00e4ltst du von [&hellip;]<\/p>\n","protected":false},"author":2,"featured_media":0,"parent":0,"menu_order":0,"comment_status":"closed","ping_status":"closed","template":"","meta":{"_acf_changed":false,"footnotes":""},"class_list":["post-34615","page","type-page","status-publish","hentry"],"acf":[],"_links":{"self":[{"href":"https:\/\/www.sporting-women.de\/womens-outdoor-camp\/wp-json\/wp\/v2\/pages\/34615","targetHints":{"allow":["GET"]}}],"collection":[{"href":"https:\/\/www.sporting-women.de\/womens-outdoor-camp\/wp-json\/wp\/v2\/pages"}],"about":[{"href":"https:\/\/www.sporting-women.de\/womens-outdoor-camp\/wp-json\/wp\/v2\/types\/page"}],"author":[{"embeddable":true,"href":"https:\/\/www.sporting-women.de\/womens-outdoor-camp\/wp-json\/wp\/v2\/users\/2"}],"replies":[{"embeddable":true,"href":"https:\/\/www.sporting-women.de\/womens-outdoor-camp\/wp-json\/wp\/v2\/comments?post=34615"}],"version-history":[{"count":0,"href":"https:\/\/www.sporting-women.de\/womens-outdoor-camp\/wp-json\/wp\/v2\/pages\/34615\/revisions"}],"wp:attachment":[{"href":"https:\/\/www.sporting-women.de\/womens-outdoor-camp\/wp-json\/wp\/v2\/media?parent=34615"}],"curies":[{"name":"wp","href":"https:\/\/api.w.org\/{rel}","templated":true}]}}