
{"id":32040,"date":"2021-08-17T13:13:53","date_gmt":"2021-08-17T11:13:53","guid":{"rendered":"https:\/\/www.sporting-women.de\/womens-winter-camp\/?page_id=32040"},"modified":"2025-09-25T14:47:14","modified_gmt":"2025-09-25T12:47:14","slug":"team","status":"publish","type":"page","link":"https:\/\/www.sporting-women.de\/womens-winter-camp\/team\/","title":{"rendered":"Kontakt"},"content":{"rendered":"\t\t<div data-elementor-type=\"wp-page\" data-elementor-id=\"32040\" class=\"elementor elementor-32040\" data-elementor-post-type=\"page\">\n\t\t\t\t\t\t<section class=\"elementor-section elementor-top-section elementor-element elementor-element-28b7f56f elementor-section-boxed elementor-section-height-default elementor-section-height-default\" data-id=\"28b7f56f\" data-element_type=\"section\" data-e-type=\"section\">\n\t\t\t\t\t\t<div class=\"elementor-container elementor-column-gap-default\">\n\t\t\t\t\t<div class=\"elementor-column elementor-col-100 elementor-top-column elementor-element elementor-element-190b3c0d\" data-id=\"190b3c0d\" data-element_type=\"column\" data-e-type=\"column\">\n\t\t\t<div class=\"elementor-widget-wrap elementor-element-populated\">\n\t\t\t\t\t\t<div class=\"elementor-element elementor-element-2819b24c elementor-widget elementor-widget-heading\" data-id=\"2819b24c\" data-element_type=\"widget\" data-e-type=\"widget\" data-widget_type=\"heading.default\">\n\t\t\t\t<div class=\"elementor-widget-container\">\n\t\t\t\t\t<h2 class=\"elementor-heading-title elementor-size-default\">Team<\/h2>\t\t\t\t<\/div>\n\t\t\t\t<\/div>\n\t\t\t\t<div class=\"elementor-element elementor-element-b367deb elementor-widget elementor-widget-text-editor\" data-id=\"b367deb\" data-element_type=\"widget\" data-e-type=\"widget\" data-widget_type=\"text-editor.default\">\n\t\t\t\t<div class=\"elementor-widget-container\">\n\t\t\t\t\t\t\t\t\t<p style=\"text-align: center\"><span style=\"color: #000000\">Das fiedler &amp; peter concepts Team und unsere Guides freuen sich auf zwei gro\u00dfartige Wintercamps mit euch!<\/span><\/p>\t\t\t\t\t\t\t\t<\/div>\n\t\t\t\t<\/div>\n\t\t\t\t<div class=\"elementor-element elementor-element-ec728fc elementor-widget elementor-widget-spacer\" data-id=\"ec728fc\" data-element_type=\"widget\" data-e-type=\"widget\" data-widget_type=\"spacer.default\">\n\t\t\t\t<div class=\"elementor-widget-container\">\n\t\t\t\t\t\t\t<div class=\"elementor-spacer\">\n\t\t\t<div class=\"elementor-spacer-inner\"><\/div>\n\t\t<\/div>\n\t\t\t\t\t\t<\/div>\n\t\t\t\t<\/div>\n\t\t\t\t\t<\/div>\n\t\t<\/div>\n\t\t\t\t\t<\/div>\n\t\t<\/section>\n\t\t\t\t<section class=\"elementor-section elementor-top-section elementor-element elementor-element-024b87a elementor-section-boxed elementor-section-height-default elementor-section-height-default\" data-id=\"024b87a\" data-element_type=\"section\" data-e-type=\"section\">\n\t\t\t\t\t\t<div class=\"elementor-container elementor-column-gap-default\">\n\t\t\t\t\t<div class=\"elementor-column elementor-col-33 elementor-top-column elementor-element elementor-element-eb6d190\" data-id=\"eb6d190\" data-element_type=\"column\" data-e-type=\"column\" data-settings=\"{&quot;background_background&quot;:&quot;classic&quot;}\">\n\t\t\t<div class=\"elementor-widget-wrap elementor-element-populated\">\n\t\t\t\t\t\t<div class=\"elementor-element elementor-element-c11f4ea elementor-widget elementor-widget-image\" data-id=\"c11f4ea\" data-element_type=\"widget\" data-e-type=\"widget\" data-widget_type=\"image.default\">\n\t\t\t\t<div class=\"elementor-widget-container\">\n\t\t\t\t\t\t\t\t\t\t\t\t\t\t\t<img fetchpriority=\"high\" decoding=\"async\" width=\"200\" height=\"300\" src=\"https:\/\/www.sporting-women.de\/womens-winter-camp\/wp-content\/uploads\/sites\/6\/2023\/10\/AnneKaiser-6694-200x300.jpg\" class=\"attachment-medium size-medium wp-image-34415\" alt=\"\" srcset=\"https:\/\/www.sporting-women.de\/womens-winter-camp\/wp-content\/uploads\/sites\/6\/2023\/10\/AnneKaiser-6694-200x300.jpg 200w, https:\/\/www.sporting-women.de\/womens-winter-camp\/wp-content\/uploads\/sites\/6\/2023\/10\/AnneKaiser-6694-682x1024.jpg 682w, https:\/\/www.sporting-women.de\/womens-winter-camp\/wp-content\/uploads\/sites\/6\/2023\/10\/AnneKaiser-6694-768x1152.jpg 768w, https:\/\/www.sporting-women.de\/womens-winter-camp\/wp-content\/uploads\/sites\/6\/2023\/10\/AnneKaiser-6694-1024x1536.jpg 1024w, https:\/\/www.sporting-women.de\/womens-winter-camp\/wp-content\/uploads\/sites\/6\/2023\/10\/AnneKaiser-6694-600x900.jpg 600w, https:\/\/www.sporting-women.de\/womens-winter-camp\/wp-content\/uploads\/sites\/6\/2023\/10\/AnneKaiser-6694.jpg 1333w\" sizes=\"(max-width: 200px) 100vw, 200px\" \/>\t\t\t\t\t\t\t\t\t\t\t\t\t\t\t<\/div>\n\t\t\t\t<\/div>\n\t\t\t\t\t<\/div>\n\t\t<\/div>\n\t\t\t\t<div class=\"elementor-column elementor-col-66 elementor-top-column elementor-element elementor-element-5a8055f\" data-id=\"5a8055f\" data-element_type=\"column\" data-e-type=\"column\">\n\t\t\t<div class=\"elementor-widget-wrap elementor-element-populated\">\n\t\t\t\t\t\t<div class=\"elementor-element elementor-element-896ff04 elementor-widget elementor-widget-heading\" data-id=\"896ff04\" data-element_type=\"widget\" data-e-type=\"widget\" data-widget_type=\"heading.default\">\n\t\t\t\t<div class=\"elementor-widget-container\">\n\t\t\t\t\t<h3 class=\"elementor-heading-title elementor-size-default\">Stefanie Spies<\/h3>\t\t\t\t<\/div>\n\t\t\t\t<\/div>\n\t\t\t\t<div class=\"elementor-element elementor-element-b6ce048 elementor-widget elementor-widget-text-editor\" data-id=\"b6ce048\" data-element_type=\"widget\" data-e-type=\"widget\" data-widget_type=\"text-editor.default\">\n\t\t\t\t<div class=\"elementor-widget-container\">\n\t\t\t\t\t\t\t\t\t<p><strong>Projektleitung<\/strong><\/p>\t\t\t\t\t\t\t\t<\/div>\n\t\t\t\t<\/div>\n\t\t\t\t<div class=\"elementor-element elementor-element-473a925 elementor-widget elementor-widget-text-editor\" data-id=\"473a925\" data-element_type=\"widget\" data-e-type=\"widget\" data-widget_type=\"text-editor.default\">\n\t\t\t\t<div class=\"elementor-widget-container\">\n\t\t\t\t\t\t\t\t\t<p>Stefanie Spies ist studierte Sport\u00f6konomin der Universit\u00e4t Bayreuth sowie passionierte Badmintonspielerin des TSV Freystadt (1. Bundesliga). Hier betreut sie auch als C-Trainerin den jugendlichen Nachwuchs. Nach vielen freiberuflichen Erfahrungen im Eventbereich sowie mehreren Praktika bei Adidas und Alpina (UVEX group ) startete sie ihre berufliche Laufbahn bei Fiedler concepts im September 2019. Gerne betreut sie auch internationale Kunden in flie\u00dfendem Englisch, dass sie w\u00e4hrend ihres Auslandssemesters in Los Angeles erweiterte. F\u00fcr die Zukunft liegt ihr eine hohe Kundenzufriedenheit bei allen zu betreuenden Events am Herzen.<\/p><p><strong>Kontakt:<\/strong><br \/>Mobil: +49 (0) 173 2915 173<br \/>E-Mail:<span style=\"color: #6188af;\"> <a style=\"color: #6188af;\" href=\"mailto:stefanie.spies@fp-concepts.de\">stefanie.spies@fp-concepts.de<\/a><\/span><\/p>\t\t\t\t\t\t\t\t<\/div>\n\t\t\t\t<\/div>\n\t\t\t\t\t<\/div>\n\t\t<\/div>\n\t\t\t\t\t<\/div>\n\t\t<\/section>\n\t\t\t\t<section class=\"elementor-section elementor-top-section elementor-element elementor-element-1152b01 elementor-section-boxed elementor-section-height-default elementor-section-height-default\" data-id=\"1152b01\" data-element_type=\"section\" data-e-type=\"section\">\n\t\t\t\t\t\t<div class=\"elementor-container elementor-column-gap-default\">\n\t\t\t\t\t<div class=\"elementor-column elementor-col-33 elementor-top-column elementor-element elementor-element-f30f3e8\" data-id=\"f30f3e8\" data-element_type=\"column\" data-e-type=\"column\" data-settings=\"{&quot;background_background&quot;:&quot;classic&quot;}\">\n\t\t\t<div class=\"elementor-widget-wrap elementor-element-populated\">\n\t\t\t\t\t\t<div class=\"elementor-element elementor-element-f26e297 elementor-widget elementor-widget-image\" data-id=\"f26e297\" data-element_type=\"widget\" data-e-type=\"widget\" data-widget_type=\"image.default\">\n\t\t\t\t<div class=\"elementor-widget-container\">\n\t\t\t\t\t\t\t\t\t\t\t\t\t\t\t<img decoding=\"async\" width=\"200\" height=\"300\" data-src=\"https:\/\/www.sporting-women.de\/womens-winter-camp\/wp-content\/uploads\/sites\/6\/2025\/09\/SPW-Team-200x300.png\" class=\"attachment-medium size-medium wp-image-36435 lazyload\" alt=\"\" data-srcset=\"https:\/\/www.sporting-women.de\/womens-winter-camp\/wp-content\/uploads\/sites\/6\/2025\/09\/SPW-Team-200x300.png 200w, https:\/\/www.sporting-women.de\/womens-winter-camp\/wp-content\/uploads\/sites\/6\/2025\/09\/SPW-Team-683x1024.png 683w, https:\/\/www.sporting-women.de\/womens-winter-camp\/wp-content\/uploads\/sites\/6\/2025\/09\/SPW-Team-768x1152.png 768w, https:\/\/www.sporting-women.de\/womens-winter-camp\/wp-content\/uploads\/sites\/6\/2025\/09\/SPW-Team-1024x1536.png 1024w, https:\/\/www.sporting-women.de\/womens-winter-camp\/wp-content\/uploads\/sites\/6\/2025\/09\/SPW-Team-600x900.png 600w, https:\/\/www.sporting-women.de\/womens-winter-camp\/wp-content\/uploads\/sites\/6\/2025\/09\/SPW-Team.png 1365w\" data-sizes=\"(max-width: 200px) 100vw, 200px\" src=\"data:image\/svg+xml;base64,PHN2ZyB3aWR0aD0iMSIgaGVpZ2h0PSIxIiB4bWxucz0iaHR0cDovL3d3dy53My5vcmcvMjAwMC9zdmciPjwvc3ZnPg==\" style=\"--smush-placeholder-width: 200px; --smush-placeholder-aspect-ratio: 200\/300;\" \/>\t\t\t\t\t\t\t\t\t\t\t\t\t\t\t<\/div>\n\t\t\t\t<\/div>\n\t\t\t\t\t<\/div>\n\t\t<\/div>\n\t\t\t\t<div class=\"elementor-column elementor-col-66 elementor-top-column elementor-element elementor-element-58988d3\" data-id=\"58988d3\" data-element_type=\"column\" data-e-type=\"column\">\n\t\t\t<div class=\"elementor-widget-wrap elementor-element-populated\">\n\t\t\t\t\t\t<div class=\"elementor-element elementor-element-2466bba elementor-widget elementor-widget-heading\" data-id=\"2466bba\" data-element_type=\"widget\" data-e-type=\"widget\" data-widget_type=\"heading.default\">\n\t\t\t\t<div class=\"elementor-widget-container\">\n\t\t\t\t\t<h3 class=\"elementor-heading-title elementor-size-default\">Linda Boos<\/h3>\t\t\t\t<\/div>\n\t\t\t\t<\/div>\n\t\t\t\t<div class=\"elementor-element elementor-element-83d7bd5 elementor-widget elementor-widget-text-editor\" data-id=\"83d7bd5\" data-element_type=\"widget\" data-e-type=\"widget\" data-widget_type=\"text-editor.default\">\n\t\t\t\t<div class=\"elementor-widget-container\">\n\t\t\t\t\t\t\t\t\t<p><strong>Teilnehmermanagement<\/strong><\/p>\t\t\t\t\t\t\t\t<\/div>\n\t\t\t\t<\/div>\n\t\t\t\t<div class=\"elementor-element elementor-element-8f7146a elementor-widget elementor-widget-text-editor\" data-id=\"8f7146a\" data-element_type=\"widget\" data-e-type=\"widget\" data-widget_type=\"text-editor.default\">\n\t\t\t\t<div class=\"elementor-widget-container\">\n\t\t\t\t\t\t\t\t\t<p>Linda Boos \u2013 eine geborene Allg\u00e4uern \u2013 kommt urspr\u00fcnglich aus der Bankenbranche. 2021 absolvierte sie ihr Studium zur Gepr\u00fcften Wirtschaftsfachwirtin. Die Pr\u00fcfung zur Gepr\u00fcften Betriebswirtin hat sie 2023 abgelegt. Nach einem Praktikum bei sportingWOMEN unterst\u00fctzt sie seit 2024 das Team als Junior Projektmanagerin. Sie liebt den Outdoorsport und verbringt ihre Freizeit in den Bergen beim Wandern, Skitourengehen oder Radeln.\u00a0<\/p><p><strong>Kontakt:<\/strong><br \/>Mobil: +49 (0) 152 34 66 45 68<br \/>E-Mail:<span style=\"color: #6188af;\"> <a style=\"color: #6188af;\" href=\"mailto:linda.boos@fp-concepts.de\">linda.boos@fp-concepts.de<\/a><\/span><\/p>\t\t\t\t\t\t\t\t<\/div>\n\t\t\t\t<\/div>\n\t\t\t\t\t<\/div>\n\t\t<\/div>\n\t\t\t\t\t<\/div>\n\t\t<\/section>\n\t\t\t\t<section class=\"elementor-section elementor-top-section elementor-element elementor-element-a3b94e9 elementor-section-boxed elementor-section-height-default elementor-section-height-default\" data-id=\"a3b94e9\" data-element_type=\"section\" data-e-type=\"section\">\n\t\t\t\t\t\t<div class=\"elementor-container elementor-column-gap-default\">\n\t\t\t\t\t<div class=\"elementor-column elementor-col-33 elementor-top-column elementor-element elementor-element-a03bd90\" data-id=\"a03bd90\" data-element_type=\"column\" data-e-type=\"column\" data-settings=\"{&quot;background_background&quot;:&quot;classic&quot;}\">\n\t\t\t<div class=\"elementor-widget-wrap elementor-element-populated\">\n\t\t\t\t\t\t<div class=\"elementor-element elementor-element-ac09861 elementor-widget elementor-widget-image\" data-id=\"ac09861\" data-element_type=\"widget\" data-e-type=\"widget\" data-widget_type=\"image.default\">\n\t\t\t\t<div class=\"elementor-widget-container\">\n\t\t\t\t\t\t\t\t\t\t\t\t\t\t\t<img decoding=\"async\" width=\"200\" height=\"300\" data-src=\"https:\/\/www.sporting-women.de\/womens-winter-camp\/wp-content\/uploads\/sites\/6\/2025\/09\/320-laura_schmatz-05152-200x300.jpg\" class=\"attachment-medium size-medium wp-image-36440 lazyload\" alt=\"\" data-srcset=\"https:\/\/www.sporting-women.de\/womens-winter-camp\/wp-content\/uploads\/sites\/6\/2025\/09\/320-laura_schmatz-05152-200x300.jpg 200w, https:\/\/www.sporting-women.de\/womens-winter-camp\/wp-content\/uploads\/sites\/6\/2025\/09\/320-laura_schmatz-05152-683x1024.jpg 683w, https:\/\/www.sporting-women.de\/womens-winter-camp\/wp-content\/uploads\/sites\/6\/2025\/09\/320-laura_schmatz-05152-768x1152.jpg 768w, https:\/\/www.sporting-women.de\/womens-winter-camp\/wp-content\/uploads\/sites\/6\/2025\/09\/320-laura_schmatz-05152-1024x1536.jpg 1024w, https:\/\/www.sporting-women.de\/womens-winter-camp\/wp-content\/uploads\/sites\/6\/2025\/09\/320-laura_schmatz-05152-600x900.jpg 600w, https:\/\/www.sporting-women.de\/womens-winter-camp\/wp-content\/uploads\/sites\/6\/2025\/09\/320-laura_schmatz-05152.jpg 1067w\" data-sizes=\"(max-width: 200px) 100vw, 200px\" src=\"data:image\/svg+xml;base64,PHN2ZyB3aWR0aD0iMSIgaGVpZ2h0PSIxIiB4bWxucz0iaHR0cDovL3d3dy53My5vcmcvMjAwMC9zdmciPjwvc3ZnPg==\" style=\"--smush-placeholder-width: 200px; --smush-placeholder-aspect-ratio: 200\/300;\" \/>\t\t\t\t\t\t\t\t\t\t\t\t\t\t\t<\/div>\n\t\t\t\t<\/div>\n\t\t\t\t\t<\/div>\n\t\t<\/div>\n\t\t\t\t<div class=\"elementor-column elementor-col-66 elementor-top-column elementor-element elementor-element-6ebd8cf\" data-id=\"6ebd8cf\" data-element_type=\"column\" data-e-type=\"column\">\n\t\t\t<div class=\"elementor-widget-wrap elementor-element-populated\">\n\t\t\t\t\t\t<div class=\"elementor-element elementor-element-d817ec1 elementor-widget elementor-widget-heading\" data-id=\"d817ec1\" data-element_type=\"widget\" data-e-type=\"widget\" data-widget_type=\"heading.default\">\n\t\t\t\t<div class=\"elementor-widget-container\">\n\t\t\t\t\t<h3 class=\"elementor-heading-title elementor-size-default\">Alina Keller<\/h3>\t\t\t\t<\/div>\n\t\t\t\t<\/div>\n\t\t\t\t<div class=\"elementor-element elementor-element-ee6404a elementor-widget elementor-widget-text-editor\" data-id=\"ee6404a\" data-element_type=\"widget\" data-e-type=\"widget\" data-widget_type=\"text-editor.default\">\n\t\t\t\t<div class=\"elementor-widget-container\">\n\t\t\t\t\t\t\t\t\t<p><strong>Teilnehmermanagement<\/strong><\/p>\t\t\t\t\t\t\t\t<\/div>\n\t\t\t\t<\/div>\n\t\t\t\t<div class=\"elementor-element elementor-element-a3c7891 elementor-widget elementor-widget-text-editor\" data-id=\"a3c7891\" data-element_type=\"widget\" data-e-type=\"widget\" data-widget_type=\"text-editor.default\">\n\t\t\t\t<div class=\"elementor-widget-container\">\n\t\t\t\t\t\t\t\t\t<p>Alina Keller. Seit 2023 unterst\u00fctzt sie das Team als Senior Projektmanagerin. Alina betreute die letzten Jahre unsren Kunden The North Face und unterst\u00fctzt seit diesem Jahr die sportingWOMEN Camps. Sie liebt Power, Stuktur und ihr Herz schl\u00e4gt f\u00fcr den Outdoor Sport. Mit ihrem Pauli (siehe Bild) ist sie viel in den Bergen unterwegs. Ob Wandern, Klettern, Biken, Langlaufen oder Skitourengehen &#8211; hauptsache drau\u00dfen.\u00a0<\/p><p><strong>Kontakt:<\/strong><br \/>Mobil: +49 (0) 16 26 60 80 19<br \/>E-Mail:<span style=\"color: #6188af;\"> <a style=\"color: #6188af;\" href=\"mailto:alina.keller@fp-concepts.de\">alina.keller@fp-concepts.de<\/a><\/span><\/p>\t\t\t\t\t\t\t\t<\/div>\n\t\t\t\t<\/div>\n\t\t\t\t\t<\/div>\n\t\t<\/div>\n\t\t\t\t\t<\/div>\n\t\t<\/section>\n\t\t\t\t<section class=\"elementor-section elementor-top-section elementor-element elementor-element-ac56b35 elementor-section-boxed elementor-section-height-default elementor-section-height-default\" data-id=\"ac56b35\" data-element_type=\"section\" data-e-type=\"section\">\n\t\t\t\t\t\t<div class=\"elementor-container elementor-column-gap-default\">\n\t\t\t\t\t<div class=\"elementor-column elementor-col-33 elementor-top-column elementor-element elementor-element-3efcff6\" data-id=\"3efcff6\" data-element_type=\"column\" data-e-type=\"column\" data-settings=\"{&quot;background_background&quot;:&quot;classic&quot;}\">\n\t\t\t<div class=\"elementor-widget-wrap elementor-element-populated\">\n\t\t\t\t\t\t<div class=\"elementor-element elementor-element-320099d elementor-widget elementor-widget-image\" data-id=\"320099d\" data-element_type=\"widget\" data-e-type=\"widget\" data-widget_type=\"image.default\">\n\t\t\t\t<div class=\"elementor-widget-container\">\n\t\t\t\t\t\t\t\t\t\t\t\t\t\t\t<img decoding=\"async\" width=\"200\" height=\"300\" data-src=\"https:\/\/www.sporting-women.de\/womens-winter-camp\/wp-content\/uploads\/sites\/6\/2021\/09\/Moni-Fiedler_web.jpg\" class=\"attachment-medium size-medium wp-image-977 lazyload\" alt=\"Monika Fiedler\" src=\"data:image\/svg+xml;base64,PHN2ZyB3aWR0aD0iMSIgaGVpZ2h0PSIxIiB4bWxucz0iaHR0cDovL3d3dy53My5vcmcvMjAwMC9zdmciPjwvc3ZnPg==\" style=\"--smush-placeholder-width: 200px; --smush-placeholder-aspect-ratio: 200\/300;\" \/>\t\t\t\t\t\t\t\t\t\t\t\t\t\t\t<\/div>\n\t\t\t\t<\/div>\n\t\t\t\t\t<\/div>\n\t\t<\/div>\n\t\t\t\t<div class=\"elementor-column elementor-col-66 elementor-top-column elementor-element elementor-element-eb97f6e\" data-id=\"eb97f6e\" data-element_type=\"column\" data-e-type=\"column\">\n\t\t\t<div class=\"elementor-widget-wrap elementor-element-populated\">\n\t\t\t\t\t\t<div class=\"elementor-element elementor-element-abe470c elementor-widget elementor-widget-heading\" data-id=\"abe470c\" data-element_type=\"widget\" data-e-type=\"widget\" data-widget_type=\"heading.default\">\n\t\t\t\t<div class=\"elementor-widget-container\">\n\t\t\t\t\t<h3 class=\"elementor-heading-title elementor-size-default\">Monika Fiedler-Proksch<\/h3>\t\t\t\t<\/div>\n\t\t\t\t<\/div>\n\t\t\t\t<div class=\"elementor-element elementor-element-0a65494 elementor-widget elementor-widget-text-editor\" data-id=\"0a65494\" data-element_type=\"widget\" data-e-type=\"widget\" data-widget_type=\"text-editor.default\">\n\t\t\t\t<div class=\"elementor-widget-container\">\n\t\t\t\t\t\t\t\t\t<p><strong>Sponsoren &amp; Aussteller<\/strong><\/p>\t\t\t\t\t\t\t\t<\/div>\n\t\t\t\t<\/div>\n\t\t\t\t<div class=\"elementor-element elementor-element-032ee6b elementor-widget elementor-widget-text-editor\" data-id=\"032ee6b\" data-element_type=\"widget\" data-e-type=\"widget\" data-widget_type=\"text-editor.default\">\n\t\t\t\t<div class=\"elementor-widget-container\">\n\t\t\t\t\t\t\t\t\t<p>Monika Fiedler-Proksch ist Diplom Betriebswirtin, Marathonl\u00e4uferin und Triathletin mit Herz und Seele. Dreizehn Jahre war die Marketing- und Eventexpertin im Verlagswesen t\u00e4tig. Unter anderem beim Vogel Verlag W\u00fcrzburg, beim Callwey Verlag M\u00fcnchen, bei der Computerwoche und der PC-Welt sowie bei der Motor Presse Stuttgart. Hier betreute sie Kunden und Agenturen aus den Branchen Mode, Lifestyle, Sport, Freizeit, Food, Pharma, dem Banken- und Versicherungswesen.<\/p><p><strong>Kontakt:<\/strong><br \/>Mobil:\u00a0+49 (0)176 24 96 93 45<br \/>E-Mail: <span style=\"color: #6188af;\"><a style=\"color: #6188af;\" href=\"mailto:monika.fiedler@fp-concepts.de\" target=\"_blank\" rel=\"noopener\">monika.fiedler@fp-concepts.de<\/a><\/span><\/p>\t\t\t\t\t\t\t\t<\/div>\n\t\t\t\t<\/div>\n\t\t\t\t\t<\/div>\n\t\t<\/div>\n\t\t\t\t\t<\/div>\n\t\t<\/section>\n\t\t\t\t<section class=\"elementor-section elementor-top-section elementor-element elementor-element-7f70d92 elementor-section-boxed elementor-section-height-default elementor-section-height-default\" data-id=\"7f70d92\" data-element_type=\"section\" data-e-type=\"section\">\n\t\t\t\t\t\t<div class=\"elementor-container elementor-column-gap-default\">\n\t\t\t\t\t<div class=\"elementor-column elementor-col-100 elementor-top-column elementor-element elementor-element-0ede34d\" data-id=\"0ede34d\" data-element_type=\"column\" data-e-type=\"column\">\n\t\t\t<div class=\"elementor-widget-wrap elementor-element-populated\">\n\t\t\t\t\t\t<div class=\"elementor-element elementor-element-8a81412 elementor-widget elementor-widget-spacer\" data-id=\"8a81412\" data-element_type=\"widget\" data-e-type=\"widget\" data-widget_type=\"spacer.default\">\n\t\t\t\t<div class=\"elementor-widget-container\">\n\t\t\t\t\t\t\t<div class=\"elementor-spacer\">\n\t\t\t<div class=\"elementor-spacer-inner\"><\/div>\n\t\t<\/div>\n\t\t\t\t\t\t<\/div>\n\t\t\t\t<\/div>\n\t\t\t\t\t<\/div>\n\t\t<\/div>\n\t\t\t\t\t<\/div>\n\t\t<\/section>\n\t\t\t\t<\/div>\n\t\t","protected":false},"excerpt":{"rendered":"<p>Team Das fiedler &amp; peter concepts Team und unsere Guides freuen sich auf zwei gro\u00dfartige Wintercamps mit euch! Stefanie Spies Projektleitung Stefanie Spies ist studierte Sport\u00f6konomin der Universit\u00e4t Bayreuth sowie passionierte Badmintonspielerin des TSV Freystadt (1. Bundesliga). Hier betreut sie auch als C-Trainerin den jugendlichen Nachwuchs. Nach vielen freiberuflichen Erfahrungen im Eventbereich sowie mehreren Praktika [&hellip;]<\/p>\n","protected":false},"author":2,"featured_media":0,"parent":0,"menu_order":0,"comment_status":"closed","ping_status":"closed","template":"","meta":{"_acf_changed":false,"_exactmetrics_skip_tracking":false,"_exactmetrics_sitenote_active":false,"_exactmetrics_sitenote_note":"","_exactmetrics_sitenote_category":0,"footnotes":""},"class_list":["post-32040","page","type-page","status-publish","hentry"],"acf":[],"_links":{"self":[{"href":"https:\/\/www.sporting-women.de\/womens-winter-camp\/wp-json\/wp\/v2\/pages\/32040","targetHints":{"allow":["GET"]}}],"collection":[{"href":"https:\/\/www.sporting-women.de\/womens-winter-camp\/wp-json\/wp\/v2\/pages"}],"about":[{"href":"https:\/\/www.sporting-women.de\/womens-winter-camp\/wp-json\/wp\/v2\/types\/page"}],"author":[{"embeddable":true,"href":"https:\/\/www.sporting-women.de\/womens-winter-camp\/wp-json\/wp\/v2\/users\/2"}],"replies":[{"embeddable":true,"href":"https:\/\/www.sporting-women.de\/womens-winter-camp\/wp-json\/wp\/v2\/comments?post=32040"}],"version-history":[{"count":0,"href":"https:\/\/www.sporting-women.de\/womens-winter-camp\/wp-json\/wp\/v2\/pages\/32040\/revisions"}],"wp:attachment":[{"href":"https:\/\/www.sporting-women.de\/womens-winter-camp\/wp-json\/wp\/v2\/media?parent=32040"}],"curies":[{"name":"wp","href":"https:\/\/api.w.org\/{rel}","templated":true}]}}