
{"id":34245,"date":"2022-08-05T13:00:32","date_gmt":"2022-08-05T11:00:32","guid":{"rendered":"https:\/\/www.sporting-women.de\/womens-winter-camp\/?page_id=34245"},"modified":"2025-09-25T13:57:52","modified_gmt":"2025-09-25T11:57:52","slug":"region-pitztal","status":"publish","type":"page","link":"https:\/\/www.sporting-women.de\/womens-winter-camp\/region-pitztal\/","title":{"rendered":"Region Pitztal"},"content":{"rendered":"\t\t<div data-elementor-type=\"wp-page\" data-elementor-id=\"34245\" class=\"elementor elementor-34245\" data-elementor-post-type=\"page\">\n\t\t\t\t\t\t<section class=\"elementor-section elementor-top-section elementor-element elementor-element-f0e0bea elementor-section-boxed elementor-section-height-default elementor-section-height-default\" data-id=\"f0e0bea\" data-element_type=\"section\" data-e-type=\"section\">\n\t\t\t\t\t\t<div class=\"elementor-container elementor-column-gap-default\">\n\t\t\t\t\t<div class=\"elementor-column elementor-col-100 elementor-top-column elementor-element elementor-element-e50bded\" data-id=\"e50bded\" data-element_type=\"column\" data-e-type=\"column\">\n\t\t\t<div class=\"elementor-widget-wrap elementor-element-populated\">\n\t\t\t\t\t\t<div class=\"elementor-element elementor-element-c353925 elementor-widget elementor-widget-heading\" data-id=\"c353925\" data-element_type=\"widget\" data-e-type=\"widget\" data-widget_type=\"heading.default\">\n\t\t\t\t<div class=\"elementor-widget-container\">\n\t\t\t\t\t<h2 class=\"elementor-heading-title elementor-size-default\">Die Urlaubs-Region Pitztal<\/h2>\t\t\t\t<\/div>\n\t\t\t\t<\/div>\n\t\t\t\t\t<\/div>\n\t\t<\/div>\n\t\t\t\t\t<\/div>\n\t\t<\/section>\n\t\t\t\t<section class=\"elementor-section elementor-top-section elementor-element elementor-element-67abf92 elementor-section-boxed elementor-section-height-default elementor-section-height-default\" data-id=\"67abf92\" data-element_type=\"section\" data-e-type=\"section\">\n\t\t\t\t\t\t<div class=\"elementor-container elementor-column-gap-default\">\n\t\t\t\t\t<div class=\"elementor-column elementor-col-100 elementor-top-column elementor-element elementor-element-97027a3\" data-id=\"97027a3\" data-element_type=\"column\" data-e-type=\"column\">\n\t\t\t<div class=\"elementor-widget-wrap elementor-element-populated\">\n\t\t\t\t\t\t<div class=\"elementor-element elementor-element-d0ec85c elementor-widget elementor-widget-heading\" data-id=\"d0ec85c\" data-element_type=\"widget\" data-e-type=\"widget\" data-widget_type=\"heading.default\">\n\t\t\t\t<div class=\"elementor-widget-container\">\n\t\t\t\t\t<h2 class=\"elementor-heading-title elementor-size-default\">Urlaub auf dem Dach Tirols: Der Winter wohnt im Pitztal<\/h2>\t\t\t\t<\/div>\n\t\t\t\t<\/div>\n\t\t\t\t<div class=\"elementor-element elementor-element-2d93bec elementor-widget__width-initial elementor-widget elementor-widget-text-editor\" data-id=\"2d93bec\" data-element_type=\"widget\" data-e-type=\"widget\" data-widget_type=\"text-editor.default\">\n\t\t\t\t<div class=\"elementor-widget-container\">\n\t\t\t\t\t\t\t\t\t<div><div class=\"WordSection1\"><div><div><div>\u00a0<\/div><\/div><\/div><\/div><\/div><p><span style=\"color: #454545;\"><strong>Alles wei\u00df<\/strong>. D\u00f6rfer, W\u00e4lder, Berge. Im Tiroler Pitztal, das sich zwischen \u00d6tztal und Kaunertal versteckt, wohnt der Winter. Hier auf dem Dach Tirols, das mit seinem Gletscher das <strong>h\u00f6chste Skigebiet \u00d6sterreichs<\/strong> (3440 m) bietet und wo sich die H\u00e4user bis in eine H\u00f6he von mehr als 1700 Metern in die Landschaft schmiegen, finden G\u00e4ste hochalpine Herausforderungen. <\/span><\/p><p><span style=\"color: #454545;\">Mit dem Pitztaler Gletscher verbunden ist das Skigebiet Rifflsee mit seinen anspruchsvolleren Abfahrten. Der Hochzeiger liegt ein paar Kilometer weiter talausw\u00e4rts und punktet vor allem als Familien-Skigebiet mit vielen \u00dcbernachtungsm\u00f6glichkeiten direkt am Pistenrand. <\/span><\/p><p><span style=\"color: #454545;\">F\u00fcr Tourengeher*innen ein <strong>magisches Ziel<\/strong> ist die Wildspitze (3774 m), der h\u00f6chste Berg Nordtirols \u2013 der sp\u00e4testens ruft, wenn man ihn einmal vom legend\u00e4ren Caf\u00e9 3440 am Gletscher in voller Pracht bewundert hat.<\/span><\/p><p><span style=\"color: #454545;\"> W\u00e4hrend Langl\u00e4ufer*innen im Pitztal ihr gesundes H\u00f6hentraining absolvieren, sind Eiskletterer und -kletterinnen von den Wasserf\u00e4llen fasziniert, die im Winter zu bizarren Skulpturen erstarren. Wer wandert, kann zuschauen, wie Cracks die Vertikale meistern. <\/span><\/p><p><span style=\"color: #454545;\">Richtig spannend wird\u2019s \u00fcbrigens im M\u00e4rz beim <strong>\u201ePitztal Wild Face\u201c<\/strong>, dem h\u00e4rtesten Freeride-Rennen der Welt.<\/span><\/p><p><span style=\"color: #454545;\">Die <strong>Top-Region f\u00fcr unser\u00a0<\/strong><b>Blizzard\/Tecnica Women\u2019s Winter Camp presented by Rab<\/b> im Januar!<\/span><\/p>\t\t\t\t\t\t\t\t<\/div>\n\t\t\t\t<\/div>\n\t\t\t\t\t<\/div>\n\t\t<\/div>\n\t\t\t\t\t<\/div>\n\t\t<\/section>\n\t\t\t\t<section class=\"elementor-section elementor-top-section elementor-element elementor-element-b138daf elementor-section-boxed elementor-section-height-default elementor-section-height-default\" data-id=\"b138daf\" data-element_type=\"section\" data-e-type=\"section\">\n\t\t\t\t\t\t<div class=\"elementor-container elementor-column-gap-default\">\n\t\t\t\t\t<div class=\"elementor-column elementor-col-100 elementor-top-column elementor-element elementor-element-5b5ff06\" data-id=\"5b5ff06\" data-element_type=\"column\" data-e-type=\"column\">\n\t\t\t<div class=\"elementor-widget-wrap elementor-element-populated\">\n\t\t\t\t\t\t<div class=\"elementor-element elementor-element-80b4b12 elementor-widget elementor-widget-image\" data-id=\"80b4b12\" data-element_type=\"widget\" data-e-type=\"widget\" data-widget_type=\"image.default\">\n\t\t\t\t<div class=\"elementor-widget-container\">\n\t\t\t\t\t\t\t\t\t\t\t\t\t\t\t<img fetchpriority=\"high\" decoding=\"async\" width=\"2560\" height=\"1397\" src=\"https:\/\/www.sporting-women.de\/womens-winter-camp\/wp-content\/uploads\/sites\/6\/2024\/12\/Cappuccino-Route-Dynafit-Skitourenpark-Pitztaler-Gletscher-c-Martin-Klotz-scaled.jpg\" class=\"attachment-full size-full wp-image-36053\" alt=\"\" srcset=\"https:\/\/www.sporting-women.de\/womens-winter-camp\/wp-content\/uploads\/sites\/6\/2024\/12\/Cappuccino-Route-Dynafit-Skitourenpark-Pitztaler-Gletscher-c-Martin-Klotz-scaled.jpg 2560w, https:\/\/www.sporting-women.de\/womens-winter-camp\/wp-content\/uploads\/sites\/6\/2024\/12\/Cappuccino-Route-Dynafit-Skitourenpark-Pitztaler-Gletscher-c-Martin-Klotz-300x164.jpg 300w, https:\/\/www.sporting-women.de\/womens-winter-camp\/wp-content\/uploads\/sites\/6\/2024\/12\/Cappuccino-Route-Dynafit-Skitourenpark-Pitztaler-Gletscher-c-Martin-Klotz-1024x559.jpg 1024w, https:\/\/www.sporting-women.de\/womens-winter-camp\/wp-content\/uploads\/sites\/6\/2024\/12\/Cappuccino-Route-Dynafit-Skitourenpark-Pitztaler-Gletscher-c-Martin-Klotz-768x419.jpg 768w, https:\/\/www.sporting-women.de\/womens-winter-camp\/wp-content\/uploads\/sites\/6\/2024\/12\/Cappuccino-Route-Dynafit-Skitourenpark-Pitztaler-Gletscher-c-Martin-Klotz-1536x838.jpg 1536w, https:\/\/www.sporting-women.de\/womens-winter-camp\/wp-content\/uploads\/sites\/6\/2024\/12\/Cappuccino-Route-Dynafit-Skitourenpark-Pitztaler-Gletscher-c-Martin-Klotz-2048x1118.jpg 2048w, https:\/\/www.sporting-women.de\/womens-winter-camp\/wp-content\/uploads\/sites\/6\/2024\/12\/Cappuccino-Route-Dynafit-Skitourenpark-Pitztaler-Gletscher-c-Martin-Klotz-600x327.jpg 600w\" sizes=\"(max-width: 2560px) 100vw, 2560px\" \/>\t\t\t\t\t\t\t\t\t\t\t\t\t\t\t<\/div>\n\t\t\t\t<\/div>\n\t\t\t\t\t<\/div>\n\t\t<\/div>\n\t\t\t\t\t<\/div>\n\t\t<\/section>\n\t\t\t\t<section class=\"elementor-section elementor-top-section elementor-element elementor-element-52c38d0 elementor-section-boxed elementor-section-height-default elementor-section-height-default\" data-id=\"52c38d0\" data-element_type=\"section\" data-e-type=\"section\">\n\t\t\t\t\t\t<div class=\"elementor-container elementor-column-gap-default\">\n\t\t\t\t\t<div class=\"elementor-column elementor-col-100 elementor-top-column elementor-element elementor-element-b57e6e0\" data-id=\"b57e6e0\" data-element_type=\"column\" data-e-type=\"column\">\n\t\t\t<div class=\"elementor-widget-wrap elementor-element-populated\">\n\t\t\t\t\t\t<div class=\"elementor-element elementor-element-e0aca85 elementor-widget elementor-widget-text-editor\" data-id=\"e0aca85\" data-element_type=\"widget\" data-e-type=\"widget\" data-widget_type=\"text-editor.default\">\n\t\t\t\t<div class=\"elementor-widget-container\">\n\t\t\t\t\t\t\t\t\t<h3><strong><span style=\"color: #6188af;\">Anfahrtsbeschreibung\u00a0<\/span><\/strong><\/h3><p><span style=\"color: #454545;\">Damit deine Anreise entspannt erfolgen kann, m\u00f6chten wir dir ein paar Informationen auf die Reise mitgeben:<\/span><\/p><p><span style=\"color: #454545;\">Winterausr\u00fcstung wie <strong>Winterreifen<\/strong> und <strong>Schneeketten<\/strong> sollten als \u201eStandard\u201c betrachtet werden. Allradfahrzeuge sollten normalerweise keine Probleme haben. Auf der Stra\u00dfe wird Split und Salz gestreut, mit Wetterumst\u00fcrzen muss aber immer gerechnet werden.<\/span><\/p><p><span style=\"color: #454545;\">In \u00d6sterreich ben\u00f6tigt man eine <strong>Autobahn-Vignette<\/strong>!<\/span><\/p><p><span style=\"color: #454545;\">Weitere Infos \u00fcber die Anreise findest du <\/span><span style=\"text-decoration: underline; color: #6188af;\"><a style=\"color: #6188af; text-decoration: underline;\" href=\"https:\/\/www.pitztal.com\/de\/region\/lage-anreise\" target=\"_blank\" rel=\"noopener\">hier<\/a><\/span><span style=\"color: #454545;\">!<\/span><\/p>\t\t\t\t\t\t\t\t<\/div>\n\t\t\t\t<\/div>\n\t\t\t\t\t<\/div>\n\t\t<\/div>\n\t\t\t\t\t<\/div>\n\t\t<\/section>\n\t\t\t\t<section class=\"elementor-section elementor-top-section elementor-element elementor-element-14e6de8 elementor-section-boxed elementor-section-height-default elementor-section-height-default\" data-id=\"14e6de8\" data-element_type=\"section\" data-e-type=\"section\">\n\t\t\t\t\t\t<div class=\"elementor-container elementor-column-gap-default\">\n\t\t\t\t\t<div class=\"elementor-column elementor-col-100 elementor-top-column elementor-element elementor-element-72fc7cd\" data-id=\"72fc7cd\" data-element_type=\"column\" data-e-type=\"column\">\n\t\t\t<div class=\"elementor-widget-wrap elementor-element-populated\">\n\t\t\t\t\t\t<div class=\"elementor-element elementor-element-71b976a elementor-widget elementor-widget-gallery\" data-id=\"71b976a\" data-element_type=\"widget\" data-e-type=\"widget\" data-settings=\"{&quot;lazyload&quot;:&quot;yes&quot;,&quot;gallery_layout&quot;:&quot;grid&quot;,&quot;columns&quot;:4,&quot;columns_tablet&quot;:2,&quot;columns_mobile&quot;:1,&quot;gap&quot;:{&quot;unit&quot;:&quot;px&quot;,&quot;size&quot;:10,&quot;sizes&quot;:[]},&quot;gap_tablet&quot;:{&quot;unit&quot;:&quot;px&quot;,&quot;size&quot;:10,&quot;sizes&quot;:[]},&quot;gap_mobile&quot;:{&quot;unit&quot;:&quot;px&quot;,&quot;size&quot;:10,&quot;sizes&quot;:[]},&quot;link_to&quot;:&quot;file&quot;,&quot;aspect_ratio&quot;:&quot;3:2&quot;,&quot;overlay_background&quot;:&quot;yes&quot;,&quot;content_hover_animation&quot;:&quot;fade-in&quot;}\" data-widget_type=\"gallery.default\">\n\t\t\t\t<div class=\"elementor-widget-container\">\n\t\t\t\t\t\t\t<div class=\"elementor-gallery__container\">\n\t\t\t\t\t\t\t<a class=\"e-gallery-item elementor-gallery-item elementor-animated-content\" href=\"https:\/\/www.sporting-women.de\/womens-winter-camp\/wp-content\/uploads\/sites\/6\/2023\/10\/Dynafit_Pitztaler-Gletscher_Bahnen-7340-scaled.jpg\" data-elementor-open-lightbox=\"yes\" data-elementor-lightbox-slideshow=\"71b976a\" data-e-action-hash=\"#elementor-action%3Aaction%3Dlightbox%26settings%3DeyJpZCI6MzQyNjIsInVybCI6Imh0dHBzOlwvXC93d3cuc3BvcnRpbmctd29tZW4uZGVcL3dvbWVucy13aW50ZXItY2FtcFwvd3AtY29udGVudFwvdXBsb2Fkc1wvc2l0ZXNcLzZcLzIwMjNcLzEwXC9EeW5hZml0X1BpdHp0YWxlci1HbGV0c2NoZXJfQmFobmVuLTczNDAtc2NhbGVkLmpwZyIsInNsaWRlc2hvdyI6IjcxYjk3NmEifQ%3D%3D\">\n\t\t\t\t\t<div class=\"e-gallery-image elementor-gallery-item__image\" data-thumbnail=\"https:\/\/www.sporting-women.de\/womens-winter-camp\/wp-content\/uploads\/sites\/6\/2023\/10\/Dynafit_Pitztaler-Gletscher_Bahnen-7340-300x187.jpg\" data-width=\"300\" data-height=\"187\" aria-label=\"\" role=\"img\" ><\/div>\n\t\t\t\t\t\t\t\t\t\t\t<div class=\"elementor-gallery-item__overlay\"><\/div>\n\t\t\t\t\t\t\t\t\t\t\t\t\t\t<\/a>\n\t\t\t\t\t\t\t<a class=\"e-gallery-item elementor-gallery-item elementor-animated-content\" href=\"https:\/\/www.sporting-women.de\/womens-winter-camp\/wp-content\/uploads\/sites\/6\/2023\/10\/Skitourenpark-Pitztal-c-Martin-Klotz-scaled.jpg\" data-elementor-open-lightbox=\"yes\" data-elementor-lightbox-slideshow=\"71b976a\" data-e-action-hash=\"#elementor-action%3Aaction%3Dlightbox%26settings%3DeyJpZCI6MzQyNTksInVybCI6Imh0dHBzOlwvXC93d3cuc3BvcnRpbmctd29tZW4uZGVcL3dvbWVucy13aW50ZXItY2FtcFwvd3AtY29udGVudFwvdXBsb2Fkc1wvc2l0ZXNcLzZcLzIwMjNcLzEwXC9Ta2l0b3VyZW5wYXJrLVBpdHp0YWwtYy1NYXJ0aW4tS2xvdHotc2NhbGVkLmpwZyIsInNsaWRlc2hvdyI6IjcxYjk3NmEifQ%3D%3D\">\n\t\t\t\t\t<div class=\"e-gallery-image elementor-gallery-item__image\" data-thumbnail=\"https:\/\/www.sporting-women.de\/womens-winter-camp\/wp-content\/uploads\/sites\/6\/2023\/10\/Skitourenpark-Pitztal-c-Martin-Klotz-300x175.jpg\" data-width=\"300\" data-height=\"175\" aria-label=\"\" role=\"img\" ><\/div>\n\t\t\t\t\t\t\t\t\t\t\t<div class=\"elementor-gallery-item__overlay\"><\/div>\n\t\t\t\t\t\t\t\t\t\t\t\t\t\t<\/a>\n\t\t\t\t\t\t\t<a class=\"e-gallery-item elementor-gallery-item elementor-animated-content\" href=\"https:\/\/www.sporting-women.de\/womens-winter-camp\/wp-content\/uploads\/sites\/6\/2023\/10\/Cappuccino-Route-Dynafit-Skitourenpark-Pitztaler-Gletscher-c-Martin-Klotz-scaled.jpg\" data-elementor-open-lightbox=\"yes\" data-elementor-lightbox-slideshow=\"71b976a\" data-e-action-hash=\"#elementor-action%3Aaction%3Dlightbox%26settings%3DeyJpZCI6MzQyNjMsInVybCI6Imh0dHBzOlwvXC93d3cuc3BvcnRpbmctd29tZW4uZGVcL3dvbWVucy13aW50ZXItY2FtcFwvd3AtY29udGVudFwvdXBsb2Fkc1wvc2l0ZXNcLzZcLzIwMjNcLzEwXC9DYXBwdWNjaW5vLVJvdXRlLUR5bmFmaXQtU2tpdG91cmVucGFyay1QaXR6dGFsZXItR2xldHNjaGVyLWMtTWFydGluLUtsb3R6LXNjYWxlZC5qcGciLCJzbGlkZXNob3ciOiI3MWI5NzZhIn0%3D\">\n\t\t\t\t\t<div class=\"e-gallery-image elementor-gallery-item__image\" data-thumbnail=\"https:\/\/www.sporting-women.de\/womens-winter-camp\/wp-content\/uploads\/sites\/6\/2023\/10\/Cappuccino-Route-Dynafit-Skitourenpark-Pitztaler-Gletscher-c-Martin-Klotz-300x164.jpg\" data-width=\"300\" data-height=\"164\" aria-label=\"\" role=\"img\" ><\/div>\n\t\t\t\t\t\t\t\t\t\t\t<div class=\"elementor-gallery-item__overlay\"><\/div>\n\t\t\t\t\t\t\t\t\t\t\t\t\t\t<\/a>\n\t\t\t\t\t\t\t<a class=\"e-gallery-item elementor-gallery-item elementor-animated-content\" href=\"https:\/\/www.sporting-women.de\/womens-winter-camp\/wp-content\/uploads\/sites\/6\/2024\/12\/Sechszeiger_Skitour\u00a9ManuelLentsch-10-1-scaled.jpeg\" data-elementor-open-lightbox=\"yes\" data-elementor-lightbox-slideshow=\"71b976a\" data-elementor-lightbox-title=\"Sechszeiger_Skitour\u00a9ManuelLentsch (10)\" data-e-action-hash=\"#elementor-action%3Aaction%3Dlightbox%26settings%3DeyJpZCI6MzYwNTYsInVybCI6Imh0dHBzOlwvXC93d3cuc3BvcnRpbmctd29tZW4uZGVcL3dvbWVucy13aW50ZXItY2FtcFwvd3AtY29udGVudFwvdXBsb2Fkc1wvc2l0ZXNcLzZcLzIwMjRcLzEyXC9TZWNoc3plaWdlcl9Ta2l0b3VyXHUwMGE5TWFudWVsTGVudHNjaC0xMC0xLXNjYWxlZC5qcGVnIiwic2xpZGVzaG93IjoiNzFiOTc2YSJ9\">\n\t\t\t\t\t<div class=\"e-gallery-image elementor-gallery-item__image\" data-thumbnail=\"https:\/\/www.sporting-women.de\/womens-winter-camp\/wp-content\/uploads\/sites\/6\/2024\/12\/Sechszeiger_Skitour\u00a9ManuelLentsch-10-1-300x225.jpeg\" data-width=\"300\" data-height=\"225\" aria-label=\"\" role=\"img\" ><\/div>\n\t\t\t\t\t\t\t\t\t\t\t<div class=\"elementor-gallery-item__overlay\"><\/div>\n\t\t\t\t\t\t\t\t\t\t\t\t\t\t<\/a>\n\t\t\t\t\t<\/div>\n\t\t\t\t\t<\/div>\n\t\t\t\t<\/div>\n\t\t\t\t<div class=\"elementor-element elementor-element-167278f elementor-widget elementor-widget-text-editor\" data-id=\"167278f\" data-element_type=\"widget\" data-e-type=\"widget\" data-widget_type=\"text-editor.default\">\n\t\t\t\t<div class=\"elementor-widget-container\">\n\t\t\t\t\t\t\t\t\t<p>\u00a9 Manuel Lentsch, Chris Walch, Alfred Dworak, Martin Klotz<\/p>\t\t\t\t\t\t\t\t<\/div>\n\t\t\t\t<\/div>\n\t\t\t\t\t<\/div>\n\t\t<\/div>\n\t\t\t\t\t<\/div>\n\t\t<\/section>\n\t\t\t\t<section class=\"elementor-section elementor-top-section elementor-element elementor-element-bffdc01 elementor-section-boxed elementor-section-height-default elementor-section-height-default\" data-id=\"bffdc01\" data-element_type=\"section\" data-e-type=\"section\">\n\t\t\t\t\t\t<div class=\"elementor-container elementor-column-gap-default\">\n\t\t\t\t\t<div class=\"elementor-column elementor-col-100 elementor-top-column elementor-element elementor-element-aa2ec0c\" data-id=\"aa2ec0c\" data-element_type=\"column\" data-e-type=\"column\">\n\t\t\t<div class=\"elementor-widget-wrap elementor-element-populated\">\n\t\t\t\t\t\t<div class=\"elementor-element elementor-element-f3c88af elementor-widget-divider--separator-type-pattern elementor-widget-divider--view-line elementor-widget elementor-widget-divider\" data-id=\"f3c88af\" data-element_type=\"widget\" data-e-type=\"widget\" data-widget_type=\"divider.default\">\n\t\t\t\t<div class=\"elementor-widget-container\">\n\t\t\t\t\t\t\t<div class=\"elementor-divider\" style=\"--divider-pattern-url: url(&quot;data:image\/svg+xml,%3Csvg xmlns=&#039;http:\/\/www.w3.org\/2000\/svg&#039; preserveAspectRatio=&#039;none&#039; overflow=&#039;visible&#039; height=&#039;100%&#039; viewBox=&#039;0 0 24 24&#039; fill=&#039;none&#039; stroke=&#039;black&#039; stroke-width=&#039;1&#039; stroke-linecap=&#039;square&#039; stroke-miterlimit=&#039;10&#039;%3E%3Cpath d=&#039;M0,6c6,0,0.9,11.1,6.9,11.1S18,6,24,6&#039;\/%3E%3C\/svg%3E&quot;);\">\n\t\t\t<span class=\"elementor-divider-separator\">\n\t\t\t\t\t\t<\/span>\n\t\t<\/div>\n\t\t\t\t\t\t<\/div>\n\t\t\t\t<\/div>\n\t\t\t\t\t<\/div>\n\t\t<\/div>\n\t\t\t\t\t<\/div>\n\t\t<\/section>\n\t\t\t\t<section class=\"elementor-section elementor-top-section elementor-element elementor-element-ba372cb elementor-section-boxed elementor-section-height-default elementor-section-height-default\" data-id=\"ba372cb\" data-element_type=\"section\" data-e-type=\"section\">\n\t\t\t\t\t\t<div class=\"elementor-container elementor-column-gap-default\">\n\t\t\t\t\t<div class=\"elementor-column elementor-col-100 elementor-top-column elementor-element elementor-element-83c40c3\" data-id=\"83c40c3\" data-element_type=\"column\" data-e-type=\"column\">\n\t\t\t<div class=\"elementor-widget-wrap elementor-element-populated\">\n\t\t\t\t\t\t<div class=\"elementor-element elementor-element-dc33942 elementor-widget elementor-widget-spacer\" data-id=\"dc33942\" data-element_type=\"widget\" data-e-type=\"widget\" data-widget_type=\"spacer.default\">\n\t\t\t\t<div class=\"elementor-widget-container\">\n\t\t\t\t\t\t\t<div class=\"elementor-spacer\">\n\t\t\t<div class=\"elementor-spacer-inner\"><\/div>\n\t\t<\/div>\n\t\t\t\t\t\t<\/div>\n\t\t\t\t<\/div>\n\t\t\t\t\t<\/div>\n\t\t<\/div>\n\t\t\t\t\t<\/div>\n\t\t<\/section>\n\t\t\t\t<section class=\"elementor-section elementor-top-section elementor-element elementor-element-68889a5 elementor-section-boxed elementor-section-height-default elementor-section-height-default\" data-id=\"68889a5\" data-element_type=\"section\" data-e-type=\"section\">\n\t\t\t\t\t\t<div class=\"elementor-container elementor-column-gap-default\">\n\t\t\t\t\t<div class=\"elementor-column elementor-col-33 elementor-top-column elementor-element elementor-element-f220476\" data-id=\"f220476\" data-element_type=\"column\" data-e-type=\"column\">\n\t\t\t<div class=\"elementor-widget-wrap elementor-element-populated\">\n\t\t\t\t\t\t<div class=\"elementor-element elementor-element-144d2ba elementor-widget__width-initial elementor-widget elementor-widget-image\" data-id=\"144d2ba\" data-element_type=\"widget\" data-e-type=\"widget\" data-widget_type=\"image.default\">\n\t\t\t\t<div class=\"elementor-widget-container\">\n\t\t\t\t\t\t\t\t\t\t\t\t\t\t\t<img decoding=\"async\" width=\"800\" height=\"823\" data-src=\"https:\/\/www.sporting-women.de\/womens-winter-camp\/wp-content\/uploads\/sites\/6\/2023\/10\/Pitztal_Logo_Claim_office_RZ.jpg\" class=\"attachment-large size-large wp-image-34255 lazyload\" alt=\"\" data-srcset=\"https:\/\/www.sporting-women.de\/womens-winter-camp\/wp-content\/uploads\/sites\/6\/2023\/10\/Pitztal_Logo_Claim_office_RZ.jpg 930w, https:\/\/www.sporting-women.de\/womens-winter-camp\/wp-content\/uploads\/sites\/6\/2023\/10\/Pitztal_Logo_Claim_office_RZ-292x300.jpg 292w, https:\/\/www.sporting-women.de\/womens-winter-camp\/wp-content\/uploads\/sites\/6\/2023\/10\/Pitztal_Logo_Claim_office_RZ-768x790.jpg 768w, https:\/\/www.sporting-women.de\/womens-winter-camp\/wp-content\/uploads\/sites\/6\/2023\/10\/Pitztal_Logo_Claim_office_RZ-600x617.jpg 600w\" data-sizes=\"(max-width: 800px) 100vw, 800px\" src=\"data:image\/svg+xml;base64,PHN2ZyB3aWR0aD0iMSIgaGVpZ2h0PSIxIiB4bWxucz0iaHR0cDovL3d3dy53My5vcmcvMjAwMC9zdmciPjwvc3ZnPg==\" style=\"--smush-placeholder-width: 800px; --smush-placeholder-aspect-ratio: 800\/823;\" \/>\t\t\t\t\t\t\t\t\t\t\t\t\t\t\t<\/div>\n\t\t\t\t<\/div>\n\t\t\t\t\t<\/div>\n\t\t<\/div>\n\t\t\t\t<div class=\"elementor-column elementor-col-33 elementor-top-column elementor-element elementor-element-23d994f\" data-id=\"23d994f\" data-element_type=\"column\" data-e-type=\"column\">\n\t\t\t<div class=\"elementor-widget-wrap elementor-element-populated\">\n\t\t\t\t\t\t<div class=\"elementor-element elementor-element-300503a elementor-widget elementor-widget-heading\" data-id=\"300503a\" data-element_type=\"widget\" data-e-type=\"widget\" data-widget_type=\"heading.default\">\n\t\t\t\t<div class=\"elementor-widget-container\">\n\t\t\t\t\t<h2 class=\"elementor-heading-title elementor-size-default\">Region Pitztal<\/h2>\t\t\t\t<\/div>\n\t\t\t\t<\/div>\n\t\t\t\t<div class=\"elementor-element elementor-element-1a35c91 elementor-widget elementor-widget-text-editor\" data-id=\"1a35c91\" data-element_type=\"widget\" data-e-type=\"widget\" data-widget_type=\"text-editor.default\">\n\t\t\t\t<div class=\"elementor-widget-container\">\n\t\t\t\t\t\t\t\t\t<p><span style=\"color: #454545;\">Informationszentrale Tourismusverband Pitztal<\/span><br \/><span style=\"color: #454545;\">Unterdorf 18<\/span><br \/><span style=\"color: #454545;\">6473 Wenns im Pitztal, Tirol<\/span><br \/><span style=\"color: #454545;\">\u00d6sterreich<\/span><\/p><p><span style=\"color: #454545;\">Tel:<\/span> <span style=\"color: #99c3dd;\"><a class=\"underline js-datalayer\" style=\"color: #99c3dd;\" href=\"tel:+43 (0) 5414 869 99\" data-layer-category=\"footer\" data-layer-action=\"Telefon\"><span style=\"color: #6188af;\">+43 (0) 5414 869 99<\/span> <\/a><\/span><\/p><p><span style=\"color: #454545;\"> E-Mail:<\/span> <a class=\"mailto\" href=\"mailto:info@pitztal.com\"><span style=\"color: #99c3dd;\"><span style=\"color: #6188af;\">info@pitztal.com<\/span><\/span><\/a><\/p><p><span style=\"color: #454545;\">Webseite:<\/span> <a href=\"https:\/\/www.pitztal.com\/de#Featured\"><span style=\"color: #99c3dd;\"><span style=\"color: #6188af;\">www.pitztal.com<\/span><\/span><\/a><\/p>\t\t\t\t\t\t\t\t<\/div>\n\t\t\t\t<\/div>\n\t\t\t\t\t<\/div>\n\t\t<\/div>\n\t\t\t\t<div class=\"elementor-column elementor-col-33 elementor-top-column elementor-element elementor-element-e11f3ff\" data-id=\"e11f3ff\" data-element_type=\"column\" data-e-type=\"column\">\n\t\t\t<div class=\"elementor-widget-wrap elementor-element-populated\">\n\t\t\t\t\t\t<div class=\"elementor-element elementor-element-e1b1187 elementor-widget elementor-widget-google_maps\" data-id=\"e1b1187\" data-element_type=\"widget\" data-e-type=\"widget\" data-widget_type=\"google_maps.default\">\n\t\t\t\t<div class=\"elementor-widget-container\">\n\t\t\t\t\t\t\t<div class=\"elementor-custom-embed\">\n\t\t\t<iframe\n\t\t\t\t\tdata-src=\"https:\/\/maps.google.com\/maps?q=Tourismusverband%20Pitztal&#038;t=m&#038;z=10&#038;output=embed&#038;iwloc=near\"\n\t\t\t\t\ttitle=\"Tourismusverband Pitztal\"\n\t\t\t\t\taria-label=\"Tourismusverband Pitztal\"\n\t\t\t src=\"data:image\/svg+xml;base64,PHN2ZyB3aWR0aD0iMSIgaGVpZ2h0PSIxIiB4bWxucz0iaHR0cDovL3d3dy53My5vcmcvMjAwMC9zdmciPjwvc3ZnPg==\" class=\"lazyload\" data-load-mode=\"1\"><\/iframe>\n\t\t<\/div>\n\t\t\t\t\t\t<\/div>\n\t\t\t\t<\/div>\n\t\t\t\t\t<\/div>\n\t\t<\/div>\n\t\t\t\t\t<\/div>\n\t\t<\/section>\n\t\t\t\t<\/div>\n\t\t","protected":false},"excerpt":{"rendered":"<p>Die Urlaubs-Region Pitztal Urlaub auf dem Dach Tirols: Der Winter wohnt im Pitztal \u00a0 Alles wei\u00df. D\u00f6rfer, W\u00e4lder, Berge. Im Tiroler Pitztal, das sich zwischen \u00d6tztal und Kaunertal versteckt, wohnt der Winter. Hier auf dem Dach Tirols, das mit seinem Gletscher das h\u00f6chste Skigebiet \u00d6sterreichs (3440 m) bietet und wo sich die H\u00e4user bis in [&hellip;]<\/p>\n","protected":false},"author":2,"featured_media":0,"parent":0,"menu_order":0,"comment_status":"closed","ping_status":"closed","template":"","meta":{"_acf_changed":false,"_exactmetrics_skip_tracking":false,"_exactmetrics_sitenote_active":false,"_exactmetrics_sitenote_note":"","_exactmetrics_sitenote_category":0,"footnotes":""},"class_list":["post-34245","page","type-page","status-publish","hentry"],"acf":[],"_links":{"self":[{"href":"https:\/\/www.sporting-women.de\/womens-winter-camp\/wp-json\/wp\/v2\/pages\/34245","targetHints":{"allow":["GET"]}}],"collection":[{"href":"https:\/\/www.sporting-women.de\/womens-winter-camp\/wp-json\/wp\/v2\/pages"}],"about":[{"href":"https:\/\/www.sporting-women.de\/womens-winter-camp\/wp-json\/wp\/v2\/types\/page"}],"author":[{"embeddable":true,"href":"https:\/\/www.sporting-women.de\/womens-winter-camp\/wp-json\/wp\/v2\/users\/2"}],"replies":[{"embeddable":true,"href":"https:\/\/www.sporting-women.de\/womens-winter-camp\/wp-json\/wp\/v2\/comments?post=34245"}],"version-history":[{"count":0,"href":"https:\/\/www.sporting-women.de\/womens-winter-camp\/wp-json\/wp\/v2\/pages\/34245\/revisions"}],"wp:attachment":[{"href":"https:\/\/www.sporting-women.de\/womens-winter-camp\/wp-json\/wp\/v2\/media?parent=34245"}],"curies":[{"name":"wp","href":"https:\/\/api.w.org\/{rel}","templated":true}]}}